{"id":8638,"date":"2026-01-28T20:12:06","date_gmt":"2026-01-28T19:12:06","guid":{"rendered":"https:\/\/entroidosdelorienteourensano.gal\/"},"modified":"2026-01-28T20:12:10","modified_gmt":"2026-01-28T19:12:10","slug":"entroidos","status":"publish","type":"page","link":"https:\/\/entroidosdelorienteourensano.gal\/gl\/","title":{"rendered":"Entroidos do Oriente Ourensan"},"content":{"rendered":"<div data-elementor-type=\"wp-page\" data-elementor-id=\"8638\" class=\"elementor elementor-8638\">\n\t\t\t\t\t\t<section class=\"elementor-section elementor-top-section elementor-element elementor-element-08678e6 elementor-hidden-desktop elementor-hidden-tablet elementor-hidden-mobile elementor-section-boxed elementor-section-height-default elementor-section-height-default\" data-id=\"08678e6\" data-element_type=\"section\">\n\t\t\t\t\t\t<div class=\"elementor-container elementor-column-gap-default\">\n\t\t\t\t\t<div class=\"elementor-column elementor-col-100 elementor-top-column elementor-element elementor-element-c957a50\" data-id=\"c957a50\" data-element_type=\"column\">\n\t\t\t<div class=\"elementor-widget-wrap elementor-element-populated\">\n\t\t\t\t\t\t<div class=\"elementor-element elementor-element-9884034 wpda_alignment-center elementor-widget elementor-widget-wpda-builder-menu\" data-id=\"9884034\" data-element_type=\"widget\" data-widget_type=\"wpda-builder-menu.default\">\n\t\t\t\t<div class=\"elementor-widget-container\">\n\t\t\t\t\t\t\t<div class=\"wpda-mobile-navigation-toggle\">\r\n\t\t\t<div class=\"wpda-toggle-box\">\r\n\t\t\t\t<div class=\"wpda-toggle-inner\"><\/div>\r\n\t\t\t<\/div>\r\n\t\t<\/div>\r\n\t\t<div class=\"wpda-navbar-collapse\">\r\n\t\t\t<nav class=\"wpda-builder-menu\">\r\n\t\t\t\t<ul id=\"menu-principal\" class=\"wpda-menu\"><li id=\"menu-item-18096\" class=\"menu-item menu-item-type-custom menu-item-object-custom menu-item-18096\"><a href=\"https:\/\/entroidosdelorienteourensano.gal\/gl\/#inicio\">Inicio<\/a><\/li>\n<li id=\"menu-item-18100\" class=\"menu-item menu-item-type-custom menu-item-object-custom menu-item-18100\"><a href=\"https:\/\/entroidosdelorienteourensano.gal\/gl\/#entroido\">Entroido<\/a><\/li>\n<li id=\"menu-item-18101\" class=\"menu-item menu-item-type-custom menu-item-object-custom menu-item-18101\"><a href=\"https:\/\/entroidosdelorienteourensano.gal\/gl\/#origenes\">Or\u00edgenes e Historia<\/a><\/li>\n<li id=\"menu-item-18276\" class=\"menu-item menu-item-type-custom menu-item-object-custom menu-item-18276\"><a href=\"https:\/\/entroidosdelorienteourensano.gal\/gl\/#tradicion\">Tradici\u00f3n y Cultura<\/a><\/li>\n<li id=\"menu-item-18277\" class=\"menu-item menu-item-type-custom menu-item-object-custom menu-item-18277\"><a href=\"https:\/\/entroidosdelorienteourensano.gal\/gl\/#venaconocernos\">\u00a1Ven a conocerlo!<\/a><\/li>\n<li id=\"menu-item-18174\" class=\"menu-item menu-item-type-custom menu-item-object-custom menu-item-18174\"><a href=\"https:\/\/entroidosdelorienteourensano.gal\/gl\/#contactar\">Contacto<\/a><\/li>\n<\/ul>\t\t\t<\/nav>\r\n\t\t<\/div>\r\n\t\t\t\t\t\t<\/div>\n\t\t\t\t<\/div>\n\t\t\t\t<div class=\"elementor-element elementor-element-46c40de wpda_alignment-center elementor-widget elementor-widget-wpda-builder-menu\" data-id=\"46c40de\" data-element_type=\"widget\" data-widget_type=\"wpda-builder-menu.default\">\n\t\t\t\t<div class=\"elementor-widget-container\">\n\t\t\t\t\t<style>.elementor-element-46c40de{display:none !important}<\/style>\t\t\t\t<\/div>\n\t\t\t\t<\/div>\n\t\t\t\t\t<\/div>\n\t\t<\/div>\n\t\t\t\t\t<\/div>\n\t\t<\/section>\n\t\t\t\t<section class=\"elementor-section elementor-top-section elementor-element elementor-element-4f746b0 elementor-section-full_width gt3_relative_section elementor-section-height-default elementor-section-height-default\" data-id=\"4f746b0\" data-element_type=\"section\" id=\"inicio\" data-settings=\"{&quot;background_background&quot;:&quot;classic&quot;}\">\n\t\t\t\t\t\t<div class=\"elementor-container elementor-column-gap-default\">\n\t\t\t\t\t<div class=\"elementor-column elementor-col-100 elementor-top-column elementor-element elementor-element-624d6b3a\" data-id=\"624d6b3a\" data-element_type=\"column\">\n\t\t\t<div class=\"elementor-widget-wrap elementor-element-populated\">\n\t\t\t\t\t\t<div class=\"elementor-element elementor-element-244fbe96 gt3_absolute_block elementor-absolute elementor-widget elementor-widget-html\" data-id=\"244fbe96\" data-element_type=\"widget\" data-settings=\"{&quot;_position&quot;:&quot;absolute&quot;}\" data-widget_type=\"html.default\">\n\t\t\t\t<div class=\"elementor-widget-container\">\n\t\t\t\t\t<style type=\"text\/css\">\ncanvas#gt3_landing_canvas {\n\tbackground-color: transparent;\n\twidth: 100%;\n\theight: 100%;\n}\n<\/style>\n<canvas id=\"gt3_landing_canvas\">\n    Your Browser Don't Support Canvas, Please Download Chrome.\n<\/canvas>\n<script type=\"text\/javascript\">\n    (function(){\nvar canvas = document.getElementById('gt3_landing_canvas'),\n   can_w = parseInt(canvas.getAttribute('width')),\n   can_h = parseInt(canvas.getAttribute('height')),\n   ctx = canvas.getContext('2d');\n\nvar ball = {\n      x: 0,\n      y: 0,\n      vx: 0,\n      vy: 0,\n      r: 0,\n      alpha: 1,\n      phase: 0\n   },\n   ball_color = {\n       r: 209,\n       g: 214,\n       b: 218\n   },\n   R = 7,\n   balls = [],\n   alpha_f = 0.03,\n   alpha_phase = 0,\n    \n\/\/ Line\n   link_line_width = 0.8,\n   dis_limit = 260,\n   add_mouse_point = true,\n   mouse_in = false,\n   mouse_ball = {\n      x: 0,\n      y: 0,\n      vx: 0,\n      vy: 0,\n      r: 0,\n      type: 'mouse'\n   };\n\n\/\/ Random speed\nfunction getRandomSpeed(pos){\n    var  min = -1,\n       max = 1;\n    switch(pos){\n        case 'top':\n            return [randomNumFrom(min, max), randomNumFrom(0.1, max)];\n            break;\n        case 'right':\n            return [randomNumFrom(min, -0.1), randomNumFrom(min, max)];\n            break;\n        case 'bottom':\n            return [randomNumFrom(min, max), randomNumFrom(min, -0.1)];\n            break;\n        case 'left':\n            return [randomNumFrom(0.1, max), randomNumFrom(min, max)];\n            break;\n        default:\n            return;\n            break;\n    }\n}\nfunction randomArrayItem(arr){\n    return arr[Math.floor(Math.random() * arr.length)];\n}\nfunction randomNumFrom(min, max){\n    return Math.random()*(max - min) + min;\n}\n\/\/ Random Ball\nfunction getRandomBall(){\n    var pos = randomArrayItem(['top', 'right', 'bottom', 'left']);\n    switch(pos){\n        case 'top':\n            return {\n                x: randomSidePos(can_w),\n                y: -R,\n                vx: getRandomSpeed('top')[0],\n                vy: getRandomSpeed('top')[1],\n                r: R,\n                alpha: 1,\n                phase: randomNumFrom(0, 10)\n            }\n            break;\n        case 'right':\n            return {\n                x: can_w + R,\n                y: randomSidePos(can_h),\n                vx: getRandomSpeed('right')[0],\n                vy: getRandomSpeed('right')[1],\n                r: R,\n                alpha: 1,\n                phase: randomNumFrom(0, 10)\n            }\n            break;\n        case 'bottom':\n            return {\n                x: randomSidePos(can_w),\n                y: can_h + R,\n                vx: getRandomSpeed('bottom')[0],\n                vy: getRandomSpeed('bottom')[1],\n                r: R,\n                alpha: 1,\n                phase: randomNumFrom(0, 10)\n            }\n            break;\n        case 'left':\n            return {\n                x: -R,\n                y: randomSidePos(can_h),\n                vx: getRandomSpeed('left')[0],\n                vy: getRandomSpeed('left')[1],\n                r: R,\n                alpha: 1,\n                phase: randomNumFrom(0, 10)\n            }\n            break;\n    }\n}\nfunction randomSidePos(length){\n    return Math.ceil(Math.random() * length);\n}\n\n\/\/ Draw Ball\nfunction renderBalls(){\n    Array.prototype.forEach.call(balls, function(b){\n       if(!b.hasOwnProperty('type')){\n           ctx.fillStyle = 'rgba('+ball_color.r+','+ball_color.g+','+ball_color.b+','+b.alpha+')';\n           ctx.beginPath();\n           ctx.arc(b.x, b.y, R, 0, Math.PI*2, true);\n           ctx.closePath();\n           ctx.fill();\n       }\n    });\n}\n\n\/\/ Update balls\nfunction updateBalls(){\n    var new_balls = [];\n    Array.prototype.forEach.call(balls, function(b){\n        b.x += b.vx;\n        b.y += b.vy;\n        \n        if(b.x > -(50) && b.x < (can_w+50) && b.y > -(50) && b.y < (can_h+50)){\n           new_balls.push(b);\n        }\n        \n        \/\/ alpha change\n        b.phase += alpha_f;\n        b.alpha = Math.abs(Math.cos(b.phase));        \n    });\n    \n    balls = new_balls.slice(0);\n}\n\n\/\/ loop alpha\nfunction loopAlphaInf(){\n    \n}\n\n\/\/ Draw lines\nfunction renderLines(){\n    var fraction, alpha;\n    for (var i = 0; i < balls.length; i++) {\n        for (var j = i + 1; j < balls.length; j++) {\n           \n           fraction = getDisOf(balls[i], balls[j]) \/ dis_limit;\n            \n           if(fraction < 1){\n               alpha = (1 - fraction).toString();\n\n               ctx.strokeStyle = 'rgba(208,213,216,'+alpha+')';\n               ctx.lineWidth = link_line_width;\n               \n               ctx.beginPath();\n               ctx.moveTo(balls[i].x, balls[i].y);\n               ctx.lineTo(balls[j].x, balls[j].y);\n               ctx.stroke();\n               ctx.closePath();\n           }\n        }\n    }\n}\n\n\/\/ calculate distance between two points\nfunction getDisOf(b1, b2){\n    var  delta_x = Math.abs(b1.x - b2.x),\n       delta_y = Math.abs(b1.y - b2.y);\n    \n    return Math.sqrt(delta_x*delta_x + delta_y*delta_y);\n}\n\n\/\/ add balls if there a little balls\nfunction addBallIfy(){\n    if(balls.length < 20){\n        balls.push(getRandomBall());\n    }\n}\n\n\/\/ Render\nfunction render(){\n    ctx.clearRect(0, 0, can_w, can_h);\n    \n    renderBalls();\n    \n    renderLines();\n    \n    updateBalls();\n    \n    addBallIfy();\n    \n    window.requestAnimationFrame(render);\n}\n\n\/\/ Init Balls\nfunction initBalls(num){\n    for(var i = 1; i <= num; i++){\n        balls.push({\n            x: randomSidePos(can_w),\n            y: randomSidePos(can_h),\n            vx: getRandomSpeed('top')[0],\n            vy: getRandomSpeed('top')[1],\n            r: R,\n            alpha: 1,\n            phase: randomNumFrom(0, 10)\n        });\n    }\n}\n\/\/ Init Canvas\nfunction initCanvas(){\n    canvas.setAttribute('width', window.innerWidth);\n    canvas.setAttribute('height', window.innerHeight);\n    \n    can_w = parseInt(canvas.getAttribute('width'));\n    can_h = parseInt(canvas.getAttribute('height'));\n}\nwindow.addEventListener('resize', function(e){\n    initCanvas();\n});\n\nfunction goMovie(){\n    initCanvas();\n    initBalls(30);\n    window.requestAnimationFrame(render);\n}\ngoMovie();\n\n\/\/ Mouse effect\ncanvas.addEventListener('mouseenter', function(){\n    mouse_in = true;\n    balls.push(mouse_ball);\n});\ncanvas.addEventListener('mouseleave', function(){\n    mouse_in = false;\n    var new_balls = [];\n    Array.prototype.forEach.call(balls, function(b){\n        if(!b.hasOwnProperty('type')){\n            new_balls.push(b);\n        }\n    });\n    balls = new_balls.slice(0);\n});\ncanvas.addEventListener('mousemove', function(e){\n    var e = e || window.event;\n    mouse_ball.x = e.pageX;\n    mouse_ball.y = e.pageY;\n});\n})();\n<\/script>\t\t\t\t<\/div>\n\t\t\t\t<\/div>\n\t\t\t\t<div class=\"elementor-element elementor-element-67ca511f elementor-widget elementor-widget-spacer\" data-id=\"67ca511f\" data-element_type=\"widget\" data-widget_type=\"spacer.default\">\n\t\t\t\t<div class=\"elementor-widget-container\">\n\t\t\t\t\t\t\t<div class=\"elementor-spacer\">\n\t\t\t<div class=\"elementor-spacer-inner\"><\/div>\n\t\t<\/div>\n\t\t\t\t\t\t<\/div>\n\t\t\t\t<\/div>\n\t\t\t\t<div class=\"elementor-element elementor-element-360c43a9 elementor-widget elementor-widget-heading\" data-id=\"360c43a9\" data-element_type=\"widget\" data-widget_type=\"heading.default\">\n\t\t\t\t<div class=\"elementor-widget-container\">\n\t\t\t\t\t<h1 class=\"elementor-heading-title elementor-size-default\">Entroidos<br>\ndo Oriente<br>\nOurensano<\/h1>\t\t\t\t<\/div>\n\t\t\t\t<\/div>\n\t\t\t\t<section class=\"elementor-section elementor-inner-section elementor-element elementor-element-1d123d88 elementor-section-boxed elementor-section-height-default elementor-section-height-default\" data-id=\"1d123d88\" data-element_type=\"section\">\n\t\t\t\t\t\t<div class=\"elementor-container elementor-column-gap-default\">\n\t\t\t\t\t<div class=\"elementor-column elementor-col-100 elementor-inner-column elementor-element elementor-element-192b5f60\" data-id=\"192b5f60\" data-element_type=\"column\">\n\t\t\t<div class=\"elementor-widget-wrap elementor-element-populated\">\n\t\t\t\t\t\t<div class=\"elementor-element elementor-element-683de605 elementor-widget elementor-widget-heading\" data-id=\"683de605\" data-element_type=\"widget\" data-widget_type=\"heading.default\">\n\t\t\t\t<div class=\"elementor-widget-container\">\n\t\t\t\t\t<h2 class=\"elementor-heading-title elementor-size-default\">Entroidos<\/h2>\t\t\t\t<\/div>\n\t\t\t\t<\/div>\n\t\t\t\t<div class=\"elementor-element elementor-element-59e0e744 elementor-widget__width-auto elementor-widget elementor-widget-heading\" data-id=\"59e0e744\" data-element_type=\"widget\" data-widget_type=\"heading.default\">\n\t\t\t\t<div class=\"elementor-widget-container\">\n\t\t\t\t\t<h2 class=\"elementor-heading-title elementor-size-default\">do Oriente<\/h2>\t\t\t\t<\/div>\n\t\t\t\t<\/div>\n\t\t\t\t<div class=\"elementor-element elementor-element-7bae8f4a gt3_theme_textgradient-yes elementor-widget__width-auto elementor-widget elementor-widget-heading\" data-id=\"7bae8f4a\" data-element_type=\"widget\" data-widget_type=\"heading.default\">\n\t\t\t\t<div class=\"elementor-widget-container\">\n\t\t\t\t\t<h2 class=\"elementor-heading-title elementor-size-default\">Ourens\u00e1n<\/h2>\t\t\t\t<\/div>\n\t\t\t\t<\/div>\n\t\t\t\t<div class=\"elementor-element elementor-element-68e26758 gt3_moved_element elementor-absolute elementor-hidden-mobile elementor-widget elementor-widget-image\" data-id=\"68e26758\" data-element_type=\"widget\" data-settings=\"{&quot;_position&quot;:&quot;absolute&quot;}\" data-widget_type=\"image.default\">\n\t\t\t\t<div class=\"elementor-widget-container\">\n\t\t\t\t\t\t\t\t\t\t\t\t\t\t\t<img decoding=\"async\" width=\"100\" height=\"344\" src=\"https:\/\/entroidosdelorienteourensano.gal\/wp-content\/uploads\/2024\/12\/Entroido-1.png\" class=\"attachment-full size-full wp-image-17516\" alt=\"\" srcset=\"https:\/\/entroidosdelorienteourensano.gal\/wp-content\/uploads\/2024\/12\/Entroido-1.png 100w, https:\/\/entroidosdelorienteourensano.gal\/wp-content\/uploads\/2024\/12\/Entroido-1-87x300.png 87w\" sizes=\"(max-width: 100px) 100vw, 100px\" title=\"Entroidos\" \/>\t\t\t\t\t\t\t\t\t\t\t\t\t\t\t<\/div>\n\t\t\t\t<\/div>\n\t\t\t\t<div class=\"elementor-element elementor-element-2048ae53 gt3_moved_element3 elementor-absolute elementor-hidden-mobile elementor-widget elementor-widget-image\" data-id=\"2048ae53\" data-element_type=\"widget\" data-settings=\"{&quot;_position&quot;:&quot;absolute&quot;}\" data-widget_type=\"image.default\">\n\t\t\t\t<div class=\"elementor-widget-container\">\n\t\t\t\t\t\t\t\t\t\t\t\t\t\t\t<img fetchpriority=\"high\" decoding=\"async\" width=\"171\" height=\"384\" src=\"https:\/\/entroidosdelorienteourensano.gal\/wp-content\/uploads\/2024\/12\/Boteiro-Viana-3-min.png\" class=\"attachment-full size-full wp-image-17648\" alt=\"\" srcset=\"https:\/\/entroidosdelorienteourensano.gal\/wp-content\/uploads\/2024\/12\/Boteiro-Viana-3-min.png 171w, https:\/\/entroidosdelorienteourensano.gal\/wp-content\/uploads\/2024\/12\/Boteiro-Viana-3-min-134x300.png 134w\" sizes=\"(max-width: 171px) 100vw, 171px\" title=\"Boteiro Viana do Bolo\" \/>\t\t\t\t\t\t\t\t\t\t\t\t\t\t\t<\/div>\n\t\t\t\t<\/div>\n\t\t\t\t<div class=\"elementor-element elementor-element-caaf8e8 elementor-widget elementor-widget-gt3-core-text-reveal-animation\" data-id=\"caaf8e8\" data-element_type=\"widget\" data-widget_type=\"gt3-core-text-reveal-animation.default\">\n\t\t\t\t<div class=\"elementor-widget-container\">\n\t\t\t\t\t\t<h2 class=\"gt3-text-reveal-wrapper\">Vivir o Entroido do Oriente Ourens\u00e1n \u00e9 unha experiencia \u00fanica.<\/h2>\r\n\t\t\t\t<\/div>\n\t\t\t\t<\/div>\n\t\t\t\t<div class=\"elementor-element elementor-element-8ac95d3 elementor-widget elementor-widget-gt3-core-text-reveal-animation\" data-id=\"8ac95d3\" data-element_type=\"widget\" data-widget_type=\"gt3-core-text-reveal-animation.default\">\n\t\t\t\t<div class=\"elementor-widget-container\">\n\t\t\t\t\t\t<h2 class=\"gt3-text-reveal-wrapper\">En Viana do Bolo, Manzaneda e Vilari\u00f1o de Conso descubrir\u00e1s o aut\u00e9ntico esp\u00edrito do Entroido.<\/h2>\r\n\t\t\t\t<\/div>\n\t\t\t\t<\/div>\n\t\t\t\t<div class=\"elementor-element elementor-element-5755a37b gt3_moved_element elementor-absolute elementor-hidden-mobile elementor-widget elementor-widget-image\" data-id=\"5755a37b\" data-element_type=\"widget\" data-settings=\"{&quot;_position&quot;:&quot;absolute&quot;}\" data-widget_type=\"image.default\">\n\t\t\t\t<div class=\"elementor-widget-container\">\n\t\t\t\t\t\t\t\t\t\t\t\t\t\t\t<img decoding=\"async\" width=\"140\" height=\"420\" src=\"https:\/\/entroidosdelorienteourensano.gal\/wp-content\/uploads\/2024\/12\/Mazcara-Manzaneda-2-min.png\" class=\"attachment-full size-full wp-image-17656\" alt=\"\" srcset=\"https:\/\/entroidosdelorienteourensano.gal\/wp-content\/uploads\/2024\/12\/Mazcara-Manzaneda-2-min.png 140w, https:\/\/entroidosdelorienteourensano.gal\/wp-content\/uploads\/2024\/12\/Mazcara-Manzaneda-2-min-100x300.png 100w\" sizes=\"(max-width: 140px) 100vw, 140px\" title=\"M\u00e1zcara Manzaneda\" \/>\t\t\t\t\t\t\t\t\t\t\t\t\t\t\t<\/div>\n\t\t\t\t<\/div>\n\t\t\t\t<div class=\"elementor-element elementor-element-4ea5cdf9 gt3_moved_element2 elementor-absolute elementor-widget elementor-widget-image\" data-id=\"4ea5cdf9\" data-element_type=\"widget\" data-settings=\"{&quot;_position&quot;:&quot;absolute&quot;}\" data-widget_type=\"image.default\">\n\t\t\t\t<div class=\"elementor-widget-container\">\n\t\t\t\t\t\t\t\t\t\t\t\t\t\t\t<img loading=\"lazy\" decoding=\"async\" width=\"125\" height=\"300\" src=\"https:\/\/entroidosdelorienteourensano.gal\/wp-content\/uploads\/2024\/12\/Boteiro-Viana-1-min-125x300.png\" class=\"attachment-medium size-medium wp-image-17646\" alt=\"\" srcset=\"https:\/\/entroidosdelorienteourensano.gal\/wp-content\/uploads\/2024\/12\/Boteiro-Viana-1-min-125x300.png 125w, https:\/\/entroidosdelorienteourensano.gal\/wp-content\/uploads\/2024\/12\/Boteiro-Viana-1-min.png 148w\" sizes=\"(max-width: 125px) 100vw, 125px\" title=\"Boteiro Viana do Bolo\" \/>\t\t\t\t\t\t\t\t\t\t\t\t\t\t\t<\/div>\n\t\t\t\t<\/div>\n\t\t\t\t<div class=\"elementor-element elementor-element-277f066f gt3_moved_element3 elementor-absolute elementor-widget elementor-widget-image\" data-id=\"277f066f\" data-element_type=\"widget\" data-settings=\"{&quot;_position&quot;:&quot;absolute&quot;}\" data-widget_type=\"image.default\">\n\t\t\t\t<div class=\"elementor-widget-container\">\n\t\t\t\t\t\t\t\t\t\t\t\t\t\t\t<img decoding=\"async\" width=\"100\" height=\"344\" src=\"https:\/\/entroidosdelorienteourensano.gal\/wp-content\/uploads\/2024\/12\/Entroido-1.png\" class=\"attachment-full size-full wp-image-17516\" alt=\"\" srcset=\"https:\/\/entroidosdelorienteourensano.gal\/wp-content\/uploads\/2024\/12\/Entroido-1.png 100w, https:\/\/entroidosdelorienteourensano.gal\/wp-content\/uploads\/2024\/12\/Entroido-1-87x300.png 87w\" sizes=\"(max-width: 100px) 100vw, 100px\" title=\"Entroidos\" \/>\t\t\t\t\t\t\t\t\t\t\t\t\t\t\t<\/div>\n\t\t\t\t<\/div>\n\t\t\t\t<div class=\"elementor-element elementor-element-635a6808 gt3_moved_element elementor-absolute elementor-hidden-mobile elementor-widget elementor-widget-image\" data-id=\"635a6808\" data-element_type=\"widget\" data-settings=\"{&quot;_position&quot;:&quot;absolute&quot;}\" data-widget_type=\"image.default\">\n\t\t\t\t<div class=\"elementor-widget-container\">\n\t\t\t\t\t\t\t\t\t\t\t\t\t\t\t<img loading=\"lazy\" decoding=\"async\" width=\"186\" height=\"360\" src=\"https:\/\/entroidosdelorienteourensano.gal\/wp-content\/uploads\/2024\/12\/Mazcara-Manzaneda-1-min.png\" class=\"attachment-full size-full wp-image-17657\" alt=\"\" srcset=\"https:\/\/entroidosdelorienteourensano.gal\/wp-content\/uploads\/2024\/12\/Mazcara-Manzaneda-1-min.png 186w, https:\/\/entroidosdelorienteourensano.gal\/wp-content\/uploads\/2024\/12\/Mazcara-Manzaneda-1-min-155x300.png 155w\" sizes=\"(max-width: 186px) 100vw, 186px\" title=\"M\u00e1zcara Manzaneda\" \/>\t\t\t\t\t\t\t\t\t\t\t\t\t\t\t<\/div>\n\t\t\t\t<\/div>\n\t\t\t\t<div class=\"elementor-element elementor-element-50540f5b gt3_moved_element2 elementor-absolute elementor-hidden-mobile elementor-widget elementor-widget-image\" data-id=\"50540f5b\" data-element_type=\"widget\" data-settings=\"{&quot;_position&quot;:&quot;absolute&quot;}\" data-widget_type=\"image.default\">\n\t\t\t\t<div class=\"elementor-widget-container\">\n\t\t\t\t\t\t\t\t\t\t\t\t\t\t\t<img loading=\"lazy\" decoding=\"async\" width=\"149\" height=\"344\" src=\"https:\/\/entroidosdelorienteourensano.gal\/wp-content\/uploads\/2024\/12\/Boteiro-Viana-2-min.png\" class=\"attachment-full size-full wp-image-17647\" alt=\"\" srcset=\"https:\/\/entroidosdelorienteourensano.gal\/wp-content\/uploads\/2024\/12\/Boteiro-Viana-2-min.png 149w, https:\/\/entroidosdelorienteourensano.gal\/wp-content\/uploads\/2024\/12\/Boteiro-Viana-2-min-130x300.png 130w\" sizes=\"(max-width: 149px) 100vw, 149px\" title=\"Boteiro Viana do Bolo\" \/>\t\t\t\t\t\t\t\t\t\t\t\t\t\t\t<\/div>\n\t\t\t\t<\/div>\n\t\t\t\t\t<\/div>\n\t\t<\/div>\n\t\t\t\t\t<\/div>\n\t\t<\/section>\n\t\t\t\t<section class=\"elementor-section elementor-inner-section elementor-element elementor-element-2be9c8a elementor-section-boxed elementor-section-height-default elementor-section-height-default\" data-id=\"2be9c8a\" data-element_type=\"section\">\n\t\t\t\t\t\t<div class=\"elementor-container elementor-column-gap-default\">\n\t\t\t\t\t<div class=\"elementor-column elementor-col-100 elementor-inner-column elementor-element elementor-element-db90599\" data-id=\"db90599\" data-element_type=\"column\">\n\t\t\t<div class=\"elementor-widget-wrap elementor-element-populated\">\n\t\t\t\t\t\t<div class=\"elementor-element elementor-element-19e8a76 elementor-widget elementor-widget-image\" data-id=\"19e8a76\" data-element_type=\"widget\" data-widget_type=\"image.default\">\n\t\t\t\t<div class=\"elementor-widget-container\">\n\t\t\t\t\t\t\t\t\t\t\t\t\t\t\t<img loading=\"lazy\" decoding=\"async\" width=\"400\" height=\"128\" src=\"https:\/\/entroidosdelorienteourensano.gal\/wp-content\/uploads\/2024\/12\/Galicia.png\" class=\"attachment-large size-large wp-image-17633\" alt=\"\" srcset=\"https:\/\/entroidosdelorienteourensano.gal\/wp-content\/uploads\/2024\/12\/Galicia.png 400w, https:\/\/entroidosdelorienteourensano.gal\/wp-content\/uploads\/2024\/12\/Galicia-300x96.png 300w\" sizes=\"(max-width: 400px) 100vw, 400px\" title=\"Galicia\" \/>\t\t\t\t\t\t\t\t\t\t\t\t\t\t\t<\/div>\n\t\t\t\t<\/div>\n\t\t\t\t\t<\/div>\n\t\t<\/div>\n\t\t\t\t\t<\/div>\n\t\t<\/section>\n\t\t\t\t<section class=\"elementor-section elementor-inner-section elementor-element elementor-element-7ba3c831 elementor-section-boxed elementor-section-height-default elementor-section-height-default\" data-id=\"7ba3c831\" data-element_type=\"section\">\n\t\t\t\t\t\t<div class=\"elementor-container elementor-column-gap-default\">\n\t\t\t\t\t<div class=\"elementor-column elementor-col-100 elementor-inner-column elementor-element elementor-element-33420c0b\" data-id=\"33420c0b\" data-element_type=\"column\">\n\t\t\t<div class=\"elementor-widget-wrap elementor-element-populated\">\n\t\t\t\t\t\t<div class=\"elementor-element elementor-element-77ebde48 elementor-widget__width-auto elementor-widget-mobile__width-inherit elementor-position-top elementor-vertical-align-top elementor-widget elementor-widget-gt3-core-imagebox\" data-id=\"77ebde48\" data-element_type=\"widget\" data-widget_type=\"gt3-core-imagebox.default\">\n\t\t\t\t<div class=\"elementor-widget-container\">\n\t\t\t\t\t<div class=\"gt3-core-imagebox-wrapper elementor-image_icon-position-default\"><figure class=\"gt3-core-imagebox-img\"><a href=\"https:\/\/entroidodemanzaneda.gal\/gl\/\" target=\"_blank\"><img loading=\"lazy\" decoding=\"async\" width=\"113\" height=\"200\" src=\"https:\/\/entroidosdelorienteourensano.gal\/wp-content\/uploads\/2024\/12\/Escudo_Manzaneda.png\" class=\"attachment-full size-full wp-image-17538\" alt=\"\" title=\"Escudo Manzaneda\" \/><\/a><\/figure><div class=\"gt3-core-imagebox-content\"><p class=\"gt3-core-imagebox-description\">Manzaneda<\/p><\/div><\/div><a href=\"https:\/\/entroidodemanzaneda.gal\/gl\/\" target=\"_blank\"><\/a>\t\t\t\t<\/div>\n\t\t\t\t<\/div>\n\t\t\t\t<div class=\"elementor-element elementor-element-60e86da2 elementor-widget__width-auto elementor-widget-mobile__width-inherit elementor-position-top elementor-vertical-align-top elementor-widget elementor-widget-gt3-core-imagebox\" data-id=\"60e86da2\" data-element_type=\"widget\" data-widget_type=\"gt3-core-imagebox.default\">\n\t\t\t\t<div class=\"elementor-widget-container\">\n\t\t\t\t\t<div class=\"gt3-core-imagebox-wrapper elementor-image_icon-position-default\"><figure class=\"gt3-core-imagebox-img\"><a href=\"https:\/\/entroidodevianadobolo.gal\/gl\" target=\"_blank\"><img loading=\"lazy\" decoding=\"async\" width=\"70\" height=\"121\" src=\"https:\/\/entroidosdelorienteourensano.gal\/wp-content\/uploads\/2024\/12\/Escudo_Viana_do_Bolo.png\" class=\"attachment-full size-full wp-image-17676\" alt=\"\" title=\"Escudo Viana do Bolo\" \/><\/a><\/figure><div class=\"gt3-core-imagebox-content\"><p class=\"gt3-core-imagebox-description\">Viana do Bolo<\/p><\/div><\/div><a href=\"https:\/\/entroidodevianadobolo.gal\/gl\" target=\"_blank\"><\/a>\t\t\t\t<\/div>\n\t\t\t\t<\/div>\n\t\t\t\t<div class=\"elementor-element elementor-element-4db4fd4 elementor-widget__width-auto elementor-widget-mobile__width-inherit elementor-position-top elementor-vertical-align-top elementor-widget elementor-widget-gt3-core-imagebox\" data-id=\"4db4fd4\" data-element_type=\"widget\" data-widget_type=\"gt3-core-imagebox.default\">\n\t\t\t\t<div class=\"elementor-widget-container\">\n\t\t\t\t\t<div class=\"gt3-core-imagebox-wrapper elementor-image_icon-position-default\"><figure class=\"gt3-core-imagebox-img\"><a href=\"https:\/\/xn--entroidodevilariodeconso-glc.gal\/gl\/\" target=\"_blank\"><img loading=\"lazy\" decoding=\"async\" width=\"77\" height=\"137\" src=\"https:\/\/entroidosdelorienteourensano.gal\/wp-content\/uploads\/2024\/12\/Escudo_Vilarino.png\" class=\"attachment-full size-full wp-image-17537\" alt=\"\" title=\"Escudo Vilarino\" \/><\/a><\/figure><div class=\"gt3-core-imagebox-content\"><p class=\"gt3-core-imagebox-description\">Vilari\u00f1o de Conso<\/p><\/div><\/div><a href=\"https:\/\/xn--entroidodevilariodeconso-glc.gal\/gl\/\" target=\"_blank\"><\/a>\t\t\t\t<\/div>\n\t\t\t\t<\/div>\n\t\t\t\t\t<\/div>\n\t\t<\/div>\n\t\t\t\t\t<\/div>\n\t\t<\/section>\n\t\t\t\t<div class=\"elementor-element elementor-element-31491347 elementor-widget elementor-widget-spacer\" data-id=\"31491347\" data-element_type=\"widget\" data-widget_type=\"spacer.default\">\n\t\t\t\t<div class=\"elementor-widget-container\">\n\t\t\t\t\t\t\t<div class=\"elementor-spacer\">\n\t\t\t<div class=\"elementor-spacer-inner\"><\/div>\n\t\t<\/div>\n\t\t\t\t\t\t<\/div>\n\t\t\t\t<\/div>\n\t\t\t\t\t<\/div>\n\t\t<\/div>\n\t\t\t\t\t<\/div>\n\t\t<\/section>\n\t\t\t\t<section class=\"elementor-section elementor-top-section elementor-element elementor-element-b36ba6b elementor-section-boxed elementor-section-height-default elementor-section-height-default\" data-id=\"b36ba6b\" data-element_type=\"section\" id=\"entroido\" data-settings=\"{&quot;background_background&quot;:&quot;classic&quot;}\">\n\t\t\t\t\t\t<div class=\"elementor-container elementor-column-gap-default\">\n\t\t\t\t\t<div class=\"elementor-column elementor-col-100 elementor-top-column elementor-element elementor-element-bacbcaf\" data-id=\"bacbcaf\" data-element_type=\"column\">\n\t\t\t<div class=\"elementor-widget-wrap elementor-element-populated\">\n\t\t\t\t\t\t<div class=\"elementor-element elementor-element-61002b7 elementor-invisible elementor-widget elementor-widget-heading\" data-id=\"61002b7\" data-element_type=\"widget\" data-settings=\"{&quot;_animation&quot;:&quot;fadeIn&quot;}\" data-widget_type=\"heading.default\">\n\t\t\t\t<div class=\"elementor-widget-container\">\n\t\t\t\t\t<h2 class=\"elementor-heading-title elementor-size-default\">Una de las fiestas que m\u00e1s identifican a Galicia<\/h2>\t\t\t\t<\/div>\n\t\t\t\t<\/div>\n\t\t\t\t<div class=\"elementor-element-custom_font_size elementor-element-custom_color elementor-element elementor-element-1e8a69a elementor-invisible elementor-widget elementor-widget-text-editor\" data-id=\"1e8a69a\" data-element_type=\"widget\" data-settings=\"{&quot;_animation&quot;:&quot;fadeInUp&quot;}\" data-widget_type=\"text-editor.default\">\n\t\t\t\t<div class=\"elementor-widget-container\">\n\t\t\t\t\t\t\t\t\t<p>Unha das festas que m\u00e1is identifican a Galicia \u00e9, sen d\u00fabida, o Entroido. Non se trata dunha simple festa. En realidade, \u00e9 un universo cultural e ritual no que se mesturan elementos como a historia e a antropolox\u00eda, artesan\u00eda, m\u00fasica, teatro, gastronom\u00eda, etc., e que atesoura a memoria revivida, xeraci\u00f3n tras xeraci\u00f3n, pola xente do entorno rural.<\/p><p>Su importancia hace que sea una cita de larga duraci\u00f3n; en la comunidad gallega se prolonga hasta un mes, situ\u00e1ndola como una de las fiestas m\u00e1s populares de toda Espa\u00f1a.<\/p><p>Desde pr\u00e1cticamente el fin de las celebraciones navide\u00f1as, comienza, en toda la geograf\u00eda gallega, los preparativos de la cita carnavalera. Esto se vive especialmente en la provincia de Ourense, en tres de los Entroidos m\u00e1s especiales por su tradici\u00f3n ancestral: el de Manzaneda, Viana do Bolo y Vilari\u00f1o de Conso. Los tres, forman parte del grupo de nueve entroidos reconocidos como Fiesta de Inter\u00e9s Tur\u00edstico.<\/p>\t\t\t\t\t\t\t\t<\/div>\n\t\t\t\t<\/div>\n\t\t\t\t<section class=\"elementor-section elementor-inner-section elementor-element elementor-element-ab4e770 elementor-section-boxed elementor-section-height-default elementor-section-height-default\" data-id=\"ab4e770\" data-element_type=\"section\">\n\t\t\t\t\t\t<div class=\"elementor-container elementor-column-gap-default\">\n\t\t\t\t\t<div class=\"elementor-column elementor-col-100 elementor-inner-column elementor-element elementor-element-5b2765c\" data-id=\"5b2765c\" data-element_type=\"column\">\n\t\t\t<div class=\"elementor-widget-wrap elementor-element-populated\">\n\t\t\t\t\t\t<div class=\"elementor-element elementor-element-f7c2f66 elementor-widget elementor-widget-image\" data-id=\"f7c2f66\" data-element_type=\"widget\" data-widget_type=\"image.default\">\n\t\t\t\t<div class=\"elementor-widget-container\">\n\t\t\t\t\t\t\t\t\t\t\t\t\t\t\t<img loading=\"lazy\" decoding=\"async\" width=\"832\" height=\"550\" src=\"https:\/\/entroidosdelorienteourensano.gal\/wp-content\/uploads\/2024\/12\/Folion-de-Mormentelos.jpg\" class=\"attachment-full size-full wp-image-17529\" alt=\"\" srcset=\"https:\/\/entroidosdelorienteourensano.gal\/wp-content\/uploads\/2024\/12\/Folion-de-Mormentelos.jpg 832w, https:\/\/entroidosdelorienteourensano.gal\/wp-content\/uploads\/2024\/12\/Folion-de-Mormentelos-300x198.jpg 300w, https:\/\/entroidosdelorienteourensano.gal\/wp-content\/uploads\/2024\/12\/Folion-de-Mormentelos-768x508.jpg 768w, https:\/\/entroidosdelorienteourensano.gal\/wp-content\/uploads\/2024\/12\/Folion-de-Mormentelos-480x317.jpg 480w\" sizes=\"(max-width: 832px) 100vw, 832px\" title=\"Foli\u00f3n de Mormentelos\" \/>\t\t\t\t\t\t\t\t\t\t\t\t\t\t\t<\/div>\n\t\t\t\t<\/div>\n\t\t\t\t<div class=\"elementor-element elementor-element-d0b0de5 elementor-hidden-tablet elementor-hidden-mobile elementor-widget elementor-widget-image\" data-id=\"d0b0de5\" data-element_type=\"widget\" data-widget_type=\"image.default\">\n\t\t\t\t<div class=\"elementor-widget-container\">\n\t\t\t\t\t\t\t\t\t\t\t\t\t\t\t<img loading=\"lazy\" decoding=\"async\" width=\"1060\" height=\"588\" src=\"https:\/\/entroidosdelorienteourensano.gal\/wp-content\/uploads\/2021\/06\/smart_import_shadow1.png\" class=\"attachment-full size-full wp-image-9292\" alt=\"\" srcset=\"https:\/\/entroidosdelorienteourensano.gal\/wp-content\/uploads\/2021\/06\/smart_import_shadow1.png 1060w, https:\/\/entroidosdelorienteourensano.gal\/wp-content\/uploads\/2021\/06\/smart_import_shadow1-300x166.png 300w, https:\/\/entroidosdelorienteourensano.gal\/wp-content\/uploads\/2021\/06\/smart_import_shadow1-1024x568.png 1024w, https:\/\/entroidosdelorienteourensano.gal\/wp-content\/uploads\/2021\/06\/smart_import_shadow1-768x426.png 768w, https:\/\/entroidosdelorienteourensano.gal\/wp-content\/uploads\/2021\/06\/smart_import_shadow1-480x266.png 480w, https:\/\/entroidosdelorienteourensano.gal\/wp-content\/uploads\/2021\/06\/smart_import_shadow1-800x444.png 800w\" sizes=\"(max-width: 1060px) 100vw, 1060px\" title=\"\" \/>\t\t\t\t\t\t\t\t\t\t\t\t\t\t\t<\/div>\n\t\t\t\t<\/div>\n\t\t\t\t<div class=\"elementor-element elementor-element-9a6537b elementor-absolute elementor-hidden-tablet elementor-hidden-mobile elementor-invisible elementor-widget elementor-widget-image\" data-id=\"9a6537b\" data-element_type=\"widget\" data-settings=\"{&quot;_animation&quot;:&quot;fadeInUp&quot;,&quot;_position&quot;:&quot;absolute&quot;}\" data-widget_type=\"image.default\">\n\t\t\t\t<div class=\"elementor-widget-container\">\n\t\t\t\t\t\t\t\t\t\t\t\t\t\t\t<img loading=\"lazy\" decoding=\"async\" width=\"713\" height=\"826\" src=\"https:\/\/entroidosdelorienteourensano.gal\/wp-content\/uploads\/2021\/06\/smart_import_shadow2.png\" class=\"attachment-full size-full wp-image-9297\" alt=\"\" srcset=\"https:\/\/entroidosdelorienteourensano.gal\/wp-content\/uploads\/2021\/06\/smart_import_shadow2.png 713w, https:\/\/entroidosdelorienteourensano.gal\/wp-content\/uploads\/2021\/06\/smart_import_shadow2-259x300.png 259w, https:\/\/entroidosdelorienteourensano.gal\/wp-content\/uploads\/2021\/06\/smart_import_shadow2-480x556.png 480w\" sizes=\"(max-width: 713px) 100vw, 713px\" title=\"\" \/>\t\t\t\t\t\t\t\t\t\t\t\t\t\t\t<\/div>\n\t\t\t\t<\/div>\n\t\t\t\t<div class=\"elementor-element elementor-element-8e8ec53 elementor-absolute elementor-hidden-tablet elementor-hidden-mobile elementor-invisible elementor-widget elementor-widget-image\" data-id=\"8e8ec53\" data-element_type=\"widget\" data-settings=\"{&quot;_animation&quot;:&quot;fadeInUp&quot;,&quot;_position&quot;:&quot;absolute&quot;}\" data-widget_type=\"image.default\">\n\t\t\t\t<div class=\"elementor-widget-container\">\n\t\t\t\t\t\t\t\t\t\t\t\t\t\t\t<img loading=\"lazy\" decoding=\"async\" width=\"344\" height=\"466\" src=\"https:\/\/entroidosdelorienteourensano.gal\/wp-content\/uploads\/2024\/12\/Boteiro-de-Vilarino.jpg\" class=\"attachment-full size-full wp-image-17530\" alt=\"\" srcset=\"https:\/\/entroidosdelorienteourensano.gal\/wp-content\/uploads\/2024\/12\/Boteiro-de-Vilarino.jpg 344w, https:\/\/entroidosdelorienteourensano.gal\/wp-content\/uploads\/2024\/12\/Boteiro-de-Vilarino-221x300.jpg 221w\" sizes=\"(max-width: 344px) 100vw, 344px\" title=\"Boteiro de Vilarino\" \/>\t\t\t\t\t\t\t\t\t\t\t\t\t\t\t<\/div>\n\t\t\t\t<\/div>\n\t\t\t\t<div class=\"elementor-element elementor-element-9674ef3 elementor-absolute elementor-hidden-tablet elementor-hidden-mobile elementor-invisible elementor-widget elementor-widget-image\" data-id=\"9674ef3\" data-element_type=\"widget\" data-settings=\"{&quot;_animation&quot;:&quot;fadeInUp&quot;,&quot;_position&quot;:&quot;absolute&quot;}\" data-widget_type=\"image.default\">\n\t\t\t\t<div class=\"elementor-widget-container\">\n\t\t\t\t\t\t\t\t\t\t\t\t\t\t\t<img loading=\"lazy\" decoding=\"async\" width=\"400\" height=\"257\" src=\"https:\/\/entroidosdelorienteourensano.gal\/wp-content\/uploads\/2024\/12\/Candida-recitando-versos-en-Castneira.jpg\" class=\"attachment-full size-full wp-image-17532\" alt=\"\" srcset=\"https:\/\/entroidosdelorienteourensano.gal\/wp-content\/uploads\/2024\/12\/Candida-recitando-versos-en-Castneira.jpg 400w, https:\/\/entroidosdelorienteourensano.gal\/wp-content\/uploads\/2024\/12\/Candida-recitando-versos-en-Castneira-300x193.jpg 300w\" sizes=\"(max-width: 400px) 100vw, 400px\" title=\"C\u00e1ndida recitando versos en Casti\u00f1eira\" \/>\t\t\t\t\t\t\t\t\t\t\t\t\t\t\t<\/div>\n\t\t\t\t<\/div>\n\t\t\t\t<div class=\"elementor-element elementor-element-fd06558 elementor-absolute elementor-hidden-tablet elementor-hidden-mobile elementor-invisible elementor-widget elementor-widget-image\" data-id=\"fd06558\" data-element_type=\"widget\" data-settings=\"{&quot;_animation&quot;:&quot;fadeInUp&quot;,&quot;_position&quot;:&quot;absolute&quot;}\" data-widget_type=\"image.default\">\n\t\t\t\t<div class=\"elementor-widget-container\">\n\t\t\t\t\t\t\t\t\t\t\t\t\t\t\t<img loading=\"lazy\" decoding=\"async\" width=\"400\" height=\"224\" src=\"https:\/\/entroidosdelorienteourensano.gal\/wp-content\/uploads\/2024\/12\/Pinchos-fuliada.jpg\" class=\"attachment-full size-full wp-image-17531\" alt=\"\" srcset=\"https:\/\/entroidosdelorienteourensano.gal\/wp-content\/uploads\/2024\/12\/Pinchos-fuliada.jpg 400w, https:\/\/entroidosdelorienteourensano.gal\/wp-content\/uploads\/2024\/12\/Pinchos-fuliada-300x168.jpg 300w\" sizes=\"(max-width: 400px) 100vw, 400px\" title=\"Pinchos fuliada\" \/>\t\t\t\t\t\t\t\t\t\t\t\t\t\t\t<\/div>\n\t\t\t\t<\/div>\n\t\t\t\t\t<\/div>\n\t\t<\/div>\n\t\t\t\t\t<\/div>\n\t\t<\/section>\n\t\t\t\t\t<\/div>\n\t\t<\/div>\n\t\t\t\t\t<\/div>\n\t\t<\/section>\n\t\t\t\t<section class=\"elementor-section elementor-top-section elementor-element elementor-element-2f6523d5 elementor-section-boxed elementor-section-height-default elementor-section-height-default\" data-id=\"2f6523d5\" data-element_type=\"section\" id=\"origenes\" data-settings=\"{&quot;background_background&quot;:&quot;classic&quot;}\">\n\t\t\t\t\t\t<div class=\"elementor-container elementor-column-gap-extended\">\n\t\t\t\t\t<div class=\"elementor-column elementor-col-100 elementor-top-column elementor-element elementor-element-699eb7c5\" data-id=\"699eb7c5\" data-element_type=\"column\">\n\t\t\t<div class=\"elementor-widget-wrap elementor-element-populated\">\n\t\t\t\t\t\t<div class=\"elementor-element elementor-element-7b917da1 elementor-invisible elementor-widget elementor-widget-heading\" data-id=\"7b917da1\" data-element_type=\"widget\" data-settings=\"{&quot;_animation&quot;:&quot;fadeIn&quot;}\" data-widget_type=\"heading.default\">\n\t\t\t\t<div class=\"elementor-widget-container\">\n\t\t\t\t\t<h2 class=\"elementor-heading-title elementor-size-default\">Or\u00edgenes e historia<\/h2>\t\t\t\t<\/div>\n\t\t\t\t<\/div>\n\t\t\t\t<div class=\"elementor-element-custom_font_size elementor-element-custom_color elementor-element elementor-element-3d2e4e99 elementor-invisible elementor-widget elementor-widget-text-editor\" data-id=\"3d2e4e99\" data-element_type=\"widget\" data-settings=\"{&quot;_animation&quot;:&quot;fadeInUp&quot;}\" data-widget_type=\"text-editor.default\">\n\t\t\t\t<div class=\"elementor-widget-container\">\n\t\t\t\t\t\t\t\t\t<p>En su concepci\u00f3n primigenia, esta fiesta se celebraba para conmemorar el final del invierno e invitaba a la gente a disfrazarse con el objetivo de ahuyentar los esp\u00edritus malignos y atraer la buena fortuna en las futuras cosechas.<\/p><p>Felipe-Sen\u00e9n L\u00f3pez G\u00f3mez, historiador de la cultura gallega, destaca que el origen del Entroido gallego se puede encontrar en &#8220;todas las \u00e9pocas de la Historia&#8221; porque, argumenta, &#8220;a medida que el hombre o mujer va adquiriendo conciencia de las cuatro estaciones, aparecen las celebraciones agrarias&#8221;. De este modo, se cree que el Entroido podr\u00eda remontarse al Neol\u00edtico, aunque l\u00f3gicamente ha experimentado adaptaciones y transformaciones propias de cada momento hist\u00f3rico\u201d.<\/p>\t\t\t\t\t\t\t\t<\/div>\n\t\t\t\t<\/div>\n\t\t\t\t<section class=\"elementor-section elementor-inner-section elementor-element elementor-element-060bc51 animated-slow elementor-section-boxed elementor-section-height-default elementor-section-height-default elementor-invisible\" data-id=\"060bc51\" data-element_type=\"section\" data-settings=\"{&quot;animation&quot;:&quot;fadeIn&quot;,&quot;animation_delay&quot;:500}\">\n\t\t\t\t\t\t<div class=\"elementor-container elementor-column-gap-default\">\n\t\t\t\t\t<div class=\"elementor-column elementor-col-33 elementor-inner-column elementor-element elementor-element-c8ed066\" data-id=\"c8ed066\" data-element_type=\"column\">\n\t\t\t<div class=\"elementor-widget-wrap elementor-element-populated\">\n\t\t\t\t\t\t<div class=\"elementor-element elementor-element-2fee9ec elementor-widget elementor-widget-image\" data-id=\"2fee9ec\" data-element_type=\"widget\" data-widget_type=\"image.default\">\n\t\t\t\t<div class=\"elementor-widget-container\">\n\t\t\t\t\t\t\t\t\t\t\t\t\t\t\t\t<a href=\"https:\/\/entroidosdelorienteourensano.gal\/wp-content\/uploads\/2024\/12\/Mazcaras-bailando-en-Manzaneda-0967.jpg\" data-elementor-open-lightbox=\"yes\" data-elementor-lightbox-title=\"Entroido de Manzaneda\" data-e-action-hash=\"#elementor-action%3Aaction%3Dlightbox%26settings%3DeyJpZCI6MTc1NTEsInVybCI6Imh0dHBzOlwvXC9lbnRyb2lkb3NkZWxvcmllbnRlb3VyZW5zYW5vLmdhbFwvd3AtY29udGVudFwvdXBsb2Fkc1wvMjAyNFwvMTJcL01hemNhcmFzLWJhaWxhbmRvLWVuLU1hbnphbmVkYS0wOTY3LmpwZyJ9\">\n\t\t\t\t\t\t\t<img loading=\"lazy\" decoding=\"async\" width=\"940\" height=\"628\" src=\"https:\/\/entroidosdelorienteourensano.gal\/wp-content\/uploads\/2024\/12\/Mazcaras-bailando-en-Manzaneda-0967-1024x684.jpg\" class=\"attachment-large size-large wp-image-17551\" alt=\"\" srcset=\"https:\/\/entroidosdelorienteourensano.gal\/wp-content\/uploads\/2024\/12\/Mazcaras-bailando-en-Manzaneda-0967-1024x684.jpg 1024w, https:\/\/entroidosdelorienteourensano.gal\/wp-content\/uploads\/2024\/12\/Mazcaras-bailando-en-Manzaneda-0967-300x200.jpg 300w, https:\/\/entroidosdelorienteourensano.gal\/wp-content\/uploads\/2024\/12\/Mazcaras-bailando-en-Manzaneda-0967-768x513.jpg 768w, https:\/\/entroidosdelorienteourensano.gal\/wp-content\/uploads\/2024\/12\/Mazcaras-bailando-en-Manzaneda-0967-480x320.jpg 480w, https:\/\/entroidosdelorienteourensano.gal\/wp-content\/uploads\/2024\/12\/Mazcaras-bailando-en-Manzaneda-0967.jpg 1200w\" sizes=\"(max-width: 940px) 100vw, 940px\" title=\"Entroido de Manzaneda\" \/>\t\t\t\t\t\t\t\t<\/a>\n\t\t\t\t\t\t\t\t\t\t\t\t\t\t\t<\/div>\n\t\t\t\t<\/div>\n\t\t\t\t\t<\/div>\n\t\t<\/div>\n\t\t\t\t<div class=\"elementor-column elementor-col-33 elementor-inner-column elementor-element elementor-element-43e8206\" data-id=\"43e8206\" data-element_type=\"column\">\n\t\t\t<div class=\"elementor-widget-wrap elementor-element-populated\">\n\t\t\t\t\t\t<div class=\"elementor-element elementor-element-316eea8 elementor-widget elementor-widget-image\" data-id=\"316eea8\" data-element_type=\"widget\" data-widget_type=\"image.default\">\n\t\t\t\t<div class=\"elementor-widget-container\">\n\t\t\t\t\t\t\t\t\t\t\t\t\t\t\t\t<a href=\"https:\/\/entroidosdelorienteourensano.gal\/wp-content\/uploads\/2024\/12\/Galeria-Viana-3.jpg\" data-elementor-open-lightbox=\"yes\" data-elementor-lightbox-title=\"Entroido de Viana do Bolo\" data-e-action-hash=\"#elementor-action%3Aaction%3Dlightbox%26settings%3DeyJpZCI6MTc3NzIsInVybCI6Imh0dHBzOlwvXC9lbnRyb2lkb3NkZWxvcmllbnRlb3VyZW5zYW5vLmdhbFwvd3AtY29udGVudFwvdXBsb2Fkc1wvMjAyNFwvMTJcL0dhbGVyaWEtVmlhbmEtMy5qcGcifQ%3D%3D\">\n\t\t\t\t\t\t\t<img loading=\"lazy\" decoding=\"async\" width=\"940\" height=\"627\" src=\"https:\/\/entroidosdelorienteourensano.gal\/wp-content\/uploads\/2024\/12\/Galeria-Viana-3-1024x683.jpg\" class=\"attachment-large size-large wp-image-17772\" alt=\"\" srcset=\"https:\/\/entroidosdelorienteourensano.gal\/wp-content\/uploads\/2024\/12\/Galeria-Viana-3-1024x683.jpg 1024w, https:\/\/entroidosdelorienteourensano.gal\/wp-content\/uploads\/2024\/12\/Galeria-Viana-3-300x200.jpg 300w, https:\/\/entroidosdelorienteourensano.gal\/wp-content\/uploads\/2024\/12\/Galeria-Viana-3-768x512.jpg 768w, https:\/\/entroidosdelorienteourensano.gal\/wp-content\/uploads\/2024\/12\/Galeria-Viana-3-18x12.jpg 18w, https:\/\/entroidosdelorienteourensano.gal\/wp-content\/uploads\/2024\/12\/Galeria-Viana-3-480x320.jpg 480w, https:\/\/entroidosdelorienteourensano.gal\/wp-content\/uploads\/2024\/12\/Galeria-Viana-3.jpg 1200w\" sizes=\"(max-width: 940px) 100vw, 940px\" title=\"Entroido de Viana do Bolo\" \/>\t\t\t\t\t\t\t\t<\/a>\n\t\t\t\t\t\t\t\t\t\t\t\t\t\t\t<\/div>\n\t\t\t\t<\/div>\n\t\t\t\t\t<\/div>\n\t\t<\/div>\n\t\t\t\t<div class=\"elementor-column elementor-col-33 elementor-inner-column elementor-element elementor-element-93b5744\" data-id=\"93b5744\" data-element_type=\"column\">\n\t\t\t<div class=\"elementor-widget-wrap elementor-element-populated\">\n\t\t\t\t\t\t<div class=\"elementor-element elementor-element-0ef2a92 elementor-widget elementor-widget-image\" data-id=\"0ef2a92\" data-element_type=\"widget\" data-widget_type=\"image.default\">\n\t\t\t\t<div class=\"elementor-widget-container\">\n\t\t\t\t\t\t\t\t\t\t\t\t\t\t\t\t<a href=\"https:\/\/entroidosdelorienteourensano.gal\/wp-content\/uploads\/2024\/12\/Galeria-Viana-1.jpg\" data-elementor-open-lightbox=\"yes\" data-elementor-lightbox-title=\"Entroido de Viana do Bolo\" data-e-action-hash=\"#elementor-action%3Aaction%3Dlightbox%26settings%3DeyJpZCI6MTc3NzAsInVybCI6Imh0dHBzOlwvXC9lbnRyb2lkb3NkZWxvcmllbnRlb3VyZW5zYW5vLmdhbFwvd3AtY29udGVudFwvdXBsb2Fkc1wvMjAyNFwvMTJcL0dhbGVyaWEtVmlhbmEtMS5qcGcifQ%3D%3D\">\n\t\t\t\t\t\t\t<img loading=\"lazy\" decoding=\"async\" width=\"940\" height=\"627\" src=\"https:\/\/entroidosdelorienteourensano.gal\/wp-content\/uploads\/2024\/12\/Galeria-Viana-1-1024x683.jpg\" class=\"attachment-large size-large wp-image-17770\" alt=\"\" srcset=\"https:\/\/entroidosdelorienteourensano.gal\/wp-content\/uploads\/2024\/12\/Galeria-Viana-1-1024x683.jpg 1024w, https:\/\/entroidosdelorienteourensano.gal\/wp-content\/uploads\/2024\/12\/Galeria-Viana-1-300x200.jpg 300w, https:\/\/entroidosdelorienteourensano.gal\/wp-content\/uploads\/2024\/12\/Galeria-Viana-1-768x512.jpg 768w, https:\/\/entroidosdelorienteourensano.gal\/wp-content\/uploads\/2024\/12\/Galeria-Viana-1-18x12.jpg 18w, https:\/\/entroidosdelorienteourensano.gal\/wp-content\/uploads\/2024\/12\/Galeria-Viana-1-480x320.jpg 480w, https:\/\/entroidosdelorienteourensano.gal\/wp-content\/uploads\/2024\/12\/Galeria-Viana-1.jpg 1200w\" sizes=\"(max-width: 940px) 100vw, 940px\" title=\"Entroido de Viana do Bolo\" \/>\t\t\t\t\t\t\t\t<\/a>\n\t\t\t\t\t\t\t\t\t\t\t\t\t\t\t<\/div>\n\t\t\t\t<\/div>\n\t\t\t\t\t<\/div>\n\t\t<\/div>\n\t\t\t\t\t<\/div>\n\t\t<\/section>\n\t\t\t\t<section class=\"elementor-section elementor-inner-section elementor-element elementor-element-709491ba elementor-section-boxed elementor-section-height-default elementor-section-height-default\" data-id=\"709491ba\" data-element_type=\"section\">\n\t\t\t\t\t\t<div class=\"elementor-container elementor-column-gap-default\">\n\t\t\t\t\t<div class=\"elementor-column elementor-col-100 elementor-inner-column elementor-element elementor-element-4f8c012d\" data-id=\"4f8c012d\" data-element_type=\"column\">\n\t\t\t<div class=\"elementor-widget-wrap elementor-element-populated\">\n\t\t\t\t\t\t<div class=\"elementor-element-custom_font_size elementor-element-custom_color elementor-element elementor-element-862e8da elementor-invisible elementor-widget elementor-widget-text-editor\" data-id=\"862e8da\" data-element_type=\"widget\" data-settings=\"{&quot;_animation&quot;:&quot;fadeInUp&quot;}\" data-widget_type=\"text-editor.default\">\n\t\t\t\t<div class=\"elementor-widget-container\">\n\t\t\t\t\t\t\t\t\t<p>&#8220;En sus or\u00edgenes radica la personalidad de un pueblo&#8221;, detalla Felipe Sen\u00e9n, quien tiene claro que la clave est\u00e1 en la creatividad y la innovaci\u00f3n que puedan ir imprimiendo los creadores gallegos a la tradici\u00f3n.<\/p><p>&#8220;El Entroido hay que conocerlo para quererlo y protegerlo&#8221;. Argumenta Felipe que ese car\u00e1cter castrexo y de parroquia es lo que confiere personalidad propia a las diferentes variedades del Entroido gallego. &#8220;Las m\u00e1scaras, los disfraces, los ritos&#8221; ofrecen un documento etnoarqueol\u00f3gico que es necesario proteger.<\/p>\t\t\t\t\t\t\t\t<\/div>\n\t\t\t\t<\/div>\n\t\t\t\t<div class=\"elementor-element elementor-element-1a701ed1 elementor-widget elementor-widget-spacer\" data-id=\"1a701ed1\" data-element_type=\"widget\" data-widget_type=\"spacer.default\">\n\t\t\t\t<div class=\"elementor-widget-container\">\n\t\t\t\t\t\t\t<div class=\"elementor-spacer\">\n\t\t\t<div class=\"elementor-spacer-inner\"><\/div>\n\t\t<\/div>\n\t\t\t\t\t\t<\/div>\n\t\t\t\t<\/div>\n\t\t\t\t\t<\/div>\n\t\t<\/div>\n\t\t\t\t\t<\/div>\n\t\t<\/section>\n\t\t\t\t\t<\/div>\n\t\t<\/div>\n\t\t\t\t\t<\/div>\n\t\t<\/section>\n\t\t\t\t<section class=\"elementor-section elementor-top-section elementor-element elementor-element-4126ee29 elementor-section-boxed elementor-section-height-default elementor-section-height-default\" data-id=\"4126ee29\" data-element_type=\"section\" id=\"tradicion\" data-settings=\"{&quot;background_background&quot;:&quot;classic&quot;}\">\n\t\t\t\t\t\t<div class=\"elementor-container elementor-column-gap-default\">\n\t\t\t\t\t<div class=\"elementor-column elementor-col-100 elementor-top-column elementor-element elementor-element-4ef6546f\" data-id=\"4ef6546f\" data-element_type=\"column\">\n\t\t\t<div class=\"elementor-widget-wrap elementor-element-populated\">\n\t\t\t\t\t\t<div class=\"elementor-element elementor-element-19be1a4c elementor-widget elementor-widget-spacer\" data-id=\"19be1a4c\" data-element_type=\"widget\" data-widget_type=\"spacer.default\">\n\t\t\t\t<div class=\"elementor-widget-container\">\n\t\t\t\t\t\t\t<div class=\"elementor-spacer\">\n\t\t\t<div class=\"elementor-spacer-inner\"><\/div>\n\t\t<\/div>\n\t\t\t\t\t\t<\/div>\n\t\t\t\t<\/div>\n\t\t\t\t<div class=\"elementor-element elementor-element-67c38189 elementor-invisible elementor-widget elementor-widget-heading\" data-id=\"67c38189\" data-element_type=\"widget\" data-settings=\"{&quot;_animation&quot;:&quot;fadeIn&quot;}\" data-widget_type=\"heading.default\">\n\t\t\t\t<div class=\"elementor-widget-container\">\n\t\t\t\t\t<h2 class=\"elementor-heading-title elementor-size-default\">La fiesta del Entroido es sin\u00f3nimo de tradici\u00f3n y cultura<\/h2>\t\t\t\t<\/div>\n\t\t\t\t<\/div>\n\t\t\t\t<section class=\"elementor-section elementor-inner-section elementor-element elementor-element-df1f5e7 elementor-section-boxed elementor-section-height-default elementor-section-height-default\" data-id=\"df1f5e7\" data-element_type=\"section\">\n\t\t\t\t\t\t<div class=\"elementor-container elementor-column-gap-default\">\n\t\t\t\t\t<div class=\"elementor-column elementor-col-100 elementor-inner-column elementor-element elementor-element-4e90820e\" data-id=\"4e90820e\" data-element_type=\"column\">\n\t\t\t<div class=\"elementor-widget-wrap elementor-element-populated\">\n\t\t\t\t\t\t<div class=\"elementor-element-custom_font_size elementor-element elementor-element-5fee9e6f elementor-invisible elementor-widget elementor-widget-text-editor\" data-id=\"5fee9e6f\" data-element_type=\"widget\" data-settings=\"{&quot;_animation&quot;:&quot;fadeInUp&quot;}\" data-widget_type=\"text-editor.default\">\n\t\t\t\t<div class=\"elementor-widget-container\">\n\t\t\t\t\t\t\t\t\t<p>La fiesta del Entroido es sin\u00f3nimo de tradici\u00f3n, de cultura, de arraigo, de identidad. En estos tres lugares m\u00e1gicos, durante las fechas del carnaval el lleno de gente \u2013 que se re\u00fane para re\u00edrse de s\u00ed misma \u2013 es total.<\/p><p>Familias enteras pueden verse formando parte, a\u00f1o tras a\u00f1o, del mismo foli\u00f3n. Varias generaciones, participando en el mismo desfile del d\u00eda m\u00e1s importante de esta fiesta. Porque el Entroido es, tambi\u00e9n, implicaci\u00f3n por parte de todos, sin excepci\u00f3n.<\/p><p>La organizaci\u00f3n y los preparativos sirven de lazos de uni\u00f3n y fraternidad entre los vecinos que se vuelcan en cada uno de los detalles. La gente, adem\u00e1s, se visita entre s\u00ed, puesto que son Entroidos fronterizos y el vecindario de los tres municipios participa en ellos.<\/p><p>De esa implicaci\u00f3n real de la gente, han surgido m\u00faltiples asociaciones sin \u00e1nimo de lucro, que fueron creadas \u201cpara fomentar la cultura popular\u201d, \u201crevalorizar el esp\u00edritu del Entroido\u201d y conservar y mantener \u201cel patrimonio cultural y natural de Galicia\u201d.<\/p>\t\t\t\t\t\t\t\t<\/div>\n\t\t\t\t<\/div>\n\t\t\t\t\t<\/div>\n\t\t<\/div>\n\t\t\t\t\t<\/div>\n\t\t<\/section>\n\t\t\t\t<section class=\"elementor-section elementor-inner-section elementor-element elementor-element-90af161 elementor-section-boxed elementor-section-height-default elementor-section-height-default elementor-invisible\" data-id=\"90af161\" data-element_type=\"section\" data-settings=\"{&quot;animation&quot;:&quot;fadeInUp&quot;}\">\n\t\t\t\t\t\t<div class=\"elementor-container elementor-column-gap-narrow\">\n\t\t\t\t\t<div class=\"elementor-column elementor-col-33 elementor-inner-column elementor-element elementor-element-86ec4e2\" data-id=\"86ec4e2\" data-element_type=\"column\" data-settings=\"{&quot;animation&quot;:&quot;none&quot;}\">\n\t\t\t<div class=\"elementor-widget-wrap elementor-element-populated\">\n\t\t\t\t\t\t<div class=\"elementor-element-custom_font_size elementor-element-custom_font_weight elementor-element-custom_color elementor-element elementor-element-b5b4f5b elementor-invisible elementor-widget elementor-widget-text-editor\" data-id=\"b5b4f5b\" data-element_type=\"widget\" data-settings=\"{&quot;_animation&quot;:&quot;fadeIn&quot;}\" data-widget_type=\"text-editor.default\">\n\t\t\t\t<div class=\"elementor-widget-container\">\n\t\t\t\t\t\t\t\t\t<h5>Manzaneda<\/h5>\t\t\t\t\t\t\t\t<\/div>\n\t\t\t\t<\/div>\n\t\t\t\t<div class=\"elementor-element elementor-element-ccdff7e elementor-align-center elementor-widget__width-inherit elementor-widget elementor-widget-button\" data-id=\"ccdff7e\" data-element_type=\"widget\" data-widget_type=\"button.default\">\n\t\t\t\t<div class=\"elementor-widget-container\">\n\t\t\t\t\t\t\t\t\t<div class=\"elementor-button-wrapper\">\n\t\t\t\t\t<a class=\"elementor-button elementor-button-link elementor-size-sm\" href=\"https:\/\/www.facebook.com\/Fuliondamourelapraca?locale=es_ES\" target=\"_blank\">\n\t\t\t\t\t\t<span class=\"elementor-button-content-wrapper\">\n\t\t\t\t\t\t<span class=\"elementor-button-icon\">\n\t\t\t\t<i aria-hidden=\"true\" class=\"fab fa-facebook-square\"><\/i>\t\t\t<\/span>\n\t\t\t\t\t\t\t\t\t<span class=\"elementor-button-text\">Asociaci\u00f3n Cultural da Mourela Para Ac\u00e1.<\/span>\n\t\t\t\t\t<\/span>\n\t\t\t\t\t<\/a>\n\t\t\t\t<\/div>\n\t\t\t\t\t\t\t\t<\/div>\n\t\t\t\t<\/div>\n\t\t\t\t\t<\/div>\n\t\t<\/div>\n\t\t\t\t<div class=\"elementor-column elementor-col-33 elementor-inner-column elementor-element elementor-element-7c14205e\" data-id=\"7c14205e\" data-element_type=\"column\" data-settings=\"{&quot;animation&quot;:&quot;none&quot;,&quot;animation_delay&quot;:500}\">\n\t\t\t<div class=\"elementor-widget-wrap elementor-element-populated\">\n\t\t\t\t\t\t<div class=\"elementor-element-custom_font_size elementor-element-custom_font_weight elementor-element-custom_color elementor-element elementor-element-ae9ea8b elementor-invisible elementor-widget elementor-widget-text-editor\" data-id=\"ae9ea8b\" data-element_type=\"widget\" data-settings=\"{&quot;_animation&quot;:&quot;fadeIn&quot;}\" data-widget_type=\"text-editor.default\">\n\t\t\t\t<div class=\"elementor-widget-container\">\n\t\t\t\t\t\t\t\t\t<h5>Viana do Bolo<\/h5>\t\t\t\t\t\t\t\t<\/div>\n\t\t\t\t<\/div>\n\t\t\t\t<div class=\"elementor-element elementor-element-5e27638 elementor-align-center elementor-widget__width-inherit elementor-widget elementor-widget-button\" data-id=\"5e27638\" data-element_type=\"widget\" data-widget_type=\"button.default\">\n\t\t\t\t<div class=\"elementor-widget-container\">\n\t\t\t\t\t\t\t\t\t<div class=\"elementor-button-wrapper\">\n\t\t\t\t\t<a class=\"elementor-button elementor-button-link elementor-size-sm\" href=\"https:\/\/www.facebook.com\/p\/Fuli%C3%B3ns-Rurais-Viana-do-Bolo-100063776311517\/\" target=\"_blank\">\n\t\t\t\t\t\t<span class=\"elementor-button-content-wrapper\">\n\t\t\t\t\t\t<span class=\"elementor-button-icon\">\n\t\t\t\t<i aria-hidden=\"true\" class=\"fab fa-facebook-square\"><\/i>\t\t\t<\/span>\n\t\t\t\t\t\t\t\t\t<span class=\"elementor-button-text\">Asociaci\u00f3n Folions Rurais de Viana do Bolo<\/span>\n\t\t\t\t\t<\/span>\n\t\t\t\t\t<\/a>\n\t\t\t\t<\/div>\n\t\t\t\t\t\t\t\t<\/div>\n\t\t\t\t<\/div>\n\t\t\t\t<div class=\"elementor-element elementor-element-35b3336 elementor-align-center elementor-widget__width-inherit elementor-widget elementor-widget-button\" data-id=\"35b3336\" data-element_type=\"widget\" data-widget_type=\"button.default\">\n\t\t\t\t<div class=\"elementor-widget-container\">\n\t\t\t\t\t\t\t\t\t<div class=\"elementor-button-wrapper\">\n\t\t\t\t\t<a class=\"elementor-button elementor-button-link elementor-size-sm\" href=\"https:\/\/www.facebook.com\/p\/Asociaci%C3%B3n-Robreda-100064614525242\/\" target=\"_blank\">\n\t\t\t\t\t\t<span class=\"elementor-button-content-wrapper\">\n\t\t\t\t\t\t<span class=\"elementor-button-icon\">\n\t\t\t\t<i aria-hidden=\"true\" class=\"fab fa-facebook-square\"><\/i>\t\t\t<\/span>\n\t\t\t\t\t\t\t\t\t<span class=\"elementor-button-text\">Asociaci\u00f3n Robreda<\/span>\n\t\t\t\t\t<\/span>\n\t\t\t\t\t<\/a>\n\t\t\t\t<\/div>\n\t\t\t\t\t\t\t\t<\/div>\n\t\t\t\t<\/div>\n\t\t\t\t\t<\/div>\n\t\t<\/div>\n\t\t\t\t<div class=\"elementor-column elementor-col-33 elementor-inner-column elementor-element elementor-element-4d7ec7f2\" data-id=\"4d7ec7f2\" data-element_type=\"column\" data-settings=\"{&quot;animation&quot;:&quot;none&quot;,&quot;animation_delay&quot;:1000}\">\n\t\t\t<div class=\"elementor-widget-wrap elementor-element-populated\">\n\t\t\t\t\t\t<div class=\"elementor-element-custom_font_size elementor-element-custom_font_weight elementor-element-custom_color elementor-element elementor-element-97323c4 elementor-invisible elementor-widget elementor-widget-text-editor\" data-id=\"97323c4\" data-element_type=\"widget\" data-settings=\"{&quot;_animation&quot;:&quot;fadeIn&quot;}\" data-widget_type=\"text-editor.default\">\n\t\t\t\t<div class=\"elementor-widget-container\">\n\t\t\t\t\t\t\t\t\t<h5>Vilari\u00f1o de Conso<\/h5>\t\t\t\t\t\t\t\t<\/div>\n\t\t\t\t<\/div>\n\t\t\t\t<div class=\"elementor-element elementor-element-5c8dc9c elementor-align-center elementor-widget__width-inherit elementor-widget elementor-widget-button\" data-id=\"5c8dc9c\" data-element_type=\"widget\" data-widget_type=\"button.default\">\n\t\t\t\t<div class=\"elementor-widget-container\">\n\t\t\t\t\t\t\t\t\t<div class=\"elementor-button-wrapper\">\n\t\t\t\t\t<a class=\"elementor-button elementor-button-link elementor-size-sm\" href=\"https:\/\/www.facebook.com\/groups\/308964672548\/posts\/10157183002342549\/\" target=\"_blank\">\n\t\t\t\t\t\t<span class=\"elementor-button-content-wrapper\">\n\t\t\t\t\t\t<span class=\"elementor-button-icon\">\n\t\t\t\t<i aria-hidden=\"true\" class=\"fab fa-facebook-square\"><\/i>\t\t\t<\/span>\n\t\t\t\t\t\t\t\t\t<span class=\"elementor-button-text\">Asociaci\u00f3n Cultural Xuntos Polo Fuli\u00f3n<\/span>\n\t\t\t\t\t<\/span>\n\t\t\t\t\t<\/a>\n\t\t\t\t<\/div>\n\t\t\t\t\t\t\t\t<\/div>\n\t\t\t\t<\/div>\n\t\t\t\t<div class=\"elementor-element elementor-element-b8cf526 elementor-align-center elementor-widget__width-inherit elementor-widget elementor-widget-button\" data-id=\"b8cf526\" data-element_type=\"widget\" data-widget_type=\"button.default\">\n\t\t\t\t<div class=\"elementor-widget-container\">\n\t\t\t\t\t\t\t\t\t<div class=\"elementor-button-wrapper\">\n\t\t\t\t\t<a class=\"elementor-button elementor-size-sm\" role=\"button\">\n\t\t\t\t\t\t<span class=\"elementor-button-content-wrapper\">\n\t\t\t\t\t\t\t\t\t<span class=\"elementor-button-text\">Asociaci\u00f3n Cultural Social, Deportiva, L\u00fadica, Ecol\u00f3xica, da Muller, de Inclusi\u00f3n, do Rural, Vive Vilari\u00f1o<\/span>\n\t\t\t\t\t<\/span>\n\t\t\t\t\t<\/a>\n\t\t\t\t<\/div>\n\t\t\t\t\t\t\t\t<\/div>\n\t\t\t\t<\/div>\n\t\t\t\t\t<\/div>\n\t\t<\/div>\n\t\t\t\t\t<\/div>\n\t\t<\/section>\n\t\t\t\t<div class=\"elementor-element elementor-element-45459a1d elementor-widget elementor-widget-spacer\" data-id=\"45459a1d\" data-element_type=\"widget\" data-widget_type=\"spacer.default\">\n\t\t\t\t<div class=\"elementor-widget-container\">\n\t\t\t\t\t\t\t<div class=\"elementor-spacer\">\n\t\t\t<div class=\"elementor-spacer-inner\"><\/div>\n\t\t<\/div>\n\t\t\t\t\t\t<\/div>\n\t\t\t\t<\/div>\n\t\t\t\t<section class=\"elementor-section elementor-inner-section elementor-element elementor-element-e69257f elementor-section-boxed elementor-section-height-default elementor-section-height-default\" data-id=\"e69257f\" data-element_type=\"section\" data-settings=\"{&quot;animation&quot;:&quot;none&quot;}\">\n\t\t\t\t\t\t<div class=\"elementor-container elementor-column-gap-narrow\">\n\t\t\t\t\t<div class=\"elementor-column elementor-col-33 elementor-inner-column elementor-element elementor-element-0f1a4a5\" data-id=\"0f1a4a5\" data-element_type=\"column\" data-settings=\"{&quot;animation&quot;:&quot;none&quot;}\">\n\t\t\t<div class=\"elementor-widget-wrap elementor-element-populated\">\n\t\t\t\t\t\t<div class=\"elementor-element elementor-element-878ae07 gallery-spacing-custom elementor-widget elementor-widget-image-gallery\" data-id=\"878ae07\" data-element_type=\"widget\" data-settings=\"{&quot;_animation&quot;:&quot;none&quot;}\" data-widget_type=\"image-gallery.default\">\n\t\t\t\t<div class=\"elementor-widget-container\">\n\t\t\t\t\t\t\t<div class=\"elementor-image-gallery\">\n\t\t\t\n\t\t<style type=\"text\/css\">\n\t\t\t#gallery-1 {\n\t\t\t\tmargin: auto;\n\t\t\t}\n\t\t\t#gallery-1 .gallery-item {\n\t\t\t\tfloat: left;\n\t\t\t\tmargin-top: 10px;\n\t\t\t\ttext-align: center;\n\t\t\t\twidth: 50%;\n\t\t\t}\n\t\t\t#gallery-1 img {\n\t\t\t\tborder: 2px solid #cfcfcf;\n\t\t\t}\n\t\t\t#gallery-1 .gallery-caption {\n\t\t\t\tmargin-left: 0;\n\t\t\t}\n\t\t\t\/* see gallery_shortcode() in wp-includes\/media.php *\/\n\t\t<\/style>\n\t\t<div id='gallery-1' class='gallery galleryid-8638 gallery-columns-2 gallery-size-full'><dl class='gallery-item'>\n\t\t\t<dt class='gallery-icon landscape'>\n\t\t\t\t<a data-elementor-open-lightbox=\"yes\" data-elementor-lightbox-slideshow=\"878ae07\" data-elementor-lightbox-title=\"Manzaneda\" data-e-action-hash=\"#elementor-action%3Aaction%3Dlightbox%26settings%3DeyJpZCI6MTc1NTgsInVybCI6Imh0dHBzOlwvXC9lbnRyb2lkb3NkZWxvcmllbnRlb3VyZW5zYW5vLmdhbFwvd3AtY29udGVudFwvdXBsb2Fkc1wvMjAyNFwvMTJcL2JhaWxlLWRlLW1hemNhcmFzLWVuLU1hbnphbmVkYS1yb3RvbmRhLTAwMTUuanBnIiwic2xpZGVzaG93IjoiODc4YWUwNyJ9\" href='https:\/\/entroidosdelorienteourensano.gal\/wp-content\/uploads\/2024\/12\/baile-de-mazcaras-en-Manzaneda-rotonda-0015.jpg'><img loading=\"lazy\" decoding=\"async\" width=\"1200\" height=\"801\" src=\"https:\/\/entroidosdelorienteourensano.gal\/wp-content\/uploads\/2024\/12\/baile-de-mazcaras-en-Manzaneda-rotonda-0015.jpg\" class=\"attachment-full size-full\" alt=\"\" srcset=\"https:\/\/entroidosdelorienteourensano.gal\/wp-content\/uploads\/2024\/12\/baile-de-mazcaras-en-Manzaneda-rotonda-0015.jpg 1200w, https:\/\/entroidosdelorienteourensano.gal\/wp-content\/uploads\/2024\/12\/baile-de-mazcaras-en-Manzaneda-rotonda-0015-300x200.jpg 300w, https:\/\/entroidosdelorienteourensano.gal\/wp-content\/uploads\/2024\/12\/baile-de-mazcaras-en-Manzaneda-rotonda-0015-1024x684.jpg 1024w, https:\/\/entroidosdelorienteourensano.gal\/wp-content\/uploads\/2024\/12\/baile-de-mazcaras-en-Manzaneda-rotonda-0015-768x513.jpg 768w, https:\/\/entroidosdelorienteourensano.gal\/wp-content\/uploads\/2024\/12\/baile-de-mazcaras-en-Manzaneda-rotonda-0015-480x320.jpg 480w\" sizes=\"(max-width: 1200px) 100vw, 1200px\" title=\"Manzaneda\" \/><\/a>\n\t\t\t<\/dt><\/dl><dl class='gallery-item'>\n\t\t\t<dt class='gallery-icon landscape'>\n\t\t\t\t<a data-elementor-open-lightbox=\"yes\" data-elementor-lightbox-slideshow=\"878ae07\" data-elementor-lightbox-title=\"Manzaneda\" data-e-action-hash=\"#elementor-action%3Aaction%3Dlightbox%26settings%3DeyJpZCI6MTc1NTcsInVybCI6Imh0dHBzOlwvXC9lbnRyb2lkb3NkZWxvcmllbnRlb3VyZW5zYW5vLmdhbFwvd3AtY29udGVudFwvdXBsb2Fkc1wvMjAyNFwvMTJcL0Rlc2ZpbGUtZGUtZnVsaW9ucy1wb3ItbWFuemFuZWRhLTA1MjguanBnIiwic2xpZGVzaG93IjoiODc4YWUwNyJ9\" href='https:\/\/entroidosdelorienteourensano.gal\/wp-content\/uploads\/2024\/12\/Desfile-de-fulions-por-manzaneda-0528.jpg'><img loading=\"lazy\" decoding=\"async\" width=\"1200\" height=\"801\" src=\"https:\/\/entroidosdelorienteourensano.gal\/wp-content\/uploads\/2024\/12\/Desfile-de-fulions-por-manzaneda-0528.jpg\" class=\"attachment-full size-full\" alt=\"\" srcset=\"https:\/\/entroidosdelorienteourensano.gal\/wp-content\/uploads\/2024\/12\/Desfile-de-fulions-por-manzaneda-0528.jpg 1200w, https:\/\/entroidosdelorienteourensano.gal\/wp-content\/uploads\/2024\/12\/Desfile-de-fulions-por-manzaneda-0528-300x200.jpg 300w, https:\/\/entroidosdelorienteourensano.gal\/wp-content\/uploads\/2024\/12\/Desfile-de-fulions-por-manzaneda-0528-1024x684.jpg 1024w, https:\/\/entroidosdelorienteourensano.gal\/wp-content\/uploads\/2024\/12\/Desfile-de-fulions-por-manzaneda-0528-768x513.jpg 768w, https:\/\/entroidosdelorienteourensano.gal\/wp-content\/uploads\/2024\/12\/Desfile-de-fulions-por-manzaneda-0528-480x320.jpg 480w\" sizes=\"(max-width: 1200px) 100vw, 1200px\" title=\"Manzaneda\" \/><\/a>\n\t\t\t<\/dt><\/dl><br style=\"clear: both\" \/><dl class='gallery-item'>\n\t\t\t<dt class='gallery-icon landscape'>\n\t\t\t\t<a data-elementor-open-lightbox=\"yes\" data-elementor-lightbox-slideshow=\"878ae07\" data-elementor-lightbox-title=\"Manzaneda\" data-e-action-hash=\"#elementor-action%3Aaction%3Dlightbox%26settings%3DeyJpZCI6MTc1NTMsInVybCI6Imh0dHBzOlwvXC9lbnRyb2lkb3NkZWxvcmllbnRlb3VyZW5zYW5vLmdhbFwvd3AtY29udGVudFwvdXBsb2Fkc1wvMjAyNFwvMTJcL01hbnphbmVkYS1tYXpjYXJhLWJhaWxhbmRvLTA3MDEuanBnIiwic2xpZGVzaG93IjoiODc4YWUwNyJ9\" href='https:\/\/entroidosdelorienteourensano.gal\/wp-content\/uploads\/2024\/12\/Manzaneda-mazcara-bailando-0701.jpg'><img loading=\"lazy\" decoding=\"async\" width=\"1200\" height=\"862\" src=\"https:\/\/entroidosdelorienteourensano.gal\/wp-content\/uploads\/2024\/12\/Manzaneda-mazcara-bailando-0701.jpg\" class=\"attachment-full size-full\" alt=\"\" srcset=\"https:\/\/entroidosdelorienteourensano.gal\/wp-content\/uploads\/2024\/12\/Manzaneda-mazcara-bailando-0701.jpg 1200w, https:\/\/entroidosdelorienteourensano.gal\/wp-content\/uploads\/2024\/12\/Manzaneda-mazcara-bailando-0701-300x216.jpg 300w, https:\/\/entroidosdelorienteourensano.gal\/wp-content\/uploads\/2024\/12\/Manzaneda-mazcara-bailando-0701-1024x736.jpg 1024w, https:\/\/entroidosdelorienteourensano.gal\/wp-content\/uploads\/2024\/12\/Manzaneda-mazcara-bailando-0701-768x552.jpg 768w, https:\/\/entroidosdelorienteourensano.gal\/wp-content\/uploads\/2024\/12\/Manzaneda-mazcara-bailando-0701-480x345.jpg 480w\" sizes=\"(max-width: 1200px) 100vw, 1200px\" title=\"Manzaneda\" \/><\/a>\n\t\t\t<\/dt><\/dl><dl class='gallery-item'>\n\t\t\t<dt class='gallery-icon landscape'>\n\t\t\t\t<a data-elementor-open-lightbox=\"yes\" data-elementor-lightbox-slideshow=\"878ae07\" data-elementor-lightbox-title=\"Manzaneda\" data-e-action-hash=\"#elementor-action%3Aaction%3Dlightbox%26settings%3DeyJpZCI6MTc1NTYsInVybCI6Imh0dHBzOlwvXC9lbnRyb2lkb3NkZWxvcmllbnRlb3VyZW5zYW5vLmdhbFwvd3AtY29udGVudFwvdXBsb2Fkc1wvMjAyNFwvMTJcL01hbnphbmVkYS1mdWxpb24tZW4tQ2VybmFkby00MjM3LmpwZyIsInNsaWRlc2hvdyI6Ijg3OGFlMDcifQ%3D%3D\" href='https:\/\/entroidosdelorienteourensano.gal\/wp-content\/uploads\/2024\/12\/Manzaneda-fulion-en-Cernado-4237.jpg'><img loading=\"lazy\" decoding=\"async\" width=\"1200\" height=\"799\" src=\"https:\/\/entroidosdelorienteourensano.gal\/wp-content\/uploads\/2024\/12\/Manzaneda-fulion-en-Cernado-4237.jpg\" class=\"attachment-full size-full\" alt=\"\" srcset=\"https:\/\/entroidosdelorienteourensano.gal\/wp-content\/uploads\/2024\/12\/Manzaneda-fulion-en-Cernado-4237.jpg 1200w, https:\/\/entroidosdelorienteourensano.gal\/wp-content\/uploads\/2024\/12\/Manzaneda-fulion-en-Cernado-4237-300x200.jpg 300w, https:\/\/entroidosdelorienteourensano.gal\/wp-content\/uploads\/2024\/12\/Manzaneda-fulion-en-Cernado-4237-1024x682.jpg 1024w, https:\/\/entroidosdelorienteourensano.gal\/wp-content\/uploads\/2024\/12\/Manzaneda-fulion-en-Cernado-4237-768x511.jpg 768w, https:\/\/entroidosdelorienteourensano.gal\/wp-content\/uploads\/2024\/12\/Manzaneda-fulion-en-Cernado-4237-480x320.jpg 480w\" sizes=\"(max-width: 1200px) 100vw, 1200px\" title=\"Manzaneda\" \/><\/a>\n\t\t\t<\/dt><\/dl><br style=\"clear: both\" \/><dl class='gallery-item'>\n\t\t\t<dt class='gallery-icon landscape'>\n\t\t\t\t<a data-elementor-open-lightbox=\"yes\" data-elementor-lightbox-slideshow=\"878ae07\" data-elementor-lightbox-title=\"Manzaneda\" data-e-action-hash=\"#elementor-action%3Aaction%3Dlightbox%26settings%3DeyJpZCI6MTc1NTIsInVybCI6Imh0dHBzOlwvXC9lbnRyb2lkb3NkZWxvcmllbnRlb3VyZW5zYW5vLmdhbFwvd3AtY29udGVudFwvdXBsb2Fkc1wvMjAyNFwvMTJcL01hemNhcmFzLWZ1bGlvbi1kZS1MYW5ndWxsby0wMzcyLmpwZyIsInNsaWRlc2hvdyI6Ijg3OGFlMDcifQ%3D%3D\" href='https:\/\/entroidosdelorienteourensano.gal\/wp-content\/uploads\/2024\/12\/Mazcaras-fulion-de-Langullo-0372.jpg'><img loading=\"lazy\" decoding=\"async\" width=\"1200\" height=\"801\" src=\"https:\/\/entroidosdelorienteourensano.gal\/wp-content\/uploads\/2024\/12\/Mazcaras-fulion-de-Langullo-0372.jpg\" class=\"attachment-full size-full\" alt=\"\" srcset=\"https:\/\/entroidosdelorienteourensano.gal\/wp-content\/uploads\/2024\/12\/Mazcaras-fulion-de-Langullo-0372.jpg 1200w, https:\/\/entroidosdelorienteourensano.gal\/wp-content\/uploads\/2024\/12\/Mazcaras-fulion-de-Langullo-0372-300x200.jpg 300w, https:\/\/entroidosdelorienteourensano.gal\/wp-content\/uploads\/2024\/12\/Mazcaras-fulion-de-Langullo-0372-1024x684.jpg 1024w, https:\/\/entroidosdelorienteourensano.gal\/wp-content\/uploads\/2024\/12\/Mazcaras-fulion-de-Langullo-0372-768x513.jpg 768w, https:\/\/entroidosdelorienteourensano.gal\/wp-content\/uploads\/2024\/12\/Mazcaras-fulion-de-Langullo-0372-480x320.jpg 480w\" sizes=\"(max-width: 1200px) 100vw, 1200px\" title=\"Manzaneda\" \/><\/a>\n\t\t\t<\/dt><\/dl><dl class='gallery-item'>\n\t\t\t<dt class='gallery-icon landscape'>\n\t\t\t\t<a data-elementor-open-lightbox=\"yes\" data-elementor-lightbox-slideshow=\"878ae07\" data-elementor-lightbox-title=\"Manzaneda\" data-e-action-hash=\"#elementor-action%3Aaction%3Dlightbox%26settings%3DeyJpZCI6MTc1NTQsInVybCI6Imh0dHBzOlwvXC9lbnRyb2lkb3NkZWxvcmllbnRlb3VyZW5zYW5vLmdhbFwvd3AtY29udGVudFwvdXBsb2Fkc1wvMjAyNFwvMTJcL01hbnphbmVkYS1mdWxpb24tcG9yLW8tcG9iby1kZS1DZXJuYWRvLTQxMzIuanBnIiwic2xpZGVzaG93IjoiODc4YWUwNyJ9\" href='https:\/\/entroidosdelorienteourensano.gal\/wp-content\/uploads\/2024\/12\/Manzaneda-fulion-por-o-pobo-de-Cernado-4132.jpg'><img loading=\"lazy\" decoding=\"async\" width=\"1200\" height=\"799\" src=\"https:\/\/entroidosdelorienteourensano.gal\/wp-content\/uploads\/2024\/12\/Manzaneda-fulion-por-o-pobo-de-Cernado-4132.jpg\" class=\"attachment-full size-full\" alt=\"\" srcset=\"https:\/\/entroidosdelorienteourensano.gal\/wp-content\/uploads\/2024\/12\/Manzaneda-fulion-por-o-pobo-de-Cernado-4132.jpg 1200w, https:\/\/entroidosdelorienteourensano.gal\/wp-content\/uploads\/2024\/12\/Manzaneda-fulion-por-o-pobo-de-Cernado-4132-300x200.jpg 300w, https:\/\/entroidosdelorienteourensano.gal\/wp-content\/uploads\/2024\/12\/Manzaneda-fulion-por-o-pobo-de-Cernado-4132-1024x682.jpg 1024w, https:\/\/entroidosdelorienteourensano.gal\/wp-content\/uploads\/2024\/12\/Manzaneda-fulion-por-o-pobo-de-Cernado-4132-768x511.jpg 768w, https:\/\/entroidosdelorienteourensano.gal\/wp-content\/uploads\/2024\/12\/Manzaneda-fulion-por-o-pobo-de-Cernado-4132-480x320.jpg 480w\" sizes=\"(max-width: 1200px) 100vw, 1200px\" title=\"Manzaneda\" \/><\/a>\n\t\t\t<\/dt><\/dl><br style=\"clear: both\" \/><dl class='gallery-item'>\n\t\t\t<dt class='gallery-icon landscape'>\n\t\t\t\t<a data-elementor-open-lightbox=\"yes\" data-elementor-lightbox-slideshow=\"878ae07\" data-elementor-lightbox-title=\"Entroido de Manzaneda\" data-e-action-hash=\"#elementor-action%3Aaction%3Dlightbox%26settings%3DeyJpZCI6MTc1NTEsInVybCI6Imh0dHBzOlwvXC9lbnRyb2lkb3NkZWxvcmllbnRlb3VyZW5zYW5vLmdhbFwvd3AtY29udGVudFwvdXBsb2Fkc1wvMjAyNFwvMTJcL01hemNhcmFzLWJhaWxhbmRvLWVuLU1hbnphbmVkYS0wOTY3LmpwZyIsInNsaWRlc2hvdyI6Ijg3OGFlMDcifQ%3D%3D\" href='https:\/\/entroidosdelorienteourensano.gal\/wp-content\/uploads\/2024\/12\/Mazcaras-bailando-en-Manzaneda-0967.jpg'><img loading=\"lazy\" decoding=\"async\" width=\"1200\" height=\"801\" src=\"https:\/\/entroidosdelorienteourensano.gal\/wp-content\/uploads\/2024\/12\/Mazcaras-bailando-en-Manzaneda-0967.jpg\" class=\"attachment-full size-full\" alt=\"\" srcset=\"https:\/\/entroidosdelorienteourensano.gal\/wp-content\/uploads\/2024\/12\/Mazcaras-bailando-en-Manzaneda-0967.jpg 1200w, https:\/\/entroidosdelorienteourensano.gal\/wp-content\/uploads\/2024\/12\/Mazcaras-bailando-en-Manzaneda-0967-300x200.jpg 300w, https:\/\/entroidosdelorienteourensano.gal\/wp-content\/uploads\/2024\/12\/Mazcaras-bailando-en-Manzaneda-0967-1024x684.jpg 1024w, https:\/\/entroidosdelorienteourensano.gal\/wp-content\/uploads\/2024\/12\/Mazcaras-bailando-en-Manzaneda-0967-768x513.jpg 768w, https:\/\/entroidosdelorienteourensano.gal\/wp-content\/uploads\/2024\/12\/Mazcaras-bailando-en-Manzaneda-0967-480x320.jpg 480w\" sizes=\"(max-width: 1200px) 100vw, 1200px\" title=\"Entroido de Manzaneda\" \/><\/a>\n\t\t\t<\/dt><\/dl><dl class='gallery-item'>\n\t\t\t<dt class='gallery-icon landscape'>\n\t\t\t\t<a data-elementor-open-lightbox=\"yes\" data-elementor-lightbox-slideshow=\"878ae07\" data-elementor-lightbox-title=\"Manzaneda\" data-e-action-hash=\"#elementor-action%3Aaction%3Dlightbox%26settings%3DeyJpZCI6MTc1NTUsInVybCI6Imh0dHBzOlwvXC9lbnRyb2lkb3NkZWxvcmllbnRlb3VyZW5zYW5vLmdhbFwvd3AtY29udGVudFwvdXBsb2Fkc1wvMjAyNFwvMTJcL01hbnphbmVkYS1mdWxpb24tZGUtbGFuZ3VsbG8tbmEtTWF0YS01Mjc3LmpwZyIsInNsaWRlc2hvdyI6Ijg3OGFlMDcifQ%3D%3D\" href='https:\/\/entroidosdelorienteourensano.gal\/wp-content\/uploads\/2024\/12\/Manzaneda-fulion-de-langullo-na-Mata-5277.jpg'><img loading=\"lazy\" decoding=\"async\" width=\"1200\" height=\"799\" src=\"https:\/\/entroidosdelorienteourensano.gal\/wp-content\/uploads\/2024\/12\/Manzaneda-fulion-de-langullo-na-Mata-5277.jpg\" class=\"attachment-full size-full\" alt=\"\" srcset=\"https:\/\/entroidosdelorienteourensano.gal\/wp-content\/uploads\/2024\/12\/Manzaneda-fulion-de-langullo-na-Mata-5277.jpg 1200w, https:\/\/entroidosdelorienteourensano.gal\/wp-content\/uploads\/2024\/12\/Manzaneda-fulion-de-langullo-na-Mata-5277-300x200.jpg 300w, https:\/\/entroidosdelorienteourensano.gal\/wp-content\/uploads\/2024\/12\/Manzaneda-fulion-de-langullo-na-Mata-5277-1024x682.jpg 1024w, https:\/\/entroidosdelorienteourensano.gal\/wp-content\/uploads\/2024\/12\/Manzaneda-fulion-de-langullo-na-Mata-5277-768x511.jpg 768w, https:\/\/entroidosdelorienteourensano.gal\/wp-content\/uploads\/2024\/12\/Manzaneda-fulion-de-langullo-na-Mata-5277-480x320.jpg 480w\" sizes=\"(max-width: 1200px) 100vw, 1200px\" title=\"Manzaneda\" \/><\/a>\n\t\t\t<\/dt><\/dl><br style=\"clear: both\" \/>\n\t\t<\/div>\n\t\t<\/div>\n\t\t\t\t\t\t<\/div>\n\t\t\t\t<\/div>\n\t\t\t\t\t<\/div>\n\t\t<\/div>\n\t\t\t\t<div class=\"elementor-column elementor-col-33 elementor-inner-column elementor-element elementor-element-ef6a706\" data-id=\"ef6a706\" data-element_type=\"column\" data-settings=\"{&quot;animation&quot;:&quot;none&quot;,&quot;animation_delay&quot;:500}\">\n\t\t\t<div class=\"elementor-widget-wrap elementor-element-populated\">\n\t\t\t\t\t\t<div class=\"elementor-element elementor-element-41a8712 gallery-spacing-custom elementor-widget elementor-widget-image-gallery\" data-id=\"41a8712\" data-element_type=\"widget\" data-settings=\"{&quot;_animation&quot;:&quot;none&quot;}\" data-widget_type=\"image-gallery.default\">\n\t\t\t\t<div class=\"elementor-widget-container\">\n\t\t\t\t\t\t\t<div class=\"elementor-image-gallery\">\n\t\t\t\n\t\t<style type=\"text\/css\">\n\t\t\t#gallery-2 {\n\t\t\t\tmargin: auto;\n\t\t\t}\n\t\t\t#gallery-2 .gallery-item {\n\t\t\t\tfloat: left;\n\t\t\t\tmargin-top: 10px;\n\t\t\t\ttext-align: center;\n\t\t\t\twidth: 50%;\n\t\t\t}\n\t\t\t#gallery-2 img {\n\t\t\t\tborder: 2px solid #cfcfcf;\n\t\t\t}\n\t\t\t#gallery-2 .gallery-caption {\n\t\t\t\tmargin-left: 0;\n\t\t\t}\n\t\t\t\/* see gallery_shortcode() in wp-includes\/media.php *\/\n\t\t<\/style>\n\t\t<div id='gallery-2' class='gallery galleryid-8638 gallery-columns-2 gallery-size-full'><dl class='gallery-item'>\n\t\t\t<dt class='gallery-icon landscape'>\n\t\t\t\t<a data-elementor-open-lightbox=\"yes\" data-elementor-lightbox-slideshow=\"41a8712\" data-elementor-lightbox-title=\"Entroido de Viana do Bolo\" data-e-action-hash=\"#elementor-action%3Aaction%3Dlightbox%26settings%3DeyJpZCI6MTc3NzAsInVybCI6Imh0dHBzOlwvXC9lbnRyb2lkb3NkZWxvcmllbnRlb3VyZW5zYW5vLmdhbFwvd3AtY29udGVudFwvdXBsb2Fkc1wvMjAyNFwvMTJcL0dhbGVyaWEtVmlhbmEtMS5qcGciLCJzbGlkZXNob3ciOiI0MWE4NzEyIn0%3D\" href='https:\/\/entroidosdelorienteourensano.gal\/wp-content\/uploads\/2024\/12\/Galeria-Viana-1.jpg'><img loading=\"lazy\" decoding=\"async\" width=\"1200\" height=\"800\" src=\"https:\/\/entroidosdelorienteourensano.gal\/wp-content\/uploads\/2024\/12\/Galeria-Viana-1.jpg\" class=\"attachment-full size-full\" alt=\"\" srcset=\"https:\/\/entroidosdelorienteourensano.gal\/wp-content\/uploads\/2024\/12\/Galeria-Viana-1.jpg 1200w, https:\/\/entroidosdelorienteourensano.gal\/wp-content\/uploads\/2024\/12\/Galeria-Viana-1-300x200.jpg 300w, https:\/\/entroidosdelorienteourensano.gal\/wp-content\/uploads\/2024\/12\/Galeria-Viana-1-1024x683.jpg 1024w, https:\/\/entroidosdelorienteourensano.gal\/wp-content\/uploads\/2024\/12\/Galeria-Viana-1-768x512.jpg 768w, https:\/\/entroidosdelorienteourensano.gal\/wp-content\/uploads\/2024\/12\/Galeria-Viana-1-18x12.jpg 18w, https:\/\/entroidosdelorienteourensano.gal\/wp-content\/uploads\/2024\/12\/Galeria-Viana-1-480x320.jpg 480w\" sizes=\"(max-width: 1200px) 100vw, 1200px\" title=\"Entroido de Viana do Bolo\" \/><\/a>\n\t\t\t<\/dt><\/dl><dl class='gallery-item'>\n\t\t\t<dt class='gallery-icon landscape'>\n\t\t\t\t<a data-elementor-open-lightbox=\"yes\" data-elementor-lightbox-slideshow=\"41a8712\" data-elementor-lightbox-title=\"Viana do Bolo\" data-e-action-hash=\"#elementor-action%3Aaction%3Dlightbox%26settings%3DeyJpZCI6MTc3NzMsInVybCI6Imh0dHBzOlwvXC9lbnRyb2lkb3NkZWxvcmllbnRlb3VyZW5zYW5vLmdhbFwvd3AtY29udGVudFwvdXBsb2Fkc1wvMjAyNFwvMTJcL0dhbGVyaWEtVmlhbmEtNC5qcGciLCJzbGlkZXNob3ciOiI0MWE4NzEyIn0%3D\" href='https:\/\/entroidosdelorienteourensano.gal\/wp-content\/uploads\/2024\/12\/Galeria-Viana-4.jpg'><img loading=\"lazy\" decoding=\"async\" width=\"1200\" height=\"800\" src=\"https:\/\/entroidosdelorienteourensano.gal\/wp-content\/uploads\/2024\/12\/Galeria-Viana-4.jpg\" class=\"attachment-full size-full\" alt=\"\" srcset=\"https:\/\/entroidosdelorienteourensano.gal\/wp-content\/uploads\/2024\/12\/Galeria-Viana-4.jpg 1200w, https:\/\/entroidosdelorienteourensano.gal\/wp-content\/uploads\/2024\/12\/Galeria-Viana-4-300x200.jpg 300w, https:\/\/entroidosdelorienteourensano.gal\/wp-content\/uploads\/2024\/12\/Galeria-Viana-4-1024x683.jpg 1024w, https:\/\/entroidosdelorienteourensano.gal\/wp-content\/uploads\/2024\/12\/Galeria-Viana-4-768x512.jpg 768w, https:\/\/entroidosdelorienteourensano.gal\/wp-content\/uploads\/2024\/12\/Galeria-Viana-4-18x12.jpg 18w, https:\/\/entroidosdelorienteourensano.gal\/wp-content\/uploads\/2024\/12\/Galeria-Viana-4-480x320.jpg 480w\" sizes=\"(max-width: 1200px) 100vw, 1200px\" title=\"Viana do Bolo\" \/><\/a>\n\t\t\t<\/dt><\/dl><br style=\"clear: both\" \/><dl class='gallery-item'>\n\t\t\t<dt class='gallery-icon landscape'>\n\t\t\t\t<a data-elementor-open-lightbox=\"yes\" data-elementor-lightbox-slideshow=\"41a8712\" data-elementor-lightbox-title=\"Entroido de Viana do Bolo\" data-e-action-hash=\"#elementor-action%3Aaction%3Dlightbox%26settings%3DeyJpZCI6MTc3NzIsInVybCI6Imh0dHBzOlwvXC9lbnRyb2lkb3NkZWxvcmllbnRlb3VyZW5zYW5vLmdhbFwvd3AtY29udGVudFwvdXBsb2Fkc1wvMjAyNFwvMTJcL0dhbGVyaWEtVmlhbmEtMy5qcGciLCJzbGlkZXNob3ciOiI0MWE4NzEyIn0%3D\" href='https:\/\/entroidosdelorienteourensano.gal\/wp-content\/uploads\/2024\/12\/Galeria-Viana-3.jpg'><img loading=\"lazy\" decoding=\"async\" width=\"1200\" height=\"800\" src=\"https:\/\/entroidosdelorienteourensano.gal\/wp-content\/uploads\/2024\/12\/Galeria-Viana-3.jpg\" class=\"attachment-full size-full\" alt=\"\" srcset=\"https:\/\/entroidosdelorienteourensano.gal\/wp-content\/uploads\/2024\/12\/Galeria-Viana-3.jpg 1200w, https:\/\/entroidosdelorienteourensano.gal\/wp-content\/uploads\/2024\/12\/Galeria-Viana-3-300x200.jpg 300w, https:\/\/entroidosdelorienteourensano.gal\/wp-content\/uploads\/2024\/12\/Galeria-Viana-3-1024x683.jpg 1024w, https:\/\/entroidosdelorienteourensano.gal\/wp-content\/uploads\/2024\/12\/Galeria-Viana-3-768x512.jpg 768w, https:\/\/entroidosdelorienteourensano.gal\/wp-content\/uploads\/2024\/12\/Galeria-Viana-3-18x12.jpg 18w, https:\/\/entroidosdelorienteourensano.gal\/wp-content\/uploads\/2024\/12\/Galeria-Viana-3-480x320.jpg 480w\" sizes=\"(max-width: 1200px) 100vw, 1200px\" title=\"Entroido de Viana do Bolo\" \/><\/a>\n\t\t\t<\/dt><\/dl><dl class='gallery-item'>\n\t\t\t<dt class='gallery-icon landscape'>\n\t\t\t\t<a data-elementor-open-lightbox=\"yes\" data-elementor-lightbox-slideshow=\"41a8712\" data-elementor-lightbox-title=\"Viana do Bolo\" data-e-action-hash=\"#elementor-action%3Aaction%3Dlightbox%26settings%3DeyJpZCI6MTc3NzEsInVybCI6Imh0dHBzOlwvXC9lbnRyb2lkb3NkZWxvcmllbnRlb3VyZW5zYW5vLmdhbFwvd3AtY29udGVudFwvdXBsb2Fkc1wvMjAyNFwvMTJcL0dhbGVyaWEtVmlhbmEtMi5qcGciLCJzbGlkZXNob3ciOiI0MWE4NzEyIn0%3D\" href='https:\/\/entroidosdelorienteourensano.gal\/wp-content\/uploads\/2024\/12\/Galeria-Viana-2.jpg'><img loading=\"lazy\" decoding=\"async\" width=\"1200\" height=\"801\" src=\"https:\/\/entroidosdelorienteourensano.gal\/wp-content\/uploads\/2024\/12\/Galeria-Viana-2.jpg\" class=\"attachment-full size-full\" alt=\"\" srcset=\"https:\/\/entroidosdelorienteourensano.gal\/wp-content\/uploads\/2024\/12\/Galeria-Viana-2.jpg 1200w, https:\/\/entroidosdelorienteourensano.gal\/wp-content\/uploads\/2024\/12\/Galeria-Viana-2-300x200.jpg 300w, https:\/\/entroidosdelorienteourensano.gal\/wp-content\/uploads\/2024\/12\/Galeria-Viana-2-1024x684.jpg 1024w, https:\/\/entroidosdelorienteourensano.gal\/wp-content\/uploads\/2024\/12\/Galeria-Viana-2-768x513.jpg 768w, https:\/\/entroidosdelorienteourensano.gal\/wp-content\/uploads\/2024\/12\/Galeria-Viana-2-18x12.jpg 18w, https:\/\/entroidosdelorienteourensano.gal\/wp-content\/uploads\/2024\/12\/Galeria-Viana-2-480x320.jpg 480w\" sizes=\"(max-width: 1200px) 100vw, 1200px\" title=\"Viana do Bolo\" \/><\/a>\n\t\t\t<\/dt><\/dl><br style=\"clear: both\" \/><dl class='gallery-item'>\n\t\t\t<dt class='gallery-icon landscape'>\n\t\t\t\t<a data-elementor-open-lightbox=\"yes\" data-elementor-lightbox-slideshow=\"41a8712\" data-elementor-lightbox-title=\"Viana do Bolo\" data-e-action-hash=\"#elementor-action%3Aaction%3Dlightbox%26settings%3DeyJpZCI6MTc3NzQsInVybCI6Imh0dHBzOlwvXC9lbnRyb2lkb3NkZWxvcmllbnRlb3VyZW5zYW5vLmdhbFwvd3AtY29udGVudFwvdXBsb2Fkc1wvMjAyNFwvMTJcL0dhbGVyaWEtVmlhbmEtNS5qcGciLCJzbGlkZXNob3ciOiI0MWE4NzEyIn0%3D\" href='https:\/\/entroidosdelorienteourensano.gal\/wp-content\/uploads\/2024\/12\/Galeria-Viana-5.jpg'><img loading=\"lazy\" decoding=\"async\" width=\"1200\" height=\"800\" src=\"https:\/\/entroidosdelorienteourensano.gal\/wp-content\/uploads\/2024\/12\/Galeria-Viana-5.jpg\" class=\"attachment-full size-full\" alt=\"\" srcset=\"https:\/\/entroidosdelorienteourensano.gal\/wp-content\/uploads\/2024\/12\/Galeria-Viana-5.jpg 1200w, https:\/\/entroidosdelorienteourensano.gal\/wp-content\/uploads\/2024\/12\/Galeria-Viana-5-300x200.jpg 300w, https:\/\/entroidosdelorienteourensano.gal\/wp-content\/uploads\/2024\/12\/Galeria-Viana-5-1024x683.jpg 1024w, https:\/\/entroidosdelorienteourensano.gal\/wp-content\/uploads\/2024\/12\/Galeria-Viana-5-768x512.jpg 768w, https:\/\/entroidosdelorienteourensano.gal\/wp-content\/uploads\/2024\/12\/Galeria-Viana-5-18x12.jpg 18w, https:\/\/entroidosdelorienteourensano.gal\/wp-content\/uploads\/2024\/12\/Galeria-Viana-5-480x320.jpg 480w\" sizes=\"(max-width: 1200px) 100vw, 1200px\" title=\"Viana do Bolo\" \/><\/a>\n\t\t\t<\/dt><\/dl><dl class='gallery-item'>\n\t\t\t<dt class='gallery-icon landscape'>\n\t\t\t\t<a data-elementor-open-lightbox=\"yes\" data-elementor-lightbox-slideshow=\"41a8712\" data-elementor-lightbox-title=\"Viana do Bolo\" data-e-action-hash=\"#elementor-action%3Aaction%3Dlightbox%26settings%3DeyJpZCI6MTc3NzYsInVybCI6Imh0dHBzOlwvXC9lbnRyb2lkb3NkZWxvcmllbnRlb3VyZW5zYW5vLmdhbFwvd3AtY29udGVudFwvdXBsb2Fkc1wvMjAyNFwvMTJcL0dhbGVyaWEtVmlhbmEtNy5qcGciLCJzbGlkZXNob3ciOiI0MWE4NzEyIn0%3D\" href='https:\/\/entroidosdelorienteourensano.gal\/wp-content\/uploads\/2024\/12\/Galeria-Viana-7.jpg'><img loading=\"lazy\" decoding=\"async\" width=\"1200\" height=\"800\" src=\"https:\/\/entroidosdelorienteourensano.gal\/wp-content\/uploads\/2024\/12\/Galeria-Viana-7.jpg\" class=\"attachment-full size-full\" alt=\"\" srcset=\"https:\/\/entroidosdelorienteourensano.gal\/wp-content\/uploads\/2024\/12\/Galeria-Viana-7.jpg 1200w, https:\/\/entroidosdelorienteourensano.gal\/wp-content\/uploads\/2024\/12\/Galeria-Viana-7-300x200.jpg 300w, https:\/\/entroidosdelorienteourensano.gal\/wp-content\/uploads\/2024\/12\/Galeria-Viana-7-1024x683.jpg 1024w, https:\/\/entroidosdelorienteourensano.gal\/wp-content\/uploads\/2024\/12\/Galeria-Viana-7-768x512.jpg 768w, https:\/\/entroidosdelorienteourensano.gal\/wp-content\/uploads\/2024\/12\/Galeria-Viana-7-18x12.jpg 18w, https:\/\/entroidosdelorienteourensano.gal\/wp-content\/uploads\/2024\/12\/Galeria-Viana-7-480x320.jpg 480w\" sizes=\"(max-width: 1200px) 100vw, 1200px\" title=\"Viana do Bolo\" \/><\/a>\n\t\t\t<\/dt><\/dl><br style=\"clear: both\" \/><dl class='gallery-item'>\n\t\t\t<dt class='gallery-icon landscape'>\n\t\t\t\t<a data-elementor-open-lightbox=\"yes\" data-elementor-lightbox-slideshow=\"41a8712\" data-elementor-lightbox-title=\"Viana do Bolo\" data-e-action-hash=\"#elementor-action%3Aaction%3Dlightbox%26settings%3DeyJpZCI6MTc3NzcsInVybCI6Imh0dHBzOlwvXC9lbnRyb2lkb3NkZWxvcmllbnRlb3VyZW5zYW5vLmdhbFwvd3AtY29udGVudFwvdXBsb2Fkc1wvMjAyNFwvMTJcL0dhbGVyaWEtVmlhbmEtOC5qcGciLCJzbGlkZXNob3ciOiI0MWE4NzEyIn0%3D\" href='https:\/\/entroidosdelorienteourensano.gal\/wp-content\/uploads\/2024\/12\/Galeria-Viana-8.jpg'><img loading=\"lazy\" decoding=\"async\" width=\"1200\" height=\"800\" src=\"https:\/\/entroidosdelorienteourensano.gal\/wp-content\/uploads\/2024\/12\/Galeria-Viana-8.jpg\" class=\"attachment-full size-full\" alt=\"\" srcset=\"https:\/\/entroidosdelorienteourensano.gal\/wp-content\/uploads\/2024\/12\/Galeria-Viana-8.jpg 1200w, https:\/\/entroidosdelorienteourensano.gal\/wp-content\/uploads\/2024\/12\/Galeria-Viana-8-300x200.jpg 300w, https:\/\/entroidosdelorienteourensano.gal\/wp-content\/uploads\/2024\/12\/Galeria-Viana-8-1024x683.jpg 1024w, https:\/\/entroidosdelorienteourensano.gal\/wp-content\/uploads\/2024\/12\/Galeria-Viana-8-768x512.jpg 768w, https:\/\/entroidosdelorienteourensano.gal\/wp-content\/uploads\/2024\/12\/Galeria-Viana-8-18x12.jpg 18w, https:\/\/entroidosdelorienteourensano.gal\/wp-content\/uploads\/2024\/12\/Galeria-Viana-8-480x320.jpg 480w\" sizes=\"(max-width: 1200px) 100vw, 1200px\" title=\"Viana do Bolo\" \/><\/a>\n\t\t\t<\/dt><\/dl><dl class='gallery-item'>\n\t\t\t<dt class='gallery-icon landscape'>\n\t\t\t\t<a data-elementor-open-lightbox=\"yes\" data-elementor-lightbox-slideshow=\"41a8712\" data-elementor-lightbox-title=\"Viana do Bolo\" data-e-action-hash=\"#elementor-action%3Aaction%3Dlightbox%26settings%3DeyJpZCI6MTc3NzUsInVybCI6Imh0dHBzOlwvXC9lbnRyb2lkb3NkZWxvcmllbnRlb3VyZW5zYW5vLmdhbFwvd3AtY29udGVudFwvdXBsb2Fkc1wvMjAyNFwvMTJcL0dhbGVyaWEtVmlhbmEtNi5qcGciLCJzbGlkZXNob3ciOiI0MWE4NzEyIn0%3D\" href='https:\/\/entroidosdelorienteourensano.gal\/wp-content\/uploads\/2024\/12\/Galeria-Viana-6.jpg'><img loading=\"lazy\" decoding=\"async\" width=\"1200\" height=\"800\" src=\"https:\/\/entroidosdelorienteourensano.gal\/wp-content\/uploads\/2024\/12\/Galeria-Viana-6.jpg\" class=\"attachment-full size-full\" alt=\"\" srcset=\"https:\/\/entroidosdelorienteourensano.gal\/wp-content\/uploads\/2024\/12\/Galeria-Viana-6.jpg 1200w, https:\/\/entroidosdelorienteourensano.gal\/wp-content\/uploads\/2024\/12\/Galeria-Viana-6-300x200.jpg 300w, https:\/\/entroidosdelorienteourensano.gal\/wp-content\/uploads\/2024\/12\/Galeria-Viana-6-1024x683.jpg 1024w, https:\/\/entroidosdelorienteourensano.gal\/wp-content\/uploads\/2024\/12\/Galeria-Viana-6-768x512.jpg 768w, https:\/\/entroidosdelorienteourensano.gal\/wp-content\/uploads\/2024\/12\/Galeria-Viana-6-18x12.jpg 18w, https:\/\/entroidosdelorienteourensano.gal\/wp-content\/uploads\/2024\/12\/Galeria-Viana-6-480x320.jpg 480w\" sizes=\"(max-width: 1200px) 100vw, 1200px\" title=\"Viana do Bolo\" \/><\/a>\n\t\t\t<\/dt><\/dl><br style=\"clear: both\" \/>\n\t\t<\/div>\n\t\t<\/div>\n\t\t\t\t\t\t<\/div>\n\t\t\t\t<\/div>\n\t\t\t\t\t<\/div>\n\t\t<\/div>\n\t\t\t\t<div class=\"elementor-column elementor-col-33 elementor-inner-column elementor-element elementor-element-5ccdae8\" data-id=\"5ccdae8\" data-element_type=\"column\" data-settings=\"{&quot;animation&quot;:&quot;none&quot;,&quot;animation_delay&quot;:1000}\">\n\t\t\t<div class=\"elementor-widget-wrap elementor-element-populated\">\n\t\t\t\t\t\t<div class=\"elementor-element elementor-element-e1cc58f gallery-spacing-custom elementor-widget elementor-widget-image-gallery\" data-id=\"e1cc58f\" data-element_type=\"widget\" data-settings=\"{&quot;_animation&quot;:&quot;none&quot;}\" data-widget_type=\"image-gallery.default\">\n\t\t\t\t<div class=\"elementor-widget-container\">\n\t\t\t\t\t\t\t<div class=\"elementor-image-gallery\">\n\t\t\t\n\t\t<style type=\"text\/css\">\n\t\t\t#gallery-3 {\n\t\t\t\tmargin: auto;\n\t\t\t}\n\t\t\t#gallery-3 .gallery-item {\n\t\t\t\tfloat: left;\n\t\t\t\tmargin-top: 10px;\n\t\t\t\ttext-align: center;\n\t\t\t\twidth: 50%;\n\t\t\t}\n\t\t\t#gallery-3 img {\n\t\t\t\tborder: 2px solid #cfcfcf;\n\t\t\t}\n\t\t\t#gallery-3 .gallery-caption {\n\t\t\t\tmargin-left: 0;\n\t\t\t}\n\t\t\t\/* see gallery_shortcode() in wp-includes\/media.php *\/\n\t\t<\/style>\n\t\t<div id='gallery-3' class='gallery galleryid-8638 gallery-columns-2 gallery-size-full'><dl class='gallery-item'>\n\t\t\t<dt class='gallery-icon landscape'>\n\t\t\t\t<a data-elementor-open-lightbox=\"yes\" data-elementor-lightbox-slideshow=\"e1cc58f\" data-elementor-lightbox-title=\"Vilari\u00f1o de Conso\" data-e-action-hash=\"#elementor-action%3Aaction%3Dlightbox%26settings%3DeyJpZCI6MTc3ODYsInVybCI6Imh0dHBzOlwvXC9lbnRyb2lkb3NkZWxvcmllbnRlb3VyZW5zYW5vLmdhbFwvd3AtY29udGVudFwvdXBsb2Fkc1wvMjAyNFwvMTJcL0dhbGVyaWEtVmlsYXJpbm8tOC5qcGciLCJzbGlkZXNob3ciOiJlMWNjNThmIn0%3D\" href='https:\/\/entroidosdelorienteourensano.gal\/wp-content\/uploads\/2024\/12\/Galeria-Vilarino-8.jpg'><img loading=\"lazy\" decoding=\"async\" width=\"1200\" height=\"800\" src=\"https:\/\/entroidosdelorienteourensano.gal\/wp-content\/uploads\/2024\/12\/Galeria-Vilarino-8.jpg\" class=\"attachment-full size-full\" alt=\"\" srcset=\"https:\/\/entroidosdelorienteourensano.gal\/wp-content\/uploads\/2024\/12\/Galeria-Vilarino-8.jpg 1200w, https:\/\/entroidosdelorienteourensano.gal\/wp-content\/uploads\/2024\/12\/Galeria-Vilarino-8-300x200.jpg 300w, https:\/\/entroidosdelorienteourensano.gal\/wp-content\/uploads\/2024\/12\/Galeria-Vilarino-8-1024x683.jpg 1024w, https:\/\/entroidosdelorienteourensano.gal\/wp-content\/uploads\/2024\/12\/Galeria-Vilarino-8-768x512.jpg 768w, https:\/\/entroidosdelorienteourensano.gal\/wp-content\/uploads\/2024\/12\/Galeria-Vilarino-8-18x12.jpg 18w, https:\/\/entroidosdelorienteourensano.gal\/wp-content\/uploads\/2024\/12\/Galeria-Vilarino-8-480x320.jpg 480w\" sizes=\"(max-width: 1200px) 100vw, 1200px\" title=\"Vilari\u00f1o de Conso\" \/><\/a>\n\t\t\t<\/dt><\/dl><dl class='gallery-item'>\n\t\t\t<dt class='gallery-icon landscape'>\n\t\t\t\t<a data-elementor-open-lightbox=\"yes\" data-elementor-lightbox-slideshow=\"e1cc58f\" data-elementor-lightbox-title=\"Vilari\u00f1o de Conso\" data-e-action-hash=\"#elementor-action%3Aaction%3Dlightbox%26settings%3DeyJpZCI6MTc3ODQsInVybCI6Imh0dHBzOlwvXC9lbnRyb2lkb3NkZWxvcmllbnRlb3VyZW5zYW5vLmdhbFwvd3AtY29udGVudFwvdXBsb2Fkc1wvMjAyNFwvMTJcL0dhbGVyaWEtVmlsYXJpbm8tNi5qcGciLCJzbGlkZXNob3ciOiJlMWNjNThmIn0%3D\" href='https:\/\/entroidosdelorienteourensano.gal\/wp-content\/uploads\/2024\/12\/Galeria-Vilarino-6.jpg'><img loading=\"lazy\" decoding=\"async\" width=\"1200\" height=\"800\" src=\"https:\/\/entroidosdelorienteourensano.gal\/wp-content\/uploads\/2024\/12\/Galeria-Vilarino-6.jpg\" class=\"attachment-full size-full\" alt=\"\" srcset=\"https:\/\/entroidosdelorienteourensano.gal\/wp-content\/uploads\/2024\/12\/Galeria-Vilarino-6.jpg 1200w, https:\/\/entroidosdelorienteourensano.gal\/wp-content\/uploads\/2024\/12\/Galeria-Vilarino-6-300x200.jpg 300w, https:\/\/entroidosdelorienteourensano.gal\/wp-content\/uploads\/2024\/12\/Galeria-Vilarino-6-1024x683.jpg 1024w, https:\/\/entroidosdelorienteourensano.gal\/wp-content\/uploads\/2024\/12\/Galeria-Vilarino-6-768x512.jpg 768w, https:\/\/entroidosdelorienteourensano.gal\/wp-content\/uploads\/2024\/12\/Galeria-Vilarino-6-18x12.jpg 18w, https:\/\/entroidosdelorienteourensano.gal\/wp-content\/uploads\/2024\/12\/Galeria-Vilarino-6-480x320.jpg 480w\" sizes=\"(max-width: 1200px) 100vw, 1200px\" title=\"Vilari\u00f1o de Conso\" \/><\/a>\n\t\t\t<\/dt><\/dl><br style=\"clear: both\" \/><dl class='gallery-item'>\n\t\t\t<dt class='gallery-icon landscape'>\n\t\t\t\t<a data-elementor-open-lightbox=\"yes\" data-elementor-lightbox-slideshow=\"e1cc58f\" data-elementor-lightbox-title=\"Vilari\u00f1o de Conso\" data-e-action-hash=\"#elementor-action%3Aaction%3Dlightbox%26settings%3DeyJpZCI6MTc3ODIsInVybCI6Imh0dHBzOlwvXC9lbnRyb2lkb3NkZWxvcmllbnRlb3VyZW5zYW5vLmdhbFwvd3AtY29udGVudFwvdXBsb2Fkc1wvMjAyNFwvMTJcL0dhbGVyaWEtVmlsYXJpbm8tNC5qcGciLCJzbGlkZXNob3ciOiJlMWNjNThmIn0%3D\" href='https:\/\/entroidosdelorienteourensano.gal\/wp-content\/uploads\/2024\/12\/Galeria-Vilarino-4.jpg'><img loading=\"lazy\" decoding=\"async\" width=\"1200\" height=\"801\" src=\"https:\/\/entroidosdelorienteourensano.gal\/wp-content\/uploads\/2024\/12\/Galeria-Vilarino-4.jpg\" class=\"attachment-full size-full\" alt=\"\" srcset=\"https:\/\/entroidosdelorienteourensano.gal\/wp-content\/uploads\/2024\/12\/Galeria-Vilarino-4.jpg 1200w, https:\/\/entroidosdelorienteourensano.gal\/wp-content\/uploads\/2024\/12\/Galeria-Vilarino-4-300x200.jpg 300w, https:\/\/entroidosdelorienteourensano.gal\/wp-content\/uploads\/2024\/12\/Galeria-Vilarino-4-1024x684.jpg 1024w, https:\/\/entroidosdelorienteourensano.gal\/wp-content\/uploads\/2024\/12\/Galeria-Vilarino-4-768x513.jpg 768w, https:\/\/entroidosdelorienteourensano.gal\/wp-content\/uploads\/2024\/12\/Galeria-Vilarino-4-18x12.jpg 18w, https:\/\/entroidosdelorienteourensano.gal\/wp-content\/uploads\/2024\/12\/Galeria-Vilarino-4-480x320.jpg 480w\" sizes=\"(max-width: 1200px) 100vw, 1200px\" title=\"Vilari\u00f1o de Conso\" \/><\/a>\n\t\t\t<\/dt><\/dl><dl class='gallery-item'>\n\t\t\t<dt class='gallery-icon landscape'>\n\t\t\t\t<a data-elementor-open-lightbox=\"yes\" data-elementor-lightbox-slideshow=\"e1cc58f\" data-elementor-lightbox-title=\"Vilari\u00f1o de Conso\" data-e-action-hash=\"#elementor-action%3Aaction%3Dlightbox%26settings%3DeyJpZCI6MTc3ODUsInVybCI6Imh0dHBzOlwvXC9lbnRyb2lkb3NkZWxvcmllbnRlb3VyZW5zYW5vLmdhbFwvd3AtY29udGVudFwvdXBsb2Fkc1wvMjAyNFwvMTJcL0dhbGVyaWEtVmlsYXJpbm8tNy5qcGciLCJzbGlkZXNob3ciOiJlMWNjNThmIn0%3D\" href='https:\/\/entroidosdelorienteourensano.gal\/wp-content\/uploads\/2024\/12\/Galeria-Vilarino-7.jpg'><img loading=\"lazy\" decoding=\"async\" width=\"1200\" height=\"801\" src=\"https:\/\/entroidosdelorienteourensano.gal\/wp-content\/uploads\/2024\/12\/Galeria-Vilarino-7.jpg\" class=\"attachment-full size-full\" alt=\"\" srcset=\"https:\/\/entroidosdelorienteourensano.gal\/wp-content\/uploads\/2024\/12\/Galeria-Vilarino-7.jpg 1200w, https:\/\/entroidosdelorienteourensano.gal\/wp-content\/uploads\/2024\/12\/Galeria-Vilarino-7-300x200.jpg 300w, https:\/\/entroidosdelorienteourensano.gal\/wp-content\/uploads\/2024\/12\/Galeria-Vilarino-7-1024x684.jpg 1024w, https:\/\/entroidosdelorienteourensano.gal\/wp-content\/uploads\/2024\/12\/Galeria-Vilarino-7-768x513.jpg 768w, https:\/\/entroidosdelorienteourensano.gal\/wp-content\/uploads\/2024\/12\/Galeria-Vilarino-7-18x12.jpg 18w, https:\/\/entroidosdelorienteourensano.gal\/wp-content\/uploads\/2024\/12\/Galeria-Vilarino-7-480x320.jpg 480w\" sizes=\"(max-width: 1200px) 100vw, 1200px\" title=\"Vilari\u00f1o de Conso\" \/><\/a>\n\t\t\t<\/dt><\/dl><br style=\"clear: both\" \/><dl class='gallery-item'>\n\t\t\t<dt class='gallery-icon landscape'>\n\t\t\t\t<a data-elementor-open-lightbox=\"yes\" data-elementor-lightbox-slideshow=\"e1cc58f\" data-elementor-lightbox-title=\"Vilari\u00f1o de Conso\" data-e-action-hash=\"#elementor-action%3Aaction%3Dlightbox%26settings%3DeyJpZCI6MTc3ODAsInVybCI6Imh0dHBzOlwvXC9lbnRyb2lkb3NkZWxvcmllbnRlb3VyZW5zYW5vLmdhbFwvd3AtY29udGVudFwvdXBsb2Fkc1wvMjAyNFwvMTJcL0dhbGVyaWEtVmlsYXJpbm8tMi5qcGciLCJzbGlkZXNob3ciOiJlMWNjNThmIn0%3D\" href='https:\/\/entroidosdelorienteourensano.gal\/wp-content\/uploads\/2024\/12\/Galeria-Vilarino-2.jpg'><img loading=\"lazy\" decoding=\"async\" width=\"1200\" height=\"800\" src=\"https:\/\/entroidosdelorienteourensano.gal\/wp-content\/uploads\/2024\/12\/Galeria-Vilarino-2.jpg\" class=\"attachment-full size-full\" alt=\"\" srcset=\"https:\/\/entroidosdelorienteourensano.gal\/wp-content\/uploads\/2024\/12\/Galeria-Vilarino-2.jpg 1200w, https:\/\/entroidosdelorienteourensano.gal\/wp-content\/uploads\/2024\/12\/Galeria-Vilarino-2-300x200.jpg 300w, https:\/\/entroidosdelorienteourensano.gal\/wp-content\/uploads\/2024\/12\/Galeria-Vilarino-2-1024x683.jpg 1024w, https:\/\/entroidosdelorienteourensano.gal\/wp-content\/uploads\/2024\/12\/Galeria-Vilarino-2-768x512.jpg 768w, https:\/\/entroidosdelorienteourensano.gal\/wp-content\/uploads\/2024\/12\/Galeria-Vilarino-2-18x12.jpg 18w, https:\/\/entroidosdelorienteourensano.gal\/wp-content\/uploads\/2024\/12\/Galeria-Vilarino-2-480x320.jpg 480w\" sizes=\"(max-width: 1200px) 100vw, 1200px\" title=\"Vilari\u00f1o de Conso\" \/><\/a>\n\t\t\t<\/dt><\/dl><dl class='gallery-item'>\n\t\t\t<dt class='gallery-icon landscape'>\n\t\t\t\t<a data-elementor-open-lightbox=\"yes\" data-elementor-lightbox-slideshow=\"e1cc58f\" data-elementor-lightbox-title=\"Vilari\u00f1o de Conso\" data-e-action-hash=\"#elementor-action%3Aaction%3Dlightbox%26settings%3DeyJpZCI6MTc3ODMsInVybCI6Imh0dHBzOlwvXC9lbnRyb2lkb3NkZWxvcmllbnRlb3VyZW5zYW5vLmdhbFwvd3AtY29udGVudFwvdXBsb2Fkc1wvMjAyNFwvMTJcL0dhbGVyaWEtVmlsYXJpbm8tNS5qcGciLCJzbGlkZXNob3ciOiJlMWNjNThmIn0%3D\" href='https:\/\/entroidosdelorienteourensano.gal\/wp-content\/uploads\/2024\/12\/Galeria-Vilarino-5.jpg'><img loading=\"lazy\" decoding=\"async\" width=\"1200\" height=\"800\" src=\"https:\/\/entroidosdelorienteourensano.gal\/wp-content\/uploads\/2024\/12\/Galeria-Vilarino-5.jpg\" class=\"attachment-full size-full\" alt=\"\" srcset=\"https:\/\/entroidosdelorienteourensano.gal\/wp-content\/uploads\/2024\/12\/Galeria-Vilarino-5.jpg 1200w, https:\/\/entroidosdelorienteourensano.gal\/wp-content\/uploads\/2024\/12\/Galeria-Vilarino-5-300x200.jpg 300w, https:\/\/entroidosdelorienteourensano.gal\/wp-content\/uploads\/2024\/12\/Galeria-Vilarino-5-1024x683.jpg 1024w, https:\/\/entroidosdelorienteourensano.gal\/wp-content\/uploads\/2024\/12\/Galeria-Vilarino-5-768x512.jpg 768w, https:\/\/entroidosdelorienteourensano.gal\/wp-content\/uploads\/2024\/12\/Galeria-Vilarino-5-18x12.jpg 18w, https:\/\/entroidosdelorienteourensano.gal\/wp-content\/uploads\/2024\/12\/Galeria-Vilarino-5-480x320.jpg 480w\" sizes=\"(max-width: 1200px) 100vw, 1200px\" title=\"Vilari\u00f1o de Conso\" \/><\/a>\n\t\t\t<\/dt><\/dl><br style=\"clear: both\" \/><dl class='gallery-item'>\n\t\t\t<dt class='gallery-icon landscape'>\n\t\t\t\t<a data-elementor-open-lightbox=\"yes\" data-elementor-lightbox-slideshow=\"e1cc58f\" data-elementor-lightbox-title=\"Vilari\u00f1o de Conso\" data-e-action-hash=\"#elementor-action%3Aaction%3Dlightbox%26settings%3DeyJpZCI6MTc3ODEsInVybCI6Imh0dHBzOlwvXC9lbnRyb2lkb3NkZWxvcmllbnRlb3VyZW5zYW5vLmdhbFwvd3AtY29udGVudFwvdXBsb2Fkc1wvMjAyNFwvMTJcL0dhbGVyaWEtVmlsYXJpbm8tMy5qcGciLCJzbGlkZXNob3ciOiJlMWNjNThmIn0%3D\" href='https:\/\/entroidosdelorienteourensano.gal\/wp-content\/uploads\/2024\/12\/Galeria-Vilarino-3.jpg'><img loading=\"lazy\" decoding=\"async\" width=\"1200\" height=\"800\" src=\"https:\/\/entroidosdelorienteourensano.gal\/wp-content\/uploads\/2024\/12\/Galeria-Vilarino-3.jpg\" class=\"attachment-full size-full\" alt=\"\" srcset=\"https:\/\/entroidosdelorienteourensano.gal\/wp-content\/uploads\/2024\/12\/Galeria-Vilarino-3.jpg 1200w, https:\/\/entroidosdelorienteourensano.gal\/wp-content\/uploads\/2024\/12\/Galeria-Vilarino-3-300x200.jpg 300w, https:\/\/entroidosdelorienteourensano.gal\/wp-content\/uploads\/2024\/12\/Galeria-Vilarino-3-1024x683.jpg 1024w, https:\/\/entroidosdelorienteourensano.gal\/wp-content\/uploads\/2024\/12\/Galeria-Vilarino-3-768x512.jpg 768w, https:\/\/entroidosdelorienteourensano.gal\/wp-content\/uploads\/2024\/12\/Galeria-Vilarino-3-18x12.jpg 18w, https:\/\/entroidosdelorienteourensano.gal\/wp-content\/uploads\/2024\/12\/Galeria-Vilarino-3-480x320.jpg 480w\" sizes=\"(max-width: 1200px) 100vw, 1200px\" title=\"Vilari\u00f1o de Conso\" \/><\/a>\n\t\t\t<\/dt><\/dl><dl class='gallery-item'>\n\t\t\t<dt class='gallery-icon landscape'>\n\t\t\t\t<a data-elementor-open-lightbox=\"yes\" data-elementor-lightbox-slideshow=\"e1cc58f\" data-elementor-lightbox-title=\"Vilari\u00f1o de Conso\" data-e-action-hash=\"#elementor-action%3Aaction%3Dlightbox%26settings%3DeyJpZCI6MTc3NzksInVybCI6Imh0dHBzOlwvXC9lbnRyb2lkb3NkZWxvcmllbnRlb3VyZW5zYW5vLmdhbFwvd3AtY29udGVudFwvdXBsb2Fkc1wvMjAyNFwvMTJcL0dhbGVyaWEtVmlsYXJpbm8tMS5qcGciLCJzbGlkZXNob3ciOiJlMWNjNThmIn0%3D\" href='https:\/\/entroidosdelorienteourensano.gal\/wp-content\/uploads\/2024\/12\/Galeria-Vilarino-1.jpg'><img loading=\"lazy\" decoding=\"async\" width=\"1200\" height=\"801\" src=\"https:\/\/entroidosdelorienteourensano.gal\/wp-content\/uploads\/2024\/12\/Galeria-Vilarino-1.jpg\" class=\"attachment-full size-full\" alt=\"\" srcset=\"https:\/\/entroidosdelorienteourensano.gal\/wp-content\/uploads\/2024\/12\/Galeria-Vilarino-1.jpg 1200w, https:\/\/entroidosdelorienteourensano.gal\/wp-content\/uploads\/2024\/12\/Galeria-Vilarino-1-300x200.jpg 300w, https:\/\/entroidosdelorienteourensano.gal\/wp-content\/uploads\/2024\/12\/Galeria-Vilarino-1-1024x684.jpg 1024w, https:\/\/entroidosdelorienteourensano.gal\/wp-content\/uploads\/2024\/12\/Galeria-Vilarino-1-768x513.jpg 768w, https:\/\/entroidosdelorienteourensano.gal\/wp-content\/uploads\/2024\/12\/Galeria-Vilarino-1-18x12.jpg 18w, https:\/\/entroidosdelorienteourensano.gal\/wp-content\/uploads\/2024\/12\/Galeria-Vilarino-1-480x320.jpg 480w\" sizes=\"(max-width: 1200px) 100vw, 1200px\" title=\"Vilari\u00f1o de Conso\" \/><\/a>\n\t\t\t<\/dt><\/dl><br style=\"clear: both\" \/>\n\t\t<\/div>\n\t\t<\/div>\n\t\t\t\t\t\t<\/div>\n\t\t\t\t<\/div>\n\t\t\t\t\t<\/div>\n\t\t<\/div>\n\t\t\t\t\t<\/div>\n\t\t<\/section>\n\t\t\t\t<div class=\"elementor-element elementor-element-2476f30b elementor-widget elementor-widget-spacer\" data-id=\"2476f30b\" data-element_type=\"widget\" data-widget_type=\"spacer.default\">\n\t\t\t\t<div class=\"elementor-widget-container\">\n\t\t\t\t\t\t\t<div class=\"elementor-spacer\">\n\t\t\t<div class=\"elementor-spacer-inner\"><\/div>\n\t\t<\/div>\n\t\t\t\t\t\t<\/div>\n\t\t\t\t<\/div>\n\t\t\t\t<div class=\"elementor-element-custom_font_size elementor-element elementor-element-7350e7e elementor-invisible elementor-widget elementor-widget-text-editor\" data-id=\"7350e7e\" data-element_type=\"widget\" data-settings=\"{&quot;_animation&quot;:&quot;fadeInUp&quot;}\" data-widget_type=\"text-editor.default\">\n\t\t\t\t<div class=\"elementor-widget-container\">\n\t\t\t\t\t\t\t\t\t<p>Una de las singularidades m\u00e1s importantes y conocidas son las m\u00e1scaras y personajes identificativos de cada uno de estos Entroidos. En Manzaneda, la tradicional M\u00e1zcara, y la figura del Boteiro en Vilari\u00f1o de Conso y Viana do Bolo. Adem\u00e1s, las tres celebraciones, (quitar la coma) festejan los \u201cxoves de compadres\u201d y \u201cxoves de comadres\u201d, en dos jueves consecutivos, saliendo a celebrar por separado, los varones en primer lugar, y las mujeres al jueves siguiente, la llegada del Entroido.<\/p><p>Las tres celebraciones poseen una fiesta gastron\u00f3mica asociada, que ayuda a superar el fr\u00edo propio de estas fechas. En el caso de Manzaneda, se trata de la comida tradicional de Entroido tras el desfile del martes; en Vilari\u00f1o de Conso se celebra la Fiesta del Cabrito coincidiendo con el domingo gordo de Entroido, al igual que en Viana do Bolo, cuando se celebra la tradicional Fiesta de la Androlla.<\/p><p>Cando o Entroido chega a s\u00faa fin, o m\u00e9rcores de cinza, nas tres localidades desp\u00eddese do mesmo xeito: con tristura e choros pola finalizaci\u00f3n da festa.<\/p>\t\t\t\t\t\t\t\t<\/div>\n\t\t\t\t<\/div>\n\t\t\t\t\t<\/div>\n\t\t<\/div>\n\t\t\t\t\t<\/div>\n\t\t<\/section>\n\t\t\t\t<section class=\"elementor-section elementor-top-section elementor-element elementor-element-188f5621 elementor-section-stretched elementor-section-boxed elementor-section-height-default elementor-section-height-default\" data-id=\"188f5621\" data-element_type=\"section\" data-settings=\"{&quot;stretch_section&quot;:&quot;section-stretched&quot;,&quot;background_background&quot;:&quot;classic&quot;}\">\n\t\t\t\t\t\t<div class=\"elementor-container elementor-column-gap-default\">\n\t\t\t\t\t<div class=\"elementor-column elementor-col-100 elementor-top-column elementor-element elementor-element-c9f17fd\" data-id=\"c9f17fd\" data-element_type=\"column\">\n\t\t\t<div class=\"elementor-widget-wrap elementor-element-populated\">\n\t\t\t\t\t\t<div class=\"elementor-element elementor-element-308cfb76 elementor-widget elementor-widget-spacer\" data-id=\"308cfb76\" data-element_type=\"widget\" data-widget_type=\"spacer.default\">\n\t\t\t\t<div class=\"elementor-widget-container\">\n\t\t\t\t\t\t\t<div class=\"elementor-spacer\">\n\t\t\t<div class=\"elementor-spacer-inner\"><\/div>\n\t\t<\/div>\n\t\t\t\t\t\t<\/div>\n\t\t\t\t<\/div>\n\t\t\t\t\t<\/div>\n\t\t<\/div>\n\t\t\t\t\t<\/div>\n\t\t<\/section>\n\t\t\t\t<section class=\"elementor-section elementor-top-section elementor-element elementor-element-46519ce elementor-section-boxed elementor-section-height-default elementor-section-height-default\" data-id=\"46519ce\" data-element_type=\"section\" id=\"venaconocernos\" data-settings=\"{&quot;background_background&quot;:&quot;classic&quot;}\">\n\t\t\t\t\t\t<div class=\"elementor-container elementor-column-gap-extended\">\n\t\t\t\t\t<div class=\"elementor-column elementor-col-100 elementor-top-column elementor-element elementor-element-ab2c491\" data-id=\"ab2c491\" data-element_type=\"column\">\n\t\t\t<div class=\"elementor-widget-wrap elementor-element-populated\">\n\t\t\t\t\t\t<div class=\"elementor-element elementor-element-7e0b8d2 elementor-invisible elementor-widget elementor-widget-heading\" data-id=\"7e0b8d2\" data-element_type=\"widget\" data-settings=\"{&quot;_animation&quot;:&quot;fadeIn&quot;}\" data-widget_type=\"heading.default\">\n\t\t\t\t<div class=\"elementor-widget-container\">\n\t\t\t\t\t<h2 class=\"elementor-heading-title elementor-size-default\">Conociendo los tres municipios<\/h2>\t\t\t\t<\/div>\n\t\t\t\t<\/div>\n\t\t\t\t<section class=\"elementor-section elementor-inner-section elementor-element elementor-element-0b49c5b elementor-section-boxed elementor-section-height-default elementor-section-height-default\" data-id=\"0b49c5b\" data-element_type=\"section\">\n\t\t\t\t\t\t<div class=\"elementor-container elementor-column-gap-default\">\n\t\t\t\t\t<div class=\"elementor-column elementor-col-100 elementor-inner-column elementor-element elementor-element-ae9501b\" data-id=\"ae9501b\" data-element_type=\"column\">\n\t\t\t<div class=\"elementor-widget-wrap elementor-element-populated\">\n\t\t\t\t\t\t<div class=\"elementor-element elementor-element-039e19c elementor-widget elementor-widget-spacer\" data-id=\"039e19c\" data-element_type=\"widget\" data-widget_type=\"spacer.default\">\n\t\t\t\t<div class=\"elementor-widget-container\">\n\t\t\t\t\t\t\t<div class=\"elementor-spacer\">\n\t\t\t<div class=\"elementor-spacer-inner\"><\/div>\n\t\t<\/div>\n\t\t\t\t\t\t<\/div>\n\t\t\t\t<\/div>\n\t\t\t\t\t<\/div>\n\t\t<\/div>\n\t\t\t\t\t<\/div>\n\t\t<\/section>\n\t\t\t\t<section class=\"elementor-section elementor-inner-section elementor-element elementor-element-52e2003 gt3_landing_home elementor-section-boxed elementor-section-height-default elementor-section-height-default elementor-invisible\" data-id=\"52e2003\" data-element_type=\"section\" data-settings=\"{&quot;animation&quot;:&quot;gt3-fadeinup-animation&quot;}\">\n\t\t\t\t\t\t<div class=\"elementor-container elementor-column-gap-default\">\n\t\t\t\t\t<div class=\"elementor-column elementor-col-33 elementor-inner-column elementor-element elementor-element-3eea72d\" data-id=\"3eea72d\" data-element_type=\"column\">\n\t\t\t<div class=\"elementor-widget-wrap elementor-element-populated\">\n\t\t\t\t\t\t<div class=\"elementor-element elementor-element-6b4b274 elementor-widget elementor-widget-spacer\" data-id=\"6b4b274\" data-element_type=\"widget\" data-widget_type=\"spacer.default\">\n\t\t\t\t<div class=\"elementor-widget-container\">\n\t\t\t\t\t\t\t<div class=\"elementor-spacer\">\n\t\t\t<div class=\"elementor-spacer-inner\"><\/div>\n\t\t<\/div>\n\t\t\t\t\t\t<\/div>\n\t\t\t\t<\/div>\n\t\t\t\t<div class=\"elementor-element elementor-element-363caeb elementor-widget elementor-widget-heading\" data-id=\"363caeb\" data-element_type=\"widget\" data-widget_type=\"heading.default\">\n\t\t\t\t<div class=\"elementor-widget-container\">\n\t\t\t\t\t<h2 class=\"elementor-heading-title elementor-size-default\">Manzaneda<\/h2>\t\t\t\t<\/div>\n\t\t\t\t<\/div>\n\t\t\t\t<div class=\"elementor-element elementor-element-09f1ec2 elementor-align-center elementor-widget__width-inherit elementor-widget elementor-widget-button\" data-id=\"09f1ec2\" data-element_type=\"widget\" data-widget_type=\"button.default\">\n\t\t\t\t<div class=\"elementor-widget-container\">\n\t\t\t\t\t\t\t\t\t<div class=\"elementor-button-wrapper\">\n\t\t\t\t\t<a class=\"elementor-button elementor-button-link elementor-size-sm\" href=\"http:\/\/concellodemanzaneda.es\/turismo-2\/\" target=\"_blank\">\n\t\t\t\t\t\t<span class=\"elementor-button-content-wrapper\">\n\t\t\t\t\t\t\t\t\t<span class=\"elementor-button-text\">\u00a1Ven a conocerlo!<\/span>\n\t\t\t\t\t<\/span>\n\t\t\t\t\t<\/a>\n\t\t\t\t<\/div>\n\t\t\t\t\t\t\t\t<\/div>\n\t\t\t\t<\/div>\n\t\t\t\t<div class=\"elementor-element-custom_color elementor-element elementor-element-d2b5da4 elementor-invisible elementor-widget elementor-widget-text-editor\" data-id=\"d2b5da4\" data-element_type=\"widget\" data-settings=\"{&quot;_animation&quot;:&quot;fadeIn&quot;}\" data-widget_type=\"text-editor.default\">\n\t\t\t\t<div class=\"elementor-widget-container\">\n\t\t\t\t\t\t\t\t\t<p>El visitante que elige Manzaneda puede acercarse a lugares de inter\u00e9s en todo el municipio. Adem\u00e1s, la cercan\u00eda con la \u00fanica estaci\u00f3n de invierno de Galicia, hace de este ayuntamiento uno de los grandes del turismo de monta\u00f1a, fundamentalmente en temporada de invierno, aunque cada d\u00eda es mayor el turismo estacional que lo visita, no solo por el atractivo tur\u00edstico de la Estaci\u00f3n, sino tambi\u00e9n por conocer otros lugares del propio entorno y otros muy pr\u00f3ximos a \u00e9l como es el lugar de las Ermitas, donde se encuentra enclavado uno de los santuarios de m\u00e1s tradici\u00f3n pagana y religiosa del oriente orensano.<\/p>\t\t\t\t\t\t\t\t<\/div>\n\t\t\t\t<\/div>\n\t\t\t\t\t<\/div>\n\t\t<\/div>\n\t\t\t\t<div class=\"elementor-column elementor-col-33 elementor-inner-column elementor-element elementor-element-de2c453\" data-id=\"de2c453\" data-element_type=\"column\">\n\t\t\t<div class=\"elementor-widget-wrap elementor-element-populated\">\n\t\t\t\t\t\t<div class=\"elementor-element elementor-element-36d52cd elementor-widget elementor-widget-spacer\" data-id=\"36d52cd\" data-element_type=\"widget\" data-widget_type=\"spacer.default\">\n\t\t\t\t<div class=\"elementor-widget-container\">\n\t\t\t\t\t\t\t<div class=\"elementor-spacer\">\n\t\t\t<div class=\"elementor-spacer-inner\"><\/div>\n\t\t<\/div>\n\t\t\t\t\t\t<\/div>\n\t\t\t\t<\/div>\n\t\t\t\t<div class=\"elementor-element elementor-element-da9c148 elementor-widget elementor-widget-heading\" data-id=\"da9c148\" data-element_type=\"widget\" data-widget_type=\"heading.default\">\n\t\t\t\t<div class=\"elementor-widget-container\">\n\t\t\t\t\t<h2 class=\"elementor-heading-title elementor-size-default\">Viana do Bolo<\/h2>\t\t\t\t<\/div>\n\t\t\t\t<\/div>\n\t\t\t\t<div class=\"elementor-element elementor-element-7da0ab5 elementor-align-center elementor-widget__width-inherit elementor-widget elementor-widget-button\" data-id=\"7da0ab5\" data-element_type=\"widget\" data-widget_type=\"button.default\">\n\t\t\t\t<div class=\"elementor-widget-container\">\n\t\t\t\t\t\t\t\t\t<div class=\"elementor-button-wrapper\">\n\t\t\t\t\t<a class=\"elementor-button elementor-button-link elementor-size-sm\" href=\"https:\/\/vianadobolo.gal\/turismo\/index-turismo\/es\" target=\"_blank\">\n\t\t\t\t\t\t<span class=\"elementor-button-content-wrapper\">\n\t\t\t\t\t\t\t\t\t<span class=\"elementor-button-text\">\u00a1Ven a conocerlo!<\/span>\n\t\t\t\t\t<\/span>\n\t\t\t\t\t<\/a>\n\t\t\t\t<\/div>\n\t\t\t\t\t\t\t\t<\/div>\n\t\t\t\t<\/div>\n\t\t\t\t<div class=\"elementor-element-custom_color elementor-element elementor-element-08defa9 elementor-invisible elementor-widget elementor-widget-text-editor\" data-id=\"08defa9\" data-element_type=\"widget\" data-settings=\"{&quot;_animation&quot;:&quot;fadeIn&quot;,&quot;_animation_delay&quot;:100}\" data-widget_type=\"text-editor.default\">\n\t\t\t\t<div class=\"elementor-widget-container\">\n\t\t\t\t\t\t\t\t\t<p>Viana do Bolo presenta una interesante mezcla de patrimonio hist\u00f3rico y natural que lo configura como un destino tur\u00edstico con mucho que ofrecer. As\u00ed lo resum\u00eda el escritor Ram\u00f3n Otero Pedrayo al explicar que Viana \u201cno se parece a otras villas gallegas (\u2026) que eclipsaron el n\u00facleo antiguo. Conserva su estructura de villa en torno a la plaza; tiene aspecto de ciudad. El antiguo puente, los hondos caminos ribere\u00f1os del Camba y Bibei, las aldeas pr\u00f3ximas, como San Mamede, ofrecen paseos y paisajes de sugestiva belleza\u201d.<\/p>\t\t\t\t\t\t\t\t<\/div>\n\t\t\t\t<\/div>\n\t\t\t\t\t<\/div>\n\t\t<\/div>\n\t\t\t\t<div class=\"elementor-column elementor-col-33 elementor-inner-column elementor-element elementor-element-c14954f\" data-id=\"c14954f\" data-element_type=\"column\">\n\t\t\t<div class=\"elementor-widget-wrap elementor-element-populated\">\n\t\t\t\t\t\t<div class=\"elementor-element elementor-element-70b0349 elementor-widget elementor-widget-spacer\" data-id=\"70b0349\" data-element_type=\"widget\" data-widget_type=\"spacer.default\">\n\t\t\t\t<div class=\"elementor-widget-container\">\n\t\t\t\t\t\t\t<div class=\"elementor-spacer\">\n\t\t\t<div class=\"elementor-spacer-inner\"><\/div>\n\t\t<\/div>\n\t\t\t\t\t\t<\/div>\n\t\t\t\t<\/div>\n\t\t\t\t<div class=\"elementor-element elementor-element-313a5c1 elementor-widget elementor-widget-heading\" data-id=\"313a5c1\" data-element_type=\"widget\" data-widget_type=\"heading.default\">\n\t\t\t\t<div class=\"elementor-widget-container\">\n\t\t\t\t\t<h2 class=\"elementor-heading-title elementor-size-default\">Vilari\u00f1o de Conso<\/h2>\t\t\t\t<\/div>\n\t\t\t\t<\/div>\n\t\t\t\t<div class=\"elementor-element elementor-element-fe71f5a elementor-align-center elementor-widget__width-inherit elementor-widget elementor-widget-button\" data-id=\"fe71f5a\" data-element_type=\"widget\" data-widget_type=\"button.default\">\n\t\t\t\t<div class=\"elementor-widget-container\">\n\t\t\t\t\t\t\t\t\t<div class=\"elementor-button-wrapper\">\n\t\t\t\t\t<a class=\"elementor-button elementor-button-link elementor-size-sm\" href=\"https:\/\/www.vilarinodeconso.es\/index.php\/gl\/concello\/datos\" target=\"_blank\">\n\t\t\t\t\t\t<span class=\"elementor-button-content-wrapper\">\n\t\t\t\t\t\t\t\t\t<span class=\"elementor-button-text\">\u00a1Ven a conocerlo!<\/span>\n\t\t\t\t\t<\/span>\n\t\t\t\t\t<\/a>\n\t\t\t\t<\/div>\n\t\t\t\t\t\t\t\t<\/div>\n\t\t\t\t<\/div>\n\t\t\t\t<div class=\"elementor-element-custom_color elementor-element elementor-element-ee626f6 elementor-invisible elementor-widget elementor-widget-text-editor\" data-id=\"ee626f6\" data-element_type=\"widget\" data-settings=\"{&quot;_animation&quot;:&quot;fadeIn&quot;,&quot;_animation_delay&quot;:200}\" data-widget_type=\"text-editor.default\">\n\t\t\t\t<div class=\"elementor-widget-container\">\n\t\t\t\t\t\t\t\t\t<p>Vilari\u00f1o de Conso se encuentra ubicado en plena zona de monta\u00f1a y, con localizaciones que oscilan entre los 630 y los m\u00e1s de 1.500 metros de altitud. Su paisaje muestra interesantes contrastes, que se canalizan en una oferta variada para las personas interesadas en la pr\u00e1ctica de actividades de naturaleza o, simplemente, en su disfrute. En este sentido, merece menci\u00f3n especial O Invernadeiro, uno de los seis parques naturales de Galicia.<\/p>\t\t\t\t\t\t\t\t<\/div>\n\t\t\t\t<\/div>\n\t\t\t\t\t<\/div>\n\t\t<\/div>\n\t\t\t\t\t<\/div>\n\t\t<\/section>\n\t\t\t\t<section class=\"elementor-section elementor-inner-section elementor-element elementor-element-08290b7 gt3_landing_home elementor-section-boxed elementor-section-height-default elementor-section-height-default elementor-invisible\" data-id=\"08290b7\" data-element_type=\"section\" data-settings=\"{&quot;animation&quot;:&quot;zoomIn&quot;}\">\n\t\t\t\t\t\t<div class=\"elementor-container elementor-column-gap-default\">\n\t\t\t\t\t<div class=\"elementor-column elementor-col-33 elementor-inner-column elementor-element elementor-element-74057d9\" data-id=\"74057d9\" data-element_type=\"column\">\n\t\t\t<div class=\"elementor-widget-wrap elementor-element-populated\">\n\t\t\t\t\t\t<div class=\"elementor-element elementor-element-71326c1 elementor-widget elementor-widget-xpro-image-scroller\" data-id=\"71326c1\" data-element_type=\"widget\" data-settings=\"{&quot;direction_type&quot;:&quot;vertical&quot;,&quot;trigger_type&quot;:&quot;mouse-hover&quot;}\" data-widget_type=\"xpro-image-scroller.default\">\n\t\t\t\t<div class=\"elementor-widget-container\">\n\t\t\t\t\t\r\n<a  target=\"_blank\" href=\"https:\/\/entroidodemanzaneda.gal\/gl\/\" class=\"xpro-scroll-image-wrapper\">\r\n<div class=\"xpro-scroll-image-inner xpro-image-mouse-hover\">\r\n\t<!-- Image -->\r\n\t<div class=\"xpro-scroll-image-vertical xpro-image-scroll-img\">\r\n\t\t<img loading=\"lazy\" decoding=\"async\" width=\"400\" height=\"995\" src=\"https:\/\/entroidosdelorienteourensano.gal\/wp-content\/uploads\/2024\/12\/Screenshot-Manzaneda.jpg\" class=\"attachment-full size-full wp-image-17613\" alt=\"\" title=\"Entroido de Manzaneda\" srcset=\"https:\/\/entroidosdelorienteourensano.gal\/wp-content\/uploads\/2024\/12\/Screenshot-Manzaneda.jpg 400w, https:\/\/entroidosdelorienteourensano.gal\/wp-content\/uploads\/2024\/12\/Screenshot-Manzaneda-121x300.jpg 121w\" sizes=\"(max-width: 400px) 100vw, 400px\" \/>\t<\/div>\r\n\r\n\t\t\t<!-- Icon Indicator -->\r\n\t\t<span class=\"xpro-scroll-image-indicator-icon\">\r\n\t\t\t<i aria-hidden=\"true\" class=\"xi xi-mouse-2\"><\/i>\t\t<\/span>\r\n\t\r\n\t\r\n<\/div>\r\n<\/a>\r\n\t\t\t\t<\/div>\n\t\t\t\t<\/div>\n\t\t\t\t<div class=\"gt3-core-button--alignment_center elementor-element elementor-element-a6afa94 elementor-widget__width-auto elementor-widget elementor-widget-gt3-core-button\" data-id=\"a6afa94\" data-element_type=\"widget\" data-widget_type=\"gt3-core-button.default\">\n\t\t\t\t<div class=\"elementor-widget-container\">\n\t\t\t\t\t\t<div class=\"gt3_module_button_elementor size_normal alignment_center button_icon_none hover_type5 rounded\">\r\n\t\t<a class=\"button_size_elementor_normal alignment_center border_icon_none hover_type5 btn_icon_position_left\" href=\"https:\/\/entroidodemanzaneda.gal\/gl\/\" target=\"_blank\">\r\n\t\t\t\t<span class=\"gt3_module_button__container\">\r\n\t\t\t\t\t\t\t\t\t\t\t<span class=\"elementor_gt3_btn_text\">Entroido de Manzaneda 2026<\/span>\t\t\t\t\t\t<span class=\"gt3_module_button__cover front\"><\/span>\r\n\t\t\t\t\t\t<span class=\"gt3_module_button__cover back\"><\/span>\r\n\t\t\t\t\t\t\t\t\t<\/span>\r\n\t\t<\/a>\r\n\t<\/div>\r\n\r\n<script type=\"application\/json\" id=\"settings--a6afa94\">[]<\/script>\t\t\t\t<\/div>\n\t\t\t\t<\/div>\n\t\t\t\t<div class=\"elementor-element elementor-element-08c82bb elementor-widget elementor-widget-spacer\" data-id=\"08c82bb\" data-element_type=\"widget\" data-widget_type=\"spacer.default\">\n\t\t\t\t<div class=\"elementor-widget-container\">\n\t\t\t\t\t\t\t<div class=\"elementor-spacer\">\n\t\t\t<div class=\"elementor-spacer-inner\"><\/div>\n\t\t<\/div>\n\t\t\t\t\t\t<\/div>\n\t\t\t\t<\/div>\n\t\t\t\t<div class=\"elementor-element elementor-element-5c2fdde elementor-widget elementor-widget-heading\" data-id=\"5c2fdde\" data-element_type=\"widget\" data-widget_type=\"heading.default\">\n\t\t\t\t<div class=\"elementor-widget-container\">\n\t\t\t\t\t<h2 class=\"elementor-heading-title elementor-size-default\">Calendario 2026 Entroido de Manzaneda<\/h2>\t\t\t\t<\/div>\n\t\t\t\t<\/div>\n\t\t\t\t<div class=\"elementor-element elementor-element-99cbccd gallery-spacing-custom elementor-widget elementor-widget-image-gallery\" data-id=\"99cbccd\" data-element_type=\"widget\" data-widget_type=\"image-gallery.default\">\n\t\t\t\t<div class=\"elementor-widget-container\">\n\t\t\t\t\t\t\t<div class=\"elementor-image-gallery\">\n\t\t\t\n\t\t<style type=\"text\/css\">\n\t\t\t#gallery-4 {\n\t\t\t\tmargin: auto;\n\t\t\t}\n\t\t\t#gallery-4 .gallery-item {\n\t\t\t\tfloat: left;\n\t\t\t\tmargin-top: 10px;\n\t\t\t\ttext-align: center;\n\t\t\t\twidth: 50%;\n\t\t\t}\n\t\t\t#gallery-4 img {\n\t\t\t\tborder: 2px solid #cfcfcf;\n\t\t\t}\n\t\t\t#gallery-4 .gallery-caption {\n\t\t\t\tmargin-left: 0;\n\t\t\t}\n\t\t\t\/* see gallery_shortcode() in wp-includes\/media.php *\/\n\t\t<\/style>\n\t\t<div id='gallery-4' class='gallery galleryid-8638 gallery-columns-2 gallery-size-full'><dl class='gallery-item'>\n\t\t\t<dt class='gallery-icon portrait'>\n\t\t\t\t<a data-elementor-open-lightbox=\"yes\" data-elementor-lightbox-slideshow=\"99cbccd\" data-elementor-lightbox-title=\"Entroido-Manzaneda-2026\" data-e-action-hash=\"#elementor-action%3Aaction%3Dlightbox%26settings%3DeyJpZCI6MTgzNDIsInVybCI6Imh0dHBzOlwvXC9lbnRyb2lkb3NkZWxvcmllbnRlb3VyZW5zYW5vLmdhbFwvd3AtY29udGVudFwvdXBsb2Fkc1wvMjAyNlwvMDFcL0VudHJvaWRvLU1hbnphbmVkYS0yMDI2LmpwZyIsInNsaWRlc2hvdyI6Ijk5Y2JjY2QifQ%3D%3D\" href='https:\/\/entroidosdelorienteourensano.gal\/wp-content\/uploads\/2026\/01\/Entroido-Manzaneda-2026.jpg'><img loading=\"lazy\" decoding=\"async\" width=\"1200\" height=\"1701\" src=\"https:\/\/entroidosdelorienteourensano.gal\/wp-content\/uploads\/2026\/01\/Entroido-Manzaneda-2026.jpg\" class=\"attachment-full size-full\" alt=\"\" srcset=\"https:\/\/entroidosdelorienteourensano.gal\/wp-content\/uploads\/2026\/01\/Entroido-Manzaneda-2026.jpg 1200w, https:\/\/entroidosdelorienteourensano.gal\/wp-content\/uploads\/2026\/01\/Entroido-Manzaneda-2026-212x300.jpg 212w, https:\/\/entroidosdelorienteourensano.gal\/wp-content\/uploads\/2026\/01\/Entroido-Manzaneda-2026-722x1024.jpg 722w, https:\/\/entroidosdelorienteourensano.gal\/wp-content\/uploads\/2026\/01\/Entroido-Manzaneda-2026-768x1089.jpg 768w, https:\/\/entroidosdelorienteourensano.gal\/wp-content\/uploads\/2026\/01\/Entroido-Manzaneda-2026-1084x1536.jpg 1084w, https:\/\/entroidosdelorienteourensano.gal\/wp-content\/uploads\/2026\/01\/Entroido-Manzaneda-2026-8x12.jpg 8w, https:\/\/entroidosdelorienteourensano.gal\/wp-content\/uploads\/2026\/01\/Entroido-Manzaneda-2026-480x680.jpg 480w\" sizes=\"(max-width: 1200px) 100vw, 1200px\" title=\"Entroido-Manzaneda-2026\" \/><\/a>\n\t\t\t<\/dt><\/dl><dl class='gallery-item'>\n\t\t\t<dt class='gallery-icon portrait'>\n\t\t\t\t<a data-elementor-open-lightbox=\"yes\" data-elementor-lightbox-slideshow=\"99cbccd\" data-elementor-lightbox-title=\"Fulion-Manzaneda-2026\" data-e-action-hash=\"#elementor-action%3Aaction%3Dlightbox%26settings%3DeyJpZCI6MTgzNDEsInVybCI6Imh0dHBzOlwvXC9lbnRyb2lkb3NkZWxvcmllbnRlb3VyZW5zYW5vLmdhbFwvd3AtY29udGVudFwvdXBsb2Fkc1wvMjAyNlwvMDFcL0Z1bGlvbi1NYW56YW5lZGEtMjAyNi5qcGciLCJzbGlkZXNob3ciOiI5OWNiY2NkIn0%3D\" href='https:\/\/entroidosdelorienteourensano.gal\/wp-content\/uploads\/2026\/01\/Fulion-Manzaneda-2026.jpg'><img loading=\"lazy\" decoding=\"async\" width=\"1200\" height=\"1530\" src=\"https:\/\/entroidosdelorienteourensano.gal\/wp-content\/uploads\/2026\/01\/Fulion-Manzaneda-2026.jpg\" class=\"attachment-full size-full\" alt=\"\" srcset=\"https:\/\/entroidosdelorienteourensano.gal\/wp-content\/uploads\/2026\/01\/Fulion-Manzaneda-2026.jpg 1200w, https:\/\/entroidosdelorienteourensano.gal\/wp-content\/uploads\/2026\/01\/Fulion-Manzaneda-2026-235x300.jpg 235w, https:\/\/entroidosdelorienteourensano.gal\/wp-content\/uploads\/2026\/01\/Fulion-Manzaneda-2026-803x1024.jpg 803w, https:\/\/entroidosdelorienteourensano.gal\/wp-content\/uploads\/2026\/01\/Fulion-Manzaneda-2026-768x979.jpg 768w, https:\/\/entroidosdelorienteourensano.gal\/wp-content\/uploads\/2026\/01\/Fulion-Manzaneda-2026-9x12.jpg 9w, https:\/\/entroidosdelorienteourensano.gal\/wp-content\/uploads\/2026\/01\/Fulion-Manzaneda-2026-480x612.jpg 480w\" sizes=\"(max-width: 1200px) 100vw, 1200px\" title=\"Fulion-Manzaneda-2026\" \/><\/a>\n\t\t\t<\/dt><\/dl><br style=\"clear: both\" \/>\n\t\t<\/div>\n\t\t<\/div>\n\t\t\t\t\t\t<\/div>\n\t\t\t\t<\/div>\n\t\t\t\t\t<\/div>\n\t\t<\/div>\n\t\t\t\t<div class=\"elementor-column elementor-col-33 elementor-inner-column elementor-element elementor-element-0096430\" data-id=\"0096430\" data-element_type=\"column\">\n\t\t\t<div class=\"elementor-widget-wrap elementor-element-populated\">\n\t\t\t\t\t\t<div class=\"elementor-element elementor-element-7338575 elementor-widget elementor-widget-xpro-image-scroller\" data-id=\"7338575\" data-element_type=\"widget\" data-settings=\"{&quot;direction_type&quot;:&quot;vertical&quot;,&quot;trigger_type&quot;:&quot;mouse-hover&quot;}\" data-widget_type=\"xpro-image-scroller.default\">\n\t\t\t\t<div class=\"elementor-widget-container\">\n\t\t\t\t\t\r\n<a  target=\"_blank\" href=\"https:\/\/entroidodevianadobolo.gal\/gl\" class=\"xpro-scroll-image-wrapper\">\r\n<div class=\"xpro-scroll-image-inner xpro-image-mouse-hover\">\r\n\t<!-- Image -->\r\n\t<div class=\"xpro-scroll-image-vertical xpro-image-scroll-img\">\r\n\t\t<img loading=\"lazy\" decoding=\"async\" width=\"400\" height=\"995\" src=\"https:\/\/entroidosdelorienteourensano.gal\/wp-content\/uploads\/2024\/12\/Screenshot-Viana-de-Bolo.jpg\" class=\"attachment-full size-full wp-image-17612\" alt=\"\" title=\"Entroido de Viana de Bolo\" srcset=\"https:\/\/entroidosdelorienteourensano.gal\/wp-content\/uploads\/2024\/12\/Screenshot-Viana-de-Bolo.jpg 400w, https:\/\/entroidosdelorienteourensano.gal\/wp-content\/uploads\/2024\/12\/Screenshot-Viana-de-Bolo-121x300.jpg 121w\" sizes=\"(max-width: 400px) 100vw, 400px\" \/>\t<\/div>\r\n\r\n\t\t\t<!-- Icon Indicator -->\r\n\t\t<span class=\"xpro-scroll-image-indicator-icon\">\r\n\t\t\t<i aria-hidden=\"true\" class=\"xi xi-mouse-2\"><\/i>\t\t<\/span>\r\n\t\r\n\t\r\n<\/div>\r\n<\/a>\r\n\t\t\t\t<\/div>\n\t\t\t\t<\/div>\n\t\t\t\t<div class=\"gt3-core-button--alignment_center elementor-element elementor-element-1c51a6d elementor-widget__width-auto elementor-widget elementor-widget-gt3-core-button\" data-id=\"1c51a6d\" data-element_type=\"widget\" data-widget_type=\"gt3-core-button.default\">\n\t\t\t\t<div class=\"elementor-widget-container\">\n\t\t\t\t\t\t<div class=\"gt3_module_button_elementor size_normal alignment_center button_icon_none hover_type5 rounded\">\r\n\t\t<a class=\"button_size_elementor_normal alignment_center border_icon_none hover_type5 btn_icon_position_left\" href=\"https:\/\/entroidodevianadobolo.gal\/gl\" target=\"_blank\">\r\n\t\t\t\t<span class=\"gt3_module_button__container\">\r\n\t\t\t\t\t\t\t\t\t\t\t<span class=\"elementor_gt3_btn_text\">Entrudio de Viana do Bolo 2026<\/span>\t\t\t\t\t\t<span class=\"gt3_module_button__cover front\"><\/span>\r\n\t\t\t\t\t\t<span class=\"gt3_module_button__cover back\"><\/span>\r\n\t\t\t\t\t\t\t\t\t<\/span>\r\n\t\t<\/a>\r\n\t<\/div>\r\n\r\n<script type=\"application\/json\" id=\"settings--1c51a6d\">[]<\/script>\t\t\t\t<\/div>\n\t\t\t\t<\/div>\n\t\t\t\t<div class=\"elementor-element elementor-element-56c36a7 elementor-widget elementor-widget-spacer\" data-id=\"56c36a7\" data-element_type=\"widget\" data-widget_type=\"spacer.default\">\n\t\t\t\t<div class=\"elementor-widget-container\">\n\t\t\t\t\t\t\t<div class=\"elementor-spacer\">\n\t\t\t<div class=\"elementor-spacer-inner\"><\/div>\n\t\t<\/div>\n\t\t\t\t\t\t<\/div>\n\t\t\t\t<\/div>\n\t\t\t\t<div class=\"elementor-element elementor-element-9b425fa elementor-widget elementor-widget-heading\" data-id=\"9b425fa\" data-element_type=\"widget\" data-widget_type=\"heading.default\">\n\t\t\t\t<div class=\"elementor-widget-container\">\n\t\t\t\t\t<h2 class=\"elementor-heading-title elementor-size-default\">Actividades 2026 Entrudio Viana do Bolo<\/h2>\t\t\t\t<\/div>\n\t\t\t\t<\/div>\n\t\t\t\t<div class=\"elementor-element elementor-element-72a64f7 elementor-widget elementor-widget-spacer\" data-id=\"72a64f7\" data-element_type=\"widget\" data-widget_type=\"spacer.default\">\n\t\t\t\t<div class=\"elementor-widget-container\">\n\t\t\t\t\t\t\t<div class=\"elementor-spacer\">\n\t\t\t<div class=\"elementor-spacer-inner\"><\/div>\n\t\t<\/div>\n\t\t\t\t\t\t<\/div>\n\t\t\t\t<\/div>\n\t\t\t\t<div class=\"elementor-element elementor-element-31f74c1 gallery-spacing-custom elementor-widget elementor-widget-image-gallery\" data-id=\"31f74c1\" data-element_type=\"widget\" data-widget_type=\"image-gallery.default\">\n\t\t\t\t<div class=\"elementor-widget-container\">\n\t\t\t\t\t\t\t<div class=\"elementor-image-gallery\">\n\t\t\t\n\t\t<style type=\"text\/css\">\n\t\t\t#gallery-5 {\n\t\t\t\tmargin: auto;\n\t\t\t}\n\t\t\t#gallery-5 .gallery-item {\n\t\t\t\tfloat: left;\n\t\t\t\tmargin-top: 10px;\n\t\t\t\ttext-align: center;\n\t\t\t\twidth: 50%;\n\t\t\t}\n\t\t\t#gallery-5 img {\n\t\t\t\tborder: 2px solid #cfcfcf;\n\t\t\t}\n\t\t\t#gallery-5 .gallery-caption {\n\t\t\t\tmargin-left: 0;\n\t\t\t}\n\t\t\t\/* see gallery_shortcode() in wp-includes\/media.php *\/\n\t\t<\/style>\n\t\t<div id='gallery-5' class='gallery galleryid-8638 gallery-columns-2 gallery-size-thumbnail'><dl class='gallery-item'>\n\t\t\t<dt class='gallery-icon portrait'>\n\t\t\t\t<a data-elementor-open-lightbox=\"yes\" data-elementor-lightbox-slideshow=\"31f74c1\" data-elementor-lightbox-title=\"Terra de Foli\u00f3n Cartel 2026\" data-e-action-hash=\"#elementor-action%3Aaction%3Dlightbox%26settings%3DeyJpZCI6MTgzMzIsInVybCI6Imh0dHBzOlwvXC9lbnRyb2lkb3NkZWxvcmllbnRlb3VyZW5zYW5vLmdhbFwvd3AtY29udGVudFwvdXBsb2Fkc1wvMjAyNlwvMDFcL1RlcnJhLWRlLUZvbGlvbi1DYXJ0ZWwtMjAyNi5qcGciLCJzbGlkZXNob3ciOiIzMWY3NGMxIn0%3D\" href='https:\/\/entroidosdelorienteourensano.gal\/wp-content\/uploads\/2026\/01\/Terra-de-Folion-Cartel-2026.jpg'><img loading=\"lazy\" decoding=\"async\" width=\"150\" height=\"150\" src=\"https:\/\/entroidosdelorienteourensano.gal\/wp-content\/uploads\/2026\/01\/Terra-de-Folion-Cartel-2026-150x150.jpg\" class=\"attachment-thumbnail size-thumbnail\" alt=\"\" title=\"Terra de Foli\u00f3n Cartel 2026\" \/><\/a>\n\t\t\t<\/dt><\/dl><dl class='gallery-item'>\n\t\t\t<dt class='gallery-icon landscape'>\n\t\t\t\t<a data-elementor-open-lightbox=\"yes\" data-elementor-lightbox-slideshow=\"31f74c1\" data-elementor-lightbox-title=\"Programaci\u00f3n Entrudio Viana do Bolo 2026\" data-e-action-hash=\"#elementor-action%3Aaction%3Dlightbox%26settings%3DeyJpZCI6MTgzMzMsInVybCI6Imh0dHBzOlwvXC9lbnRyb2lkb3NkZWxvcmllbnRlb3VyZW5zYW5vLmdhbFwvd3AtY29udGVudFwvdXBsb2Fkc1wvMjAyNlwvMDFcL1Byb2dyYW1hY2lvbi1FbnRydWRpby1WaWFuYS1kby1Cb2xvLTIwMjYuanBnIiwic2xpZGVzaG93IjoiMzFmNzRjMSJ9\" href='https:\/\/entroidosdelorienteourensano.gal\/wp-content\/uploads\/2026\/01\/Programacion-Entrudio-Viana-do-Bolo-2026.jpg'><img loading=\"lazy\" decoding=\"async\" width=\"150\" height=\"150\" src=\"https:\/\/entroidosdelorienteourensano.gal\/wp-content\/uploads\/2026\/01\/Programacion-Entrudio-Viana-do-Bolo-2026-150x150.jpg\" class=\"attachment-thumbnail size-thumbnail\" alt=\"\" title=\"Programaci\u00f3n Entrudio Viana do Bolo 2026\" \/><\/a>\n\t\t\t<\/dt><\/dl><br style=\"clear: both\" \/><dl class='gallery-item'>\n\t\t\t<dt class='gallery-icon portrait'>\n\t\t\t\t<a data-elementor-open-lightbox=\"yes\" data-elementor-lightbox-slideshow=\"31f74c1\" data-elementor-lightbox-title=\"FESTA DA ANDROLLA Viana do Bolo 2026\" data-e-action-hash=\"#elementor-action%3Aaction%3Dlightbox%26settings%3DeyJpZCI6MTgzMzQsInVybCI6Imh0dHBzOlwvXC9lbnRyb2lkb3NkZWxvcmllbnRlb3VyZW5zYW5vLmdhbFwvd3AtY29udGVudFwvdXBsb2Fkc1wvMjAyNlwvMDFcL0ZFU1RBLURBLUFORFJPTExBLTIwMjYuanBnIiwic2xpZGVzaG93IjoiMzFmNzRjMSJ9\" href='https:\/\/entroidosdelorienteourensano.gal\/wp-content\/uploads\/2026\/01\/FESTA-DA-ANDROLLA-2026.jpg'><img loading=\"lazy\" decoding=\"async\" width=\"150\" height=\"150\" src=\"https:\/\/entroidosdelorienteourensano.gal\/wp-content\/uploads\/2026\/01\/FESTA-DA-ANDROLLA-2026-150x150.jpg\" class=\"attachment-thumbnail size-thumbnail\" alt=\"\" title=\"FESTA DA ANDROLLA Viana do Bolo 2026\" \/><\/a>\n\t\t\t<\/dt><\/dl><dl class='gallery-item'>\n\t\t\t<dt class='gallery-icon portrait'>\n\t\t\t\t<a data-elementor-open-lightbox=\"yes\" data-elementor-lightbox-slideshow=\"31f74c1\" data-elementor-lightbox-title=\"ENTROIDO VIANA DO BOLO 2026\" data-e-action-hash=\"#elementor-action%3Aaction%3Dlightbox%26settings%3DeyJpZCI6MTgzMzUsInVybCI6Imh0dHBzOlwvXC9lbnRyb2lkb3NkZWxvcmllbnRlb3VyZW5zYW5vLmdhbFwvd3AtY29udGVudFwvdXBsb2Fkc1wvMjAyNlwvMDFcL0VOVFJPSURPLVZJQU5BLURPLUJPTE8tMjAyNi5qcGciLCJzbGlkZXNob3ciOiIzMWY3NGMxIn0%3D\" href='https:\/\/entroidosdelorienteourensano.gal\/wp-content\/uploads\/2026\/01\/ENTROIDO-VIANA-DO-BOLO-2026.jpg'><img loading=\"lazy\" decoding=\"async\" width=\"150\" height=\"150\" src=\"https:\/\/entroidosdelorienteourensano.gal\/wp-content\/uploads\/2026\/01\/ENTROIDO-VIANA-DO-BOLO-2026-150x150.jpg\" class=\"attachment-thumbnail size-thumbnail\" alt=\"\" title=\"ENTROIDO VIANA DO BOLO 2026\" \/><\/a>\n\t\t\t<\/dt><\/dl><br style=\"clear: both\" \/>\n\t\t<\/div>\n\t\t<\/div>\n\t\t\t\t\t\t<\/div>\n\t\t\t\t<\/div>\n\t\t\t\t\t<\/div>\n\t\t<\/div>\n\t\t\t\t<div class=\"elementor-column elementor-col-33 elementor-inner-column elementor-element elementor-element-c40317d\" data-id=\"c40317d\" data-element_type=\"column\">\n\t\t\t<div class=\"elementor-widget-wrap elementor-element-populated\">\n\t\t\t\t\t\t<div class=\"elementor-element elementor-element-1b3efe4 elementor-widget elementor-widget-xpro-image-scroller\" data-id=\"1b3efe4\" data-element_type=\"widget\" data-settings=\"{&quot;direction_type&quot;:&quot;vertical&quot;,&quot;trigger_type&quot;:&quot;mouse-hover&quot;}\" data-widget_type=\"xpro-image-scroller.default\">\n\t\t\t\t<div class=\"elementor-widget-container\">\n\t\t\t\t\t\r\n<a  target=\"_blank\" href=\"https:\/\/xn--entroidodevilariodeconso-glc.gal\/gl\" class=\"xpro-scroll-image-wrapper\">\r\n<div class=\"xpro-scroll-image-inner xpro-image-mouse-hover\">\r\n\t<!-- Image -->\r\n\t<div class=\"xpro-scroll-image-vertical xpro-image-scroll-img\">\r\n\t\t<img loading=\"lazy\" decoding=\"async\" width=\"400\" height=\"995\" src=\"https:\/\/entroidosdelorienteourensano.gal\/wp-content\/uploads\/2024\/12\/Screenshot-Vilarino-de-Conso.jpg\" class=\"attachment-full size-full wp-image-17611\" alt=\"\" title=\"Entroido de Vilari\u00f1o de Conso\" srcset=\"https:\/\/entroidosdelorienteourensano.gal\/wp-content\/uploads\/2024\/12\/Screenshot-Vilarino-de-Conso.jpg 400w, https:\/\/entroidosdelorienteourensano.gal\/wp-content\/uploads\/2024\/12\/Screenshot-Vilarino-de-Conso-121x300.jpg 121w\" sizes=\"(max-width: 400px) 100vw, 400px\" \/>\t<\/div>\r\n\r\n\t\t\t<!-- Icon Indicator -->\r\n\t\t<span class=\"xpro-scroll-image-indicator-icon\">\r\n\t\t\t<i aria-hidden=\"true\" class=\"xi xi-mouse-2\"><\/i>\t\t<\/span>\r\n\t\r\n\t\r\n<\/div>\r\n<\/a>\r\n\t\t\t\t<\/div>\n\t\t\t\t<\/div>\n\t\t\t\t<div class=\"gt3-core-button--alignment_center elementor-element elementor-element-42d6053 elementor-widget__width-auto elementor-widget elementor-widget-gt3-core-button\" data-id=\"42d6053\" data-element_type=\"widget\" data-widget_type=\"gt3-core-button.default\">\n\t\t\t\t<div class=\"elementor-widget-container\">\n\t\t\t\t\t\t<div class=\"gt3_module_button_elementor size_normal alignment_center button_icon_none hover_type5 rounded\">\r\n\t\t<a class=\"button_size_elementor_normal alignment_center border_icon_none hover_type5 btn_icon_position_left\" href=\"https:\/\/xn--entroidodevilariodeconso-glc.gal\/gl\" target=\"_blank\">\r\n\t\t\t\t<span class=\"gt3_module_button__container\">\r\n\t\t\t\t\t\t\t\t\t\t\t<span class=\"elementor_gt3_btn_text\">Entroido de Vilari\u00f1o de Conso 2026<\/span>\t\t\t\t\t\t<span class=\"gt3_module_button__cover front\"><\/span>\r\n\t\t\t\t\t\t<span class=\"gt3_module_button__cover back\"><\/span>\r\n\t\t\t\t\t\t\t\t\t<\/span>\r\n\t\t<\/a>\r\n\t<\/div>\r\n\r\n<script type=\"application\/json\" id=\"settings--42d6053\">[]<\/script>\t\t\t\t<\/div>\n\t\t\t\t<\/div>\n\t\t\t\t<div class=\"elementor-element elementor-element-8cb931a elementor-widget elementor-widget-spacer\" data-id=\"8cb931a\" data-element_type=\"widget\" data-widget_type=\"spacer.default\">\n\t\t\t\t<div class=\"elementor-widget-container\">\n\t\t\t\t\t\t\t<div class=\"elementor-spacer\">\n\t\t\t<div class=\"elementor-spacer-inner\"><\/div>\n\t\t<\/div>\n\t\t\t\t\t\t<\/div>\n\t\t\t\t<\/div>\n\t\t\t\t<div class=\"elementor-element elementor-element-2b7231c elementor-widget elementor-widget-heading\" data-id=\"2b7231c\" data-element_type=\"widget\" data-widget_type=\"heading.default\">\n\t\t\t\t<div class=\"elementor-widget-container\">\n\t\t\t\t\t<h2 class=\"elementor-heading-title elementor-size-default\">Entroido 2026<br>Vilari\u00f1o de Conso<\/h2>\t\t\t\t<\/div>\n\t\t\t\t<\/div>\n\t\t\t\t<div class=\"elementor-element elementor-element-4b97525 gallery-spacing-custom elementor-widget elementor-widget-image-gallery\" data-id=\"4b97525\" data-element_type=\"widget\" data-widget_type=\"image-gallery.default\">\n\t\t\t\t<div class=\"elementor-widget-container\">\n\t\t\t\t\t\t\t<div class=\"elementor-image-gallery\">\n\t\t\t\n\t\t<style type=\"text\/css\">\n\t\t\t#gallery-6 {\n\t\t\t\tmargin: auto;\n\t\t\t}\n\t\t\t#gallery-6 .gallery-item {\n\t\t\t\tfloat: left;\n\t\t\t\tmargin-top: 10px;\n\t\t\t\ttext-align: center;\n\t\t\t\twidth: 25%;\n\t\t\t}\n\t\t\t#gallery-6 img {\n\t\t\t\tborder: 2px solid #cfcfcf;\n\t\t\t}\n\t\t\t#gallery-6 .gallery-caption {\n\t\t\t\tmargin-left: 0;\n\t\t\t}\n\t\t\t\/* see gallery_shortcode() in wp-includes\/media.php *\/\n\t\t<\/style>\n\t\t<div id='gallery-6' class='gallery galleryid-8638 gallery-columns-4 gallery-size-full'><dl class='gallery-item'>\n\t\t\t<dt class='gallery-icon portrait'>\n\t\t\t\t<a data-elementor-open-lightbox=\"yes\" data-elementor-lightbox-slideshow=\"4b97525\" data-elementor-lightbox-title=\"Terra de Folion Cartel 2026\" data-e-action-hash=\"#elementor-action%3Aaction%3Dlightbox%26settings%3DeyJpZCI6MTgzMTQsInVybCI6Imh0dHBzOlwvXC9lbnRyb2lkb3NkZWxvcmllbnRlb3VyZW5zYW5vLmdhbFwvd3AtY29udGVudFwvdXBsb2Fkc1wvMjAyNlwvMDFcL1RlcnJhLWRlLUZvbGlvbi1DYXJ0ZWwyMDI2LmpwZyIsInNsaWRlc2hvdyI6IjRiOTc1MjUifQ%3D%3D\" href='https:\/\/entroidosdelorienteourensano.gal\/wp-content\/uploads\/2026\/01\/Terra-de-Folion-Cartel2026.jpg'><img loading=\"lazy\" decoding=\"async\" width=\"900\" height=\"1273\" src=\"https:\/\/entroidosdelorienteourensano.gal\/wp-content\/uploads\/2026\/01\/Terra-de-Folion-Cartel2026.jpg\" class=\"attachment-full size-full\" alt=\"\" srcset=\"https:\/\/entroidosdelorienteourensano.gal\/wp-content\/uploads\/2026\/01\/Terra-de-Folion-Cartel2026.jpg 900w, https:\/\/entroidosdelorienteourensano.gal\/wp-content\/uploads\/2026\/01\/Terra-de-Folion-Cartel2026-212x300.jpg 212w, https:\/\/entroidosdelorienteourensano.gal\/wp-content\/uploads\/2026\/01\/Terra-de-Folion-Cartel2026-724x1024.jpg 724w, https:\/\/entroidosdelorienteourensano.gal\/wp-content\/uploads\/2026\/01\/Terra-de-Folion-Cartel2026-768x1086.jpg 768w, https:\/\/entroidosdelorienteourensano.gal\/wp-content\/uploads\/2026\/01\/Terra-de-Folion-Cartel2026-8x12.jpg 8w, https:\/\/entroidosdelorienteourensano.gal\/wp-content\/uploads\/2026\/01\/Terra-de-Folion-Cartel2026-480x679.jpg 480w\" sizes=\"(max-width: 900px) 100vw, 900px\" title=\"Terra de Folion Cartel 2026\" \/><\/a>\n\t\t\t<\/dt><\/dl><dl class='gallery-item'>\n\t\t\t<dt class='gallery-icon portrait'>\n\t\t\t\t<a data-elementor-open-lightbox=\"yes\" data-elementor-lightbox-slideshow=\"4b97525\" data-elementor-lightbox-title=\"Cartel Oficial Entroido Vilari\u00f1o de Conso 2026\" data-e-action-hash=\"#elementor-action%3Aaction%3Dlightbox%26settings%3DeyJpZCI6MTgzMTUsInVybCI6Imh0dHBzOlwvXC9lbnRyb2lkb3NkZWxvcmllbnRlb3VyZW5zYW5vLmdhbFwvd3AtY29udGVudFwvdXBsb2Fkc1wvMjAyNlwvMDFcL0NhcnRlbC1PZmljaWFsLUVudHJvaWRvLVZpbGFyaW5vLWRlLUNvbnNvLmpwZyIsInNsaWRlc2hvdyI6IjRiOTc1MjUifQ%3D%3D\" href='https:\/\/entroidosdelorienteourensano.gal\/wp-content\/uploads\/2026\/01\/Cartel-Oficial-Entroido-Vilarino-de-Conso.jpg'><img loading=\"lazy\" decoding=\"async\" width=\"900\" height=\"1273\" src=\"https:\/\/entroidosdelorienteourensano.gal\/wp-content\/uploads\/2026\/01\/Cartel-Oficial-Entroido-Vilarino-de-Conso.jpg\" class=\"attachment-full size-full\" alt=\"\" srcset=\"https:\/\/entroidosdelorienteourensano.gal\/wp-content\/uploads\/2026\/01\/Cartel-Oficial-Entroido-Vilarino-de-Conso.jpg 900w, https:\/\/entroidosdelorienteourensano.gal\/wp-content\/uploads\/2026\/01\/Cartel-Oficial-Entroido-Vilarino-de-Conso-212x300.jpg 212w, https:\/\/entroidosdelorienteourensano.gal\/wp-content\/uploads\/2026\/01\/Cartel-Oficial-Entroido-Vilarino-de-Conso-724x1024.jpg 724w, https:\/\/entroidosdelorienteourensano.gal\/wp-content\/uploads\/2026\/01\/Cartel-Oficial-Entroido-Vilarino-de-Conso-768x1086.jpg 768w, https:\/\/entroidosdelorienteourensano.gal\/wp-content\/uploads\/2026\/01\/Cartel-Oficial-Entroido-Vilarino-de-Conso-8x12.jpg 8w, https:\/\/entroidosdelorienteourensano.gal\/wp-content\/uploads\/2026\/01\/Cartel-Oficial-Entroido-Vilarino-de-Conso-480x679.jpg 480w\" sizes=\"(max-width: 900px) 100vw, 900px\" title=\"Cartel Oficial Entroido Vilari\u00f1o de Conso 2026\" \/><\/a>\n\t\t\t<\/dt><\/dl><dl class='gallery-item'>\n\t\t\t<dt class='gallery-icon portrait'>\n\t\t\t\t<a data-elementor-open-lightbox=\"yes\" data-elementor-lightbox-slideshow=\"4b97525\" data-elementor-lightbox-title=\"Cartel Festa do Cabrito Vilari\u00f1o de Conso\" data-e-action-hash=\"#elementor-action%3Aaction%3Dlightbox%26settings%3DeyJpZCI6MTgzMTYsInVybCI6Imh0dHBzOlwvXC9lbnRyb2lkb3NkZWxvcmllbnRlb3VyZW5zYW5vLmdhbFwvd3AtY29udGVudFwvdXBsb2Fkc1wvMjAyNlwvMDFcL0NhcnRlbC1GZXN0YS1kby1DYWJyaXRvLVZpbGFyaW5vLWRlLUNvbnNvLmpwZyIsInNsaWRlc2hvdyI6IjRiOTc1MjUifQ%3D%3D\" href='https:\/\/entroidosdelorienteourensano.gal\/wp-content\/uploads\/2026\/01\/Cartel-Festa-do-Cabrito-Vilarino-de-Conso.jpg'><img loading=\"lazy\" decoding=\"async\" width=\"900\" height=\"1273\" src=\"https:\/\/entroidosdelorienteourensano.gal\/wp-content\/uploads\/2026\/01\/Cartel-Festa-do-Cabrito-Vilarino-de-Conso.jpg\" class=\"attachment-full size-full\" alt=\"\" srcset=\"https:\/\/entroidosdelorienteourensano.gal\/wp-content\/uploads\/2026\/01\/Cartel-Festa-do-Cabrito-Vilarino-de-Conso.jpg 900w, https:\/\/entroidosdelorienteourensano.gal\/wp-content\/uploads\/2026\/01\/Cartel-Festa-do-Cabrito-Vilarino-de-Conso-212x300.jpg 212w, https:\/\/entroidosdelorienteourensano.gal\/wp-content\/uploads\/2026\/01\/Cartel-Festa-do-Cabrito-Vilarino-de-Conso-724x1024.jpg 724w, https:\/\/entroidosdelorienteourensano.gal\/wp-content\/uploads\/2026\/01\/Cartel-Festa-do-Cabrito-Vilarino-de-Conso-768x1086.jpg 768w, https:\/\/entroidosdelorienteourensano.gal\/wp-content\/uploads\/2026\/01\/Cartel-Festa-do-Cabrito-Vilarino-de-Conso-8x12.jpg 8w, https:\/\/entroidosdelorienteourensano.gal\/wp-content\/uploads\/2026\/01\/Cartel-Festa-do-Cabrito-Vilarino-de-Conso-480x679.jpg 480w\" sizes=\"(max-width: 900px) 100vw, 900px\" title=\"Cartel Festa do Cabrito Vilari\u00f1o de Conso\" \/><\/a>\n\t\t\t<\/dt><\/dl><dl class='gallery-item'>\n\t\t\t<dt class='gallery-icon portrait'>\n\t\t\t\t<a data-elementor-open-lightbox=\"yes\" data-elementor-lightbox-slideshow=\"4b97525\" data-elementor-lightbox-title=\"Cartel Luns de Entroido Vilari\u00f1o de Conso 2026\" data-e-action-hash=\"#elementor-action%3Aaction%3Dlightbox%26settings%3DeyJpZCI6MTgzMTcsInVybCI6Imh0dHBzOlwvXC9lbnRyb2lkb3NkZWxvcmllbnRlb3VyZW5zYW5vLmdhbFwvd3AtY29udGVudFwvdXBsb2Fkc1wvMjAyNlwvMDFcL0NhcnRlbC1MdW5zLWRlLUVudHJvaWRvLVZpbGFyaW5vLWRlLUNvbnNvLmpwZyIsInNsaWRlc2hvdyI6IjRiOTc1MjUifQ%3D%3D\" href='https:\/\/entroidosdelorienteourensano.gal\/wp-content\/uploads\/2026\/01\/Cartel-Luns-de-Entroido-Vilarino-de-Conso.jpg'><img loading=\"lazy\" decoding=\"async\" width=\"900\" height=\"1391\" src=\"https:\/\/entroidosdelorienteourensano.gal\/wp-content\/uploads\/2026\/01\/Cartel-Luns-de-Entroido-Vilarino-de-Conso.jpg\" class=\"attachment-full size-full\" alt=\"\" srcset=\"https:\/\/entroidosdelorienteourensano.gal\/wp-content\/uploads\/2026\/01\/Cartel-Luns-de-Entroido-Vilarino-de-Conso.jpg 900w, https:\/\/entroidosdelorienteourensano.gal\/wp-content\/uploads\/2026\/01\/Cartel-Luns-de-Entroido-Vilarino-de-Conso-194x300.jpg 194w, https:\/\/entroidosdelorienteourensano.gal\/wp-content\/uploads\/2026\/01\/Cartel-Luns-de-Entroido-Vilarino-de-Conso-663x1024.jpg 663w, https:\/\/entroidosdelorienteourensano.gal\/wp-content\/uploads\/2026\/01\/Cartel-Luns-de-Entroido-Vilarino-de-Conso-768x1187.jpg 768w, https:\/\/entroidosdelorienteourensano.gal\/wp-content\/uploads\/2026\/01\/Cartel-Luns-de-Entroido-Vilarino-de-Conso-8x12.jpg 8w, https:\/\/entroidosdelorienteourensano.gal\/wp-content\/uploads\/2026\/01\/Cartel-Luns-de-Entroido-Vilarino-de-Conso-480x742.jpg 480w\" sizes=\"(max-width: 900px) 100vw, 900px\" title=\"Cartel Luns de Entroido Vilari\u00f1o de Conso 2026\" \/><\/a>\n\t\t\t<\/dt><\/dl><br style=\"clear: both\" \/><dl class='gallery-item'>\n\t\t\t<dt class='gallery-icon landscape'>\n\t\t\t\t<a data-elementor-open-lightbox=\"yes\" data-elementor-lightbox-slideshow=\"4b97525\" data-elementor-lightbox-title=\"Cartel concurso fotograf\u00eda\" data-e-action-hash=\"#elementor-action%3Aaction%3Dlightbox%26settings%3DeyJpZCI6MTgzMTksInVybCI6Imh0dHBzOlwvXC9lbnRyb2lkb3NkZWxvcmllbnRlb3VyZW5zYW5vLmdhbFwvd3AtY29udGVudFwvdXBsb2Fkc1wvMjAyNlwvMDFcL0NhcnRlbC1jb25jdXJzby1mb3RvZ3JhZmlhLmpwZWciLCJzbGlkZXNob3ciOiI0Yjk3NTI1In0%3D\" href='https:\/\/entroidosdelorienteourensano.gal\/wp-content\/uploads\/2026\/01\/Cartel-concurso-fotografia.jpeg'><img loading=\"lazy\" decoding=\"async\" width=\"1600\" height=\"1200\" src=\"https:\/\/entroidosdelorienteourensano.gal\/wp-content\/uploads\/2026\/01\/Cartel-concurso-fotografia.jpeg\" class=\"attachment-full size-full\" alt=\"\" srcset=\"https:\/\/entroidosdelorienteourensano.gal\/wp-content\/uploads\/2026\/01\/Cartel-concurso-fotografia.jpeg 1600w, https:\/\/entroidosdelorienteourensano.gal\/wp-content\/uploads\/2026\/01\/Cartel-concurso-fotografia-300x225.jpeg 300w, https:\/\/entroidosdelorienteourensano.gal\/wp-content\/uploads\/2026\/01\/Cartel-concurso-fotografia-1024x768.jpeg 1024w, https:\/\/entroidosdelorienteourensano.gal\/wp-content\/uploads\/2026\/01\/Cartel-concurso-fotografia-768x576.jpeg 768w, https:\/\/entroidosdelorienteourensano.gal\/wp-content\/uploads\/2026\/01\/Cartel-concurso-fotografia-1536x1152.jpeg 1536w, https:\/\/entroidosdelorienteourensano.gal\/wp-content\/uploads\/2026\/01\/Cartel-concurso-fotografia-16x12.jpeg 16w, https:\/\/entroidosdelorienteourensano.gal\/wp-content\/uploads\/2026\/01\/Cartel-concurso-fotografia-480x360.jpeg 480w\" sizes=\"(max-width: 1600px) 100vw, 1600px\" title=\"Cartel concurso fotograf\u00eda\" \/><\/a>\n\t\t\t<\/dt><\/dl><dl class='gallery-item'>\n\t\t\t<dt class='gallery-icon landscape'>\n\t\t\t\t<a data-elementor-open-lightbox=\"yes\" data-elementor-lightbox-slideshow=\"4b97525\" data-elementor-lightbox-title=\"Cartel concurso carrozas\" data-e-action-hash=\"#elementor-action%3Aaction%3Dlightbox%26settings%3DeyJpZCI6MTgzMjAsInVybCI6Imh0dHBzOlwvXC9lbnRyb2lkb3NkZWxvcmllbnRlb3VyZW5zYW5vLmdhbFwvd3AtY29udGVudFwvdXBsb2Fkc1wvMjAyNlwvMDFcL0NhcnRlbC1jb25jdXJzby1jYXJyb3phcy5qcGVnIiwic2xpZGVzaG93IjoiNGI5NzUyNSJ9\" href='https:\/\/entroidosdelorienteourensano.gal\/wp-content\/uploads\/2026\/01\/Cartel-concurso-carrozas.jpeg'><img loading=\"lazy\" decoding=\"async\" width=\"1600\" height=\"1200\" src=\"https:\/\/entroidosdelorienteourensano.gal\/wp-content\/uploads\/2026\/01\/Cartel-concurso-carrozas.jpeg\" class=\"attachment-full size-full\" alt=\"\" srcset=\"https:\/\/entroidosdelorienteourensano.gal\/wp-content\/uploads\/2026\/01\/Cartel-concurso-carrozas.jpeg 1600w, https:\/\/entroidosdelorienteourensano.gal\/wp-content\/uploads\/2026\/01\/Cartel-concurso-carrozas-300x225.jpeg 300w, https:\/\/entroidosdelorienteourensano.gal\/wp-content\/uploads\/2026\/01\/Cartel-concurso-carrozas-1024x768.jpeg 1024w, https:\/\/entroidosdelorienteourensano.gal\/wp-content\/uploads\/2026\/01\/Cartel-concurso-carrozas-768x576.jpeg 768w, https:\/\/entroidosdelorienteourensano.gal\/wp-content\/uploads\/2026\/01\/Cartel-concurso-carrozas-1536x1152.jpeg 1536w, https:\/\/entroidosdelorienteourensano.gal\/wp-content\/uploads\/2026\/01\/Cartel-concurso-carrozas-16x12.jpeg 16w, https:\/\/entroidosdelorienteourensano.gal\/wp-content\/uploads\/2026\/01\/Cartel-concurso-carrozas-480x360.jpeg 480w\" sizes=\"(max-width: 1600px) 100vw, 1600px\" title=\"Cartel concurso carrozas\" \/><\/a>\n\t\t\t<\/dt><\/dl><dl class='gallery-item'>\n\t\t\t<dt class='gallery-icon landscape'>\n\t\t\t\t<a data-elementor-open-lightbox=\"yes\" data-elementor-lightbox-slideshow=\"4b97525\" data-elementor-lightbox-title=\"Cartel concurso disfraces\" data-e-action-hash=\"#elementor-action%3Aaction%3Dlightbox%26settings%3DeyJpZCI6MTgzMjEsInVybCI6Imh0dHBzOlwvXC9lbnRyb2lkb3NkZWxvcmllbnRlb3VyZW5zYW5vLmdhbFwvd3AtY29udGVudFwvdXBsb2Fkc1wvMjAyNlwvMDFcL0NhcnRlbC1jb25jdXJzby1kaXNmcmFjZXMuanBlZyIsInNsaWRlc2hvdyI6IjRiOTc1MjUifQ%3D%3D\" href='https:\/\/entroidosdelorienteourensano.gal\/wp-content\/uploads\/2026\/01\/Cartel-concurso-disfraces.jpeg'><img loading=\"lazy\" decoding=\"async\" width=\"1600\" height=\"1200\" src=\"https:\/\/entroidosdelorienteourensano.gal\/wp-content\/uploads\/2026\/01\/Cartel-concurso-disfraces.jpeg\" class=\"attachment-full size-full\" alt=\"\" srcset=\"https:\/\/entroidosdelorienteourensano.gal\/wp-content\/uploads\/2026\/01\/Cartel-concurso-disfraces.jpeg 1600w, https:\/\/entroidosdelorienteourensano.gal\/wp-content\/uploads\/2026\/01\/Cartel-concurso-disfraces-300x225.jpeg 300w, https:\/\/entroidosdelorienteourensano.gal\/wp-content\/uploads\/2026\/01\/Cartel-concurso-disfraces-1024x768.jpeg 1024w, https:\/\/entroidosdelorienteourensano.gal\/wp-content\/uploads\/2026\/01\/Cartel-concurso-disfraces-768x576.jpeg 768w, https:\/\/entroidosdelorienteourensano.gal\/wp-content\/uploads\/2026\/01\/Cartel-concurso-disfraces-1536x1152.jpeg 1536w, https:\/\/entroidosdelorienteourensano.gal\/wp-content\/uploads\/2026\/01\/Cartel-concurso-disfraces-16x12.jpeg 16w, https:\/\/entroidosdelorienteourensano.gal\/wp-content\/uploads\/2026\/01\/Cartel-concurso-disfraces-480x360.jpeg 480w\" sizes=\"(max-width: 1600px) 100vw, 1600px\" title=\"Cartel concurso disfraces\" \/><\/a>\n\t\t\t<\/dt><\/dl>\n\t\t\t<br style='clear: both' \/>\n\t\t<\/div>\n\t\t<\/div>\n\t\t\t\t\t\t<\/div>\n\t\t\t\t<\/div>\n\t\t\t\t\t<\/div>\n\t\t<\/div>\n\t\t\t\t\t<\/div>\n\t\t<\/section>\n\t\t\t\t\t<\/div>\n\t\t<\/div>\n\t\t\t\t\t<\/div>\n\t\t<\/section>\n\t\t\t\t<section class=\"elementor-section elementor-top-section elementor-element elementor-element-3241c7b elementor-section-boxed elementor-section-height-default elementor-section-height-default\" data-id=\"3241c7b\" data-element_type=\"section\" id=\"contactar\">\n\t\t\t\t\t\t<div class=\"elementor-container elementor-column-gap-default\">\n\t\t\t\t\t<div class=\"elementor-column elementor-col-100 elementor-top-column elementor-element elementor-element-03ce01a\" data-id=\"03ce01a\" data-element_type=\"column\">\n\t\t\t<div class=\"elementor-widget-wrap elementor-element-populated\">\n\t\t\t\t\t\t<div class=\"elementor-element elementor-element-140a92f elementor-invisible elementor-widget elementor-widget-heading\" data-id=\"140a92f\" data-element_type=\"widget\" data-settings=\"{&quot;_animation&quot;:&quot;fadeIn&quot;}\" data-widget_type=\"heading.default\">\n\t\t\t\t<div class=\"elementor-widget-container\">\n\t\t\t\t\t<h2 class=\"elementor-heading-title elementor-size-default\">Contactar \/ C\u00f3mo llegar<\/h2>\t\t\t\t<\/div>\n\t\t\t\t<\/div>\n\t\t\t\t\t<\/div>\n\t\t<\/div>\n\t\t\t\t\t<\/div>\n\t\t<\/section>\n\t\t\t\t<section class=\"elementor-section elementor-top-section elementor-element elementor-element-56a416c elementor-section-boxed elementor-section-height-default elementor-section-height-default\" data-id=\"56a416c\" data-element_type=\"section\">\n\t\t\t\t\t\t<div class=\"elementor-container elementor-column-gap-default\">\n\t\t\t\t\t<div class=\"elementor-column elementor-col-33 elementor-top-column elementor-element elementor-element-ee8c068\" data-id=\"ee8c068\" data-element_type=\"column\">\n\t\t\t<div class=\"elementor-widget-wrap elementor-element-populated\">\n\t\t\t\t\t\t<div class=\"elementor-element elementor-element-25b4717 elementor-invisible elementor-widget elementor-widget-heading\" data-id=\"25b4717\" data-element_type=\"widget\" data-settings=\"{&quot;_animation&quot;:&quot;fadeIn&quot;}\" data-widget_type=\"heading.default\">\n\t\t\t\t<div class=\"elementor-widget-container\">\n\t\t\t\t\t<h2 class=\"elementor-heading-title elementor-size-default\">Manzaneda<\/h2>\t\t\t\t<\/div>\n\t\t\t\t<\/div>\n\t\t\t\t<div class=\"elementor-element elementor-element-5cfb349 elementor-position-left elementor-widget__width-auto elementor-widget-tablet__width-auto elementor-vertical-align-top elementor-widget elementor-widget-gt3-core-imagebox\" data-id=\"5cfb349\" data-element_type=\"widget\" data-widget_type=\"gt3-core-imagebox.default\">\n\t\t\t\t<div class=\"elementor-widget-container\">\n\t\t\t\t\t<div class=\"gt3-core-imagebox-wrapper elementor-image_icon-position-default\"><figure class=\"gt3-core-imagebox-img\"><img loading=\"lazy\" decoding=\"async\" width=\"58\" height=\"74\" src=\"https:\/\/entroidosdelorienteourensano.gal\/wp-content\/uploads\/2025\/02\/img_box_29_violet.png\" class=\"attachment-full size-full wp-image-18167\" alt=\"\" srcset=\"https:\/\/entroidosdelorienteourensano.gal\/wp-content\/uploads\/2025\/02\/img_box_29_violet.png 58w, https:\/\/entroidosdelorienteourensano.gal\/wp-content\/uploads\/2025\/02\/img_box_29_violet-9x12.png 9w\" sizes=\"(max-width: 58px) 100vw, 58px\" title=\"Contacto\" \/><\/figure><div class=\"gt3-core-imagebox-content\"><div class=\"gt3-core-imagebox-title\"><h6 class=\"gt3-core-imagebox-title\"><b>Tel\u00e9fono:<\/b> 988 333 043<\/h6><\/div><p class=\"gt3-core-imagebox-description\"><a href=\"mailto:manzaneda.manzaneda@eidolocal.es\">manzaneda.manzaneda@eidolocal.es<\/a><\/p><\/div><\/div>\t\t\t\t<\/div>\n\t\t\t\t<\/div>\n\t\t\t\t<div class=\"elementor-element elementor-element-be55126 elementor-widget elementor-widget-spacer\" data-id=\"be55126\" data-element_type=\"widget\" data-widget_type=\"spacer.default\">\n\t\t\t\t<div class=\"elementor-widget-container\">\n\t\t\t\t\t\t\t<div class=\"elementor-spacer\">\n\t\t\t<div class=\"elementor-spacer-inner\"><\/div>\n\t\t<\/div>\n\t\t\t\t\t\t<\/div>\n\t\t\t\t<\/div>\n\t\t\t\t<div class=\"elementor-element elementor-element-c7fc265 elementor-position-left elementor-widget__width-auto elementor-widget-tablet__width-auto elementor-vertical-align-top elementor-widget elementor-widget-gt3-core-imagebox\" data-id=\"c7fc265\" data-element_type=\"widget\" data-widget_type=\"gt3-core-imagebox.default\">\n\t\t\t\t<div class=\"elementor-widget-container\">\n\t\t\t\t\t<div class=\"gt3-core-imagebox-wrapper elementor-image_icon-position-default\"><figure class=\"gt3-core-imagebox-img\"><a href=\"https:\/\/www.google.com\/maps\/place\/Concello+de+Manzaneda\/@42.309771,-7.234217,1473m\/data=!3m1!1e3!4m6!3m5!1s0xd3a8291c77feccb:0xdfed8b341dec14bb!8m2!3d42.3097715!4d-7.2342169!16s%2Fg%2F11cjh5lzc9?hl=es&amp;entry=ttu&amp;g_ep=EgoyMDI1MDIxNy4wIKXMDSoASAFQAw%3D%3D\" target=\"_blank\"><img loading=\"lazy\" decoding=\"async\" width=\"76\" height=\"74\" src=\"https:\/\/entroidosdelorienteourensano.gal\/wp-content\/uploads\/2025\/02\/img_box_30_violet.png\" class=\"attachment-full size-full wp-image-18168\" alt=\"\" srcset=\"https:\/\/entroidosdelorienteourensano.gal\/wp-content\/uploads\/2025\/02\/img_box_30_violet.png 76w, https:\/\/entroidosdelorienteourensano.gal\/wp-content\/uploads\/2025\/02\/img_box_30_violet-12x12.png 12w\" sizes=\"(max-width: 76px) 100vw, 76px\" title=\"C\u00f3mo llegar\" \/><\/a><\/figure><div class=\"gt3-core-imagebox-content\"><p class=\"gt3-core-imagebox-description\">Casa Consistorial<br>Estrada de Raigada, s\/n, 32781 Manzaneda<\/p><\/div><\/div><a href=\"https:\/\/www.google.com\/maps\/place\/Concello+de+Manzaneda\/@42.309771,-7.234217,1473m\/data=!3m1!1e3!4m6!3m5!1s0xd3a8291c77feccb:0xdfed8b341dec14bb!8m2!3d42.3097715!4d-7.2342169!16s%2Fg%2F11cjh5lzc9?hl=es&amp;entry=ttu&amp;g_ep=EgoyMDI1MDIxNy4wIKXMDSoASAFQAw%3D%3D\" target=\"_blank\"><\/a>\t\t\t\t<\/div>\n\t\t\t\t<\/div>\n\t\t\t\t<div class=\"elementor-element elementor-element-aa4762c elementor-widget elementor-widget-spacer\" data-id=\"aa4762c\" data-element_type=\"widget\" data-widget_type=\"spacer.default\">\n\t\t\t\t<div class=\"elementor-widget-container\">\n\t\t\t\t\t\t\t<div class=\"elementor-spacer\">\n\t\t\t<div class=\"elementor-spacer-inner\"><\/div>\n\t\t<\/div>\n\t\t\t\t\t\t<\/div>\n\t\t\t\t<\/div>\n\t\t\t\t<div class=\"elementor-element elementor-element-8db8607 elementor-widget elementor-widget-html\" data-id=\"8db8607\" data-element_type=\"widget\" data-widget_type=\"html.default\">\n\t\t\t\t<div class=\"elementor-widget-container\">\n\t\t\t\t\t<iframe src=\"https:\/\/www.google.com\/maps\/embed?pb=!1m18!1m12!1m3!1d3207.9390081828674!2d-7.236797188219516!3d42.309775438156606!2m3!1f0!2f0!3f0!3m2!1i1024!2i768!4f13.1!3m3!1m2!1s0xd3a8291c77feccb%3A0xdfed8b341dec14bb!2sConcello%20de%20Manzaneda!5e1!3m2!1ses!2ses!4v1739975243537!5m2!1ses!2ses\" width=\"600\" height=\"450\" style=\"border:0;\" allowfullscreen=\"\" loading=\"lazy\" referrerpolicy=\"no-referrer-when-downgrade\"><\/iframe>\t\t\t\t<\/div>\n\t\t\t\t<\/div>\n\t\t\t\t<div class=\"elementor-element elementor-element-ec73385 elementor-widget elementor-widget-spacer\" data-id=\"ec73385\" data-element_type=\"widget\" data-widget_type=\"spacer.default\">\n\t\t\t\t<div class=\"elementor-widget-container\">\n\t\t\t\t\t\t\t<div class=\"elementor-spacer\">\n\t\t\t<div class=\"elementor-spacer-inner\"><\/div>\n\t\t<\/div>\n\t\t\t\t\t\t<\/div>\n\t\t\t\t<\/div>\n\t\t\t\t\t<\/div>\n\t\t<\/div>\n\t\t\t\t<div class=\"elementor-column elementor-col-33 elementor-top-column elementor-element elementor-element-6d25837\" data-id=\"6d25837\" data-element_type=\"column\">\n\t\t\t<div class=\"elementor-widget-wrap elementor-element-populated\">\n\t\t\t\t\t\t<div class=\"elementor-element elementor-element-8c95be1 elementor-invisible elementor-widget elementor-widget-heading\" data-id=\"8c95be1\" data-element_type=\"widget\" data-settings=\"{&quot;_animation&quot;:&quot;fadeIn&quot;}\" data-widget_type=\"heading.default\">\n\t\t\t\t<div class=\"elementor-widget-container\">\n\t\t\t\t\t<h2 class=\"elementor-heading-title elementor-size-default\">Viana do Bolo<\/h2>\t\t\t\t<\/div>\n\t\t\t\t<\/div>\n\t\t\t\t<div class=\"elementor-element elementor-element-152681e elementor-position-left elementor-widget__width-auto elementor-widget-tablet__width-auto elementor-vertical-align-top elementor-widget elementor-widget-gt3-core-imagebox\" data-id=\"152681e\" data-element_type=\"widget\" data-widget_type=\"gt3-core-imagebox.default\">\n\t\t\t\t<div class=\"elementor-widget-container\">\n\t\t\t\t\t<div class=\"gt3-core-imagebox-wrapper elementor-image_icon-position-default\"><figure class=\"gt3-core-imagebox-img\"><img loading=\"lazy\" decoding=\"async\" width=\"58\" height=\"74\" src=\"https:\/\/entroidosdelorienteourensano.gal\/wp-content\/uploads\/2025\/02\/img_box_29_violet.png\" class=\"attachment-full size-full wp-image-18167\" alt=\"\" srcset=\"https:\/\/entroidosdelorienteourensano.gal\/wp-content\/uploads\/2025\/02\/img_box_29_violet.png 58w, https:\/\/entroidosdelorienteourensano.gal\/wp-content\/uploads\/2025\/02\/img_box_29_violet-9x12.png 9w\" sizes=\"(max-width: 58px) 100vw, 58px\" title=\"Contacto\" \/><\/figure><div class=\"gt3-core-imagebox-content\"><div class=\"gt3-core-imagebox-title\"><h6 class=\"gt3-core-imagebox-title\"><b>Tel\u00e9fono:<\/b> 988 34 01 20<\/h6><\/div><p class=\"gt3-core-imagebox-description\"><a href=\"mailto:concello.vilarinodeconso@eidolocal.es\">concello.vilarinodeconso@eidolocal.es<\/a><\/p><\/div><\/div>\t\t\t\t<\/div>\n\t\t\t\t<\/div>\n\t\t\t\t<div class=\"elementor-element elementor-element-20a6f23 elementor-widget elementor-widget-spacer\" data-id=\"20a6f23\" data-element_type=\"widget\" data-widget_type=\"spacer.default\">\n\t\t\t\t<div class=\"elementor-widget-container\">\n\t\t\t\t\t\t\t<div class=\"elementor-spacer\">\n\t\t\t<div class=\"elementor-spacer-inner\"><\/div>\n\t\t<\/div>\n\t\t\t\t\t\t<\/div>\n\t\t\t\t<\/div>\n\t\t\t\t<div class=\"elementor-element elementor-element-be020a8 elementor-position-left elementor-widget__width-auto elementor-widget-tablet__width-auto elementor-vertical-align-top elementor-widget elementor-widget-gt3-core-imagebox\" data-id=\"be020a8\" data-element_type=\"widget\" data-widget_type=\"gt3-core-imagebox.default\">\n\t\t\t\t<div class=\"elementor-widget-container\">\n\t\t\t\t\t<div class=\"gt3-core-imagebox-wrapper elementor-image_icon-position-default\"><figure class=\"gt3-core-imagebox-img\"><a href=\"https:\/\/www.google.com\/maps\/place\/Concello+de+Manzaneda\/@42.309771,-7.234217,1473m\/data=!3m1!1e3!4m6!3m5!1s0xd3a8291c77feccb:0xdfed8b341dec14bb!8m2!3d42.3097715!4d-7.2342169!16s%2Fg%2F11cjh5lzc9?hl=es&amp;entry=ttu&amp;g_ep=EgoyMDI1MDIxNy4wIKXMDSoASAFQAw%3D%3D\" target=\"_blank\"><img loading=\"lazy\" decoding=\"async\" width=\"76\" height=\"74\" src=\"https:\/\/entroidosdelorienteourensano.gal\/wp-content\/uploads\/2025\/02\/img_box_30_violet.png\" class=\"attachment-full size-full wp-image-18168\" alt=\"\" srcset=\"https:\/\/entroidosdelorienteourensano.gal\/wp-content\/uploads\/2025\/02\/img_box_30_violet.png 76w, https:\/\/entroidosdelorienteourensano.gal\/wp-content\/uploads\/2025\/02\/img_box_30_violet-12x12.png 12w\" sizes=\"(max-width: 76px) 100vw, 76px\" title=\"C\u00f3mo llegar\" \/><\/a><\/figure><div class=\"gt3-core-imagebox-content\"><p class=\"gt3-core-imagebox-description\">R\u00faa da Constituci\u00f3n, 14<br>32550 Viana do Bolo<\/p><\/div><\/div><a href=\"https:\/\/www.google.com\/maps\/place\/Concello+de+Manzaneda\/@42.309771,-7.234217,1473m\/data=!3m1!1e3!4m6!3m5!1s0xd3a8291c77feccb:0xdfed8b341dec14bb!8m2!3d42.3097715!4d-7.2342169!16s%2Fg%2F11cjh5lzc9?hl=es&amp;entry=ttu&amp;g_ep=EgoyMDI1MDIxNy4wIKXMDSoASAFQAw%3D%3D\" target=\"_blank\"><\/a>\t\t\t\t<\/div>\n\t\t\t\t<\/div>\n\t\t\t\t<div class=\"elementor-element elementor-element-f687efd elementor-widget elementor-widget-spacer\" data-id=\"f687efd\" data-element_type=\"widget\" data-widget_type=\"spacer.default\">\n\t\t\t\t<div class=\"elementor-widget-container\">\n\t\t\t\t\t\t\t<div class=\"elementor-spacer\">\n\t\t\t<div class=\"elementor-spacer-inner\"><\/div>\n\t\t<\/div>\n\t\t\t\t\t\t<\/div>\n\t\t\t\t<\/div>\n\t\t\t\t<div class=\"elementor-element elementor-element-d0c7628 elementor-widget elementor-widget-html\" data-id=\"d0c7628\" data-element_type=\"widget\" data-widget_type=\"html.default\">\n\t\t\t\t<div class=\"elementor-widget-container\">\n\t\t\t\t\t<iframe src=\"https:\/\/www.google.com\/maps\/embed?pb=!1m18!1m12!1m3!1d12858.045434433749!2d-7.1201251907214775!3d42.18065388832324!2m3!1f0!2f0!3f0!3m2!1i1024!2i768!4f13.1!3m3!1m2!1s0xd3a87e68f0e61cd%3A0xa0158e708e8b31b3!2sViana%20del%20Bollo%2C%2032550%20Viana%20del%20Bollo%2C%20Ourense!5e1!3m2!1ses!2ses!4v1740049920434!5m2!1ses!2ses\" width=\"600\" height=\"450\" style=\"border:0;\" allowfullscreen=\"\" loading=\"lazy\" referrerpolicy=\"no-referrer-when-downgrade\"><\/iframe>\t\t\t\t<\/div>\n\t\t\t\t<\/div>\n\t\t\t\t<div class=\"elementor-element elementor-element-9ec6465 elementor-widget elementor-widget-spacer\" data-id=\"9ec6465\" data-element_type=\"widget\" data-widget_type=\"spacer.default\">\n\t\t\t\t<div class=\"elementor-widget-container\">\n\t\t\t\t\t\t\t<div class=\"elementor-spacer\">\n\t\t\t<div class=\"elementor-spacer-inner\"><\/div>\n\t\t<\/div>\n\t\t\t\t\t\t<\/div>\n\t\t\t\t<\/div>\n\t\t\t\t\t<\/div>\n\t\t<\/div>\n\t\t\t\t<div class=\"elementor-column elementor-col-33 elementor-top-column elementor-element elementor-element-e0e77f2\" data-id=\"e0e77f2\" data-element_type=\"column\">\n\t\t\t<div class=\"elementor-widget-wrap elementor-element-populated\">\n\t\t\t\t\t\t<div class=\"elementor-element elementor-element-0050b4d elementor-invisible elementor-widget elementor-widget-heading\" data-id=\"0050b4d\" data-element_type=\"widget\" data-settings=\"{&quot;_animation&quot;:&quot;fadeIn&quot;}\" data-widget_type=\"heading.default\">\n\t\t\t\t<div class=\"elementor-widget-container\">\n\t\t\t\t\t<h2 class=\"elementor-heading-title elementor-size-default\">Vilari\u00f1o de Conso<\/h2>\t\t\t\t<\/div>\n\t\t\t\t<\/div>\n\t\t\t\t<div class=\"elementor-element elementor-element-c39b463 elementor-position-left elementor-widget__width-auto elementor-widget-tablet__width-auto elementor-vertical-align-top elementor-widget elementor-widget-gt3-core-imagebox\" data-id=\"c39b463\" data-element_type=\"widget\" data-widget_type=\"gt3-core-imagebox.default\">\n\t\t\t\t<div class=\"elementor-widget-container\">\n\t\t\t\t\t<div class=\"gt3-core-imagebox-wrapper elementor-image_icon-position-default\"><figure class=\"gt3-core-imagebox-img\"><img loading=\"lazy\" decoding=\"async\" width=\"58\" height=\"74\" src=\"https:\/\/entroidosdelorienteourensano.gal\/wp-content\/uploads\/2025\/02\/img_box_29_violet.png\" class=\"attachment-full size-full wp-image-18167\" alt=\"\" srcset=\"https:\/\/entroidosdelorienteourensano.gal\/wp-content\/uploads\/2025\/02\/img_box_29_violet.png 58w, https:\/\/entroidosdelorienteourensano.gal\/wp-content\/uploads\/2025\/02\/img_box_29_violet-9x12.png 9w\" sizes=\"(max-width: 58px) 100vw, 58px\" title=\"Contacto\" \/><\/figure><div class=\"gt3-core-imagebox-content\"><div class=\"gt3-core-imagebox-title\"><h6 class=\"gt3-core-imagebox-title\"><b>Tel\u00e9fonos:<\/b><br>988 340 302 \/ 988 340 410<\/h6><\/div><p class=\"gt3-core-imagebox-description\"><a href=\"mailto:concello.vilarinodeconso@eidolocal.es\">concello.vilarinodeconso@eidolocal.es<\/a><\/p><\/div><\/div>\t\t\t\t<\/div>\n\t\t\t\t<\/div>\n\t\t\t\t<div class=\"elementor-element elementor-element-cbebd77 elementor-widget elementor-widget-spacer\" data-id=\"cbebd77\" data-element_type=\"widget\" data-widget_type=\"spacer.default\">\n\t\t\t\t<div class=\"elementor-widget-container\">\n\t\t\t\t\t\t\t<div class=\"elementor-spacer\">\n\t\t\t<div class=\"elementor-spacer-inner\"><\/div>\n\t\t<\/div>\n\t\t\t\t\t\t<\/div>\n\t\t\t\t<\/div>\n\t\t\t\t<div class=\"elementor-element elementor-element-e43f3ed elementor-position-left elementor-widget__width-auto elementor-widget-tablet__width-auto elementor-vertical-align-top elementor-widget elementor-widget-gt3-core-imagebox\" data-id=\"e43f3ed\" data-element_type=\"widget\" data-widget_type=\"gt3-core-imagebox.default\">\n\t\t\t\t<div class=\"elementor-widget-container\">\n\t\t\t\t\t<div class=\"gt3-core-imagebox-wrapper elementor-image_icon-position-default\"><figure class=\"gt3-core-imagebox-img\"><a href=\"https:\/\/maps.google.com\/maps?ll=42.165972,-7.182046&amp;z=16&amp;t=h&amp;hl=es&amp;gl=ES&amp;mapclient=embed&amp;cid=3638022142491772164\" target=\"_blank\"><img loading=\"lazy\" decoding=\"async\" width=\"76\" height=\"74\" src=\"https:\/\/entroidosdelorienteourensano.gal\/wp-content\/uploads\/2025\/02\/img_box_30_violet.png\" class=\"attachment-full size-full wp-image-18168\" alt=\"\" srcset=\"https:\/\/entroidosdelorienteourensano.gal\/wp-content\/uploads\/2025\/02\/img_box_30_violet.png 76w, https:\/\/entroidosdelorienteourensano.gal\/wp-content\/uploads\/2025\/02\/img_box_30_violet-12x12.png 12w\" sizes=\"(max-width: 76px) 100vw, 76px\" title=\"C\u00f3mo llegar\" \/><\/a><\/figure><div class=\"gt3-core-imagebox-content\"><p class=\"gt3-core-imagebox-description\">R\u00faa Museo, 3<br>32557 Vilari\u00f1o de Conso<\/p><\/div><\/div><a href=\"https:\/\/maps.google.com\/maps?ll=42.165972,-7.182046&amp;z=16&amp;t=h&amp;hl=es&amp;gl=ES&amp;mapclient=embed&amp;cid=3638022142491772164\" target=\"_blank\"><\/a>\t\t\t\t<\/div>\n\t\t\t\t<\/div>\n\t\t\t\t<div class=\"elementor-element elementor-element-e353aa2 elementor-widget elementor-widget-spacer\" data-id=\"e353aa2\" data-element_type=\"widget\" data-widget_type=\"spacer.default\">\n\t\t\t\t<div class=\"elementor-widget-container\">\n\t\t\t\t\t\t\t<div class=\"elementor-spacer\">\n\t\t\t<div class=\"elementor-spacer-inner\"><\/div>\n\t\t<\/div>\n\t\t\t\t\t\t<\/div>\n\t\t\t\t<\/div>\n\t\t\t\t<div class=\"elementor-element elementor-element-4573283 elementor-widget elementor-widget-html\" data-id=\"4573283\" data-element_type=\"widget\" data-widget_type=\"html.default\">\n\t\t\t\t<div class=\"elementor-widget-container\">\n\t\t\t\t\t<iframe src=\"https:\/\/www.google.com\/maps\/embed?pb=!1m18!1m12!1m3!1d3215.2574453544!2d-7.184626688225886!3d42.165975847221056!2m3!1f0!2f0!3f0!3m2!1i1024!2i768!4f13.1!3m3!1m2!1s0xd3a8f54594076ad%3A0x327cd9dd103a4504!2sConcello%20de%20Vilari%C3%B1o%20de%20Conso!5e1!3m2!1ses!2ses!4v1739969125894!5m2!1ses!2ses\" width=\"600\" height=\"450\" style=\"border:0;\" allowfullscreen=\"\" loading=\"lazy\" referrerpolicy=\"no-referrer-when-downgrade\"><\/iframe>\t\t\t\t<\/div>\n\t\t\t\t<\/div>\n\t\t\t\t<div class=\"elementor-element elementor-element-9ab8132 elementor-widget elementor-widget-spacer\" data-id=\"9ab8132\" data-element_type=\"widget\" data-widget_type=\"spacer.default\">\n\t\t\t\t<div class=\"elementor-widget-container\">\n\t\t\t\t\t\t\t<div class=\"elementor-spacer\">\n\t\t\t<div class=\"elementor-spacer-inner\"><\/div>\n\t\t<\/div>\n\t\t\t\t\t\t<\/div>\n\t\t\t\t<\/div>\n\t\t\t\t\t<\/div>\n\t\t<\/div>\n\t\t\t\t\t<\/div>\n\t\t<\/section>\n\t\t\t\t<section class=\"elementor-section elementor-top-section elementor-element elementor-element-76711e3 elementor-section-full_width elementor-section-height-min-height elementor-section-items-stretch elementor-section-content-bottom elementor-section-height-default\" data-id=\"76711e3\" data-element_type=\"section\" data-settings=\"{&quot;background_background&quot;:&quot;classic&quot;}\">\n\t\t\t\t\t\t<div class=\"elementor-container elementor-column-gap-no\">\n\t\t\t\t\t<div class=\"elementor-column elementor-col-100 elementor-top-column elementor-element elementor-element-0ce0e70\" data-id=\"0ce0e70\" data-element_type=\"column\">\n\t\t\t<div class=\"elementor-widget-wrap elementor-element-populated\">\n\t\t\t\t\t\t<section class=\"elementor-section elementor-inner-section elementor-element elementor-element-e38cdb3 elementor-section-boxed elementor-section-height-default elementor-section-height-default\" data-id=\"e38cdb3\" data-element_type=\"section\">\n\t\t\t\t\t\t<div class=\"elementor-container elementor-column-gap-default\">\n\t\t\t\t\t<div class=\"gt3_movement-elementor elementor-column elementor-col-100 elementor-inner-column elementor-element elementor-element-7be34b2\" data-settingscarousel=\"{&quot;movement_intensity&quot;:&quot;2.5&quot;,&quot;movement_direction&quot;:&quot;translateX&quot;}\" data-id=\"7be34b2\" data-element_type=\"column\">\n\t\t\t<div class=\"elementor-widget-wrap elementor-element-populated\">\n\t\t\t\t\t\t<div class=\"elementor-element elementor-element-984ca60 elementor-widget elementor-widget-gt3-core-infinite-scrolling-text\" data-id=\"984ca60\" data-element_type=\"widget\" data-widget_type=\"gt3-core-infinite-scrolling-text.default\">\n\t\t\t\t<div class=\"elementor-widget-container\">\n\t\t\t\t\t\t<div class=\"gt3-scrolling-text-wrapper\" data-direction=\"ltr\" data-speed=\"slower\" data-visibility=\"visible\">\r\n\t\t<div class=\"gt3-scrolling-text-inner\"><div class=\"gt3-scrolling-text-element\">Entroidos do Oriente Ourens\u00e1n<\/div><div class=\"gt3-scrolling-text-element\">Entroidos do Oriente Ourens\u00e1n<\/div><div class=\"gt3-scrolling-text-element\">Entroidos do Oriente Ourens\u00e1n<\/div><div class=\"gt3-scrolling-text-element\">Entroidos do Oriente Ourens\u00e1n<\/div><div class=\"gt3-scrolling-text-element\">Entroidos do Oriente Ourens\u00e1n<\/div><\/div>\t<\/div>\r\n\t\t\t\t<\/div>\n\t\t\t\t<\/div>\n\t\t\t\t\t<\/div>\n\t\t<\/div>\n\t\t\t\t\t<\/div>\n\t\t<\/section>\n\t\t\t\t<div class=\"elementor-element elementor-element-6216bf2 elementor-widget elementor-widget-gt3-core-infinite-scrolling-text\" data-id=\"6216bf2\" data-element_type=\"widget\" data-widget_type=\"gt3-core-infinite-scrolling-text.default\">\n\t\t\t\t<div class=\"elementor-widget-container\">\n\t\t\t\t\t\t<div class=\"gt3-scrolling-text-wrapper\" data-direction=\"rtl\" data-speed=\"slower\" data-visibility=\"visible\">\r\n\t\t<div class=\"gt3-scrolling-text-inner\"><div class=\"gt3-scrolling-text-element\">Entroidos do Oriente Ourens\u00e1n<\/div><div class=\"gt3-scrolling-text-element\">Entroidos do Oriente Ourens\u00e1n<\/div><div class=\"gt3-scrolling-text-element\">Entroidos do Oriente Ourens\u00e1n<\/div><div class=\"gt3-scrolling-text-element\">Entroidos do Oriente Ourens\u00e1n<\/div><div class=\"gt3-scrolling-text-element\">Entroidos do Oriente Ourens\u00e1n<\/div><\/div>\t<\/div>\r\n\t\t\t\t<\/div>\n\t\t\t\t<\/div>\n\t\t\t\t<section class=\"elementor-section elementor-inner-section elementor-element elementor-element-afb0049 elementor-section-boxed elementor-section-height-default elementor-section-height-default\" data-id=\"afb0049\" data-element_type=\"section\">\n\t\t\t\t\t\t<div class=\"elementor-container elementor-column-gap-default\">\n\t\t\t\t\t<div class=\"gt3_movement-elementor elementor-column elementor-col-100 elementor-inner-column elementor-element elementor-element-58d0c8d\" data-settingscarousel=\"{&quot;movement_intensity&quot;:&quot;-2.5&quot;,&quot;movement_direction&quot;:&quot;translateX&quot;}\" data-id=\"58d0c8d\" data-element_type=\"column\">\n\t\t\t<div class=\"elementor-widget-wrap\">\n\t\t\t\t\t\t\t<\/div>\n\t\t<\/div>\n\t\t\t\t\t<\/div>\n\t\t<\/section>\n\t\t\t\t<div class=\"elementor-element elementor-element-c3d327f elementor-absolute elementor-widget elementor-widget-image\" data-id=\"c3d327f\" data-element_type=\"widget\" data-settings=\"{&quot;_position&quot;:&quot;absolute&quot;}\" data-widget_type=\"image.default\">\n\t\t\t\t<div class=\"elementor-widget-container\">\n\t\t\t\t\t\t\t\t\t\t\t\t\t\t\t<img decoding=\"async\" src=\"https:\/\/entroidosdelorienteourensano.gal\/wp-content\/uploads\/2024\/12\/entroidos-oriente-ourensano.png\" title=\"Entroidos do Oriente Ourens\u00e1n\" alt=\"Entroidos do Oriente Ourens\u00e1n\" loading=\"lazy\" \/>\t\t\t\t\t\t\t\t\t\t\t\t\t\t\t<\/div>\n\t\t\t\t<\/div>\n\t\t\t\t\t<\/div>\n\t\t<\/div>\n\t\t\t\t\t<\/div>\n\t\t<\/section>\n\t\t\t\t<section class=\"elementor-section elementor-top-section elementor-element elementor-element-8de3f47 elementor-section-boxed elementor-section-height-default elementor-section-height-default\" data-id=\"8de3f47\" data-element_type=\"section\" data-settings=\"{&quot;background_background&quot;:&quot;classic&quot;}\">\n\t\t\t\t\t\t<div class=\"elementor-container elementor-column-gap-default\">\n\t\t\t\t\t<div class=\"elementor-column elementor-col-100 elementor-top-column elementor-element elementor-element-3c5c686\" data-id=\"3c5c686\" data-element_type=\"column\">\n\t\t\t<div class=\"elementor-widget-wrap elementor-element-populated\">\n\t\t\t\t\t\t<div class=\"elementor-element elementor-element-479bede elementor-widget elementor-widget-htmega-inlinemenu-addons\" data-id=\"479bede\" data-element_type=\"widget\" data-widget_type=\"htmega-inlinemenu-addons.default\">\n\t\t\t\t<div class=\"elementor-widget-container\">\n\t\t\t\t\t            <div class=\"htmega-inlinemenu-area htmega-inlinemenu-style-1\" >\n                <nav class=\"linemenu-nav\">\n                    <ul id=\"menu-479bede\" class=\"htmega-mainmenu\"><li class=\"menu-item menu-item-type-custom menu-item-object-custom menu-item-18241\"><a href=\"https:\/\/entroidosdelorienteourensano.gal\/gl\/aviso-legal\/\">Aviso legal<\/a><\/li>\n<li class=\"menu-item menu-item-type-custom menu-item-object-custom menu-item-18240\"><a href=\"https:\/\/entroidosdelorienteourensano.gal\/gl\/politica-de-cookies-ue\/\">Pol\u00edtica de Cookies<\/a><\/li>\n<li class=\"menu-item menu-item-type-custom menu-item-object-custom menu-item-18243\"><a href=\"https:\/\/entroidosdelorienteourensano.gal\/gl\/politica-privacidad\/\">Pol\u00edtica de privacidade<\/a><\/li>\n<li class=\"menu-item menu-item-type-custom menu-item-object-custom menu-item-18242\"><a href=\"https:\/\/entroidosdelorienteourensano.gal\/gl\/declaracion-de-accesibilidad-web\/\">Accesibilidade web<\/a><\/li>\n<li class=\"menu-item menu-item-type-custom menu-item-object-custom menu-item-18306\"><a href=\"https:\/\/osil.info\">Fotograf\u00edas Xornal O Sil<\/a><\/li>\n<\/ul>                <\/nav>\n            <\/div>\n        \t\t\t\t<\/div>\n\t\t\t\t<\/div>\n\t\t\t\t<div class=\"elementor-element-custom_font_size elementor-element-custom_line_height elementor-element-custom_font_weight elementor-element-custom_color elementor-element elementor-element-49380bf elementor-hidden-desktop elementor-hidden-tablet elementor-hidden-mobile elementor-widget elementor-widget-text-editor\" data-id=\"49380bf\" data-element_type=\"widget\" data-widget_type=\"text-editor.default\">\n\t\t\t\t<div class=\"elementor-widget-container\">\n\t\t\t\t\t\t\t\t\t<p style=\"text-align: right;\">\u00a9 2025\u00a0 &#8211;\u00a0 <a href=\"https:\/\/entroidosdelorienteourensano.gal\/gl\/politica-de-cookies-ue\/\">Pol\u00edtica de Cookies<\/a>\u00a0 &#8211;\u00a0 <a href=\"https:\/\/entroidosdelorienteourensano.gal\/gl\/aviso-legal\/\">Aviso legal<\/a>\u00a0 &#8211;\u00a0 <a href=\"https:\/\/entroidosdelorienteourensano.gal\/gl\/declaracion-de-accesibilidad\/\">Accesibilidade web<\/a><\/p>\t\t\t\t\t\t\t\t<\/div>\n\t\t\t\t<\/div>\n\t\t\t\t\t<\/div>\n\t\t<\/div>\n\t\t\t\t\t<\/div>\n\t\t<\/section>\n\t\t\t\t<\/div>","protected":false},"excerpt":{"rendered":"<p>Inicio Entroido Or\u00edgenes e Historia Tradici\u00f3n y Cultura \u00a1Ven a conocerlo! Contacto Your Browser Don&#8217;t Support Canvas, Please Download Chrome. Entroidos del Oriente Ourensano Entroidos del Oriente ourensano Vivir el Carnaval del Oriente Ourensano es una experiencia \u00fanica. En Viana do Bolo, Manzaneda y Vilari\u00f1o de Conso descubrir\u00e1s el aut\u00e9ntico esp\u00edritu del Entroido. Manzaneda Viana [&hellip;]<\/p>","protected":false},"author":1,"featured_media":0,"parent":0,"menu_order":0,"comment_status":"closed","ping_status":"closed","template":"","meta":{"iawp_total_views":11019,"footnotes":""},"class_list":["post-8638","page","type-page","status-publish","hentry"],"yoast_head":"<!-- This site is optimized with the Yoast SEO plugin v26.8 - https:\/\/yoast.com\/product\/yoast-seo-wordpress\/ -->\n<title>Entroidos do Oriente Ourensan 2026<\/title>\n<meta name=\"description\" content=\"Los Entroidos del oriente ourensano, Manzaneda, Vilari\u00f1o de Conso y Viana do Bolo, poseen el reconocimiento de fiesta de inter\u00e9s tur\u00edstico en Galicia\" \/>\n<meta name=\"robots\" content=\"index, follow, max-snippet:-1, max-image-preview:large, max-video-preview:-1\" \/>\n<link rel=\"canonical\" href=\"https:\/\/entroidosdelorienteourensano.gal\/gl\/\" \/>\n<meta property=\"og:locale\" content=\"gl_ES\" \/>\n<meta property=\"og:type\" content=\"article\" \/>\n<meta property=\"og:title\" content=\"Entroidos do Oriente Ourensan 2026\" \/>\n<meta property=\"og:description\" content=\"Los Entroidos del oriente ourensano, Manzaneda, Vilari\u00f1o de Conso y Viana do Bolo, poseen el reconocimiento de fiesta de inter\u00e9s tur\u00edstico en Galicia\" \/>\n<meta property=\"og:url\" content=\"https:\/\/entroidosdelorienteourensano.gal\/gl\/\" \/>\n<meta property=\"og:site_name\" content=\"Entroidos del Oriente Ourensano\" \/>\n<meta property=\"article:publisher\" content=\"https:\/\/www.facebook.com\/profile.php?id=61569683189629\" \/>\n<meta property=\"article:modified_time\" content=\"2026-01-28T19:12:10+00:00\" \/>\n<meta property=\"og:image\" content=\"https:\/\/entroidosdelorienteourensano.gal\/wp-content\/uploads\/2024\/12\/Entroido-1.png\" \/>\n<meta name=\"twitter:card\" content=\"summary_large_image\" \/>\n<meta name=\"twitter:site\" content=\"@Entroidos_Or_Ou\" \/>\n<meta name=\"twitter:label1\" content=\"Tempo de lectura\" \/>\n\t<meta name=\"twitter:data1\" content=\"20 minutos\" \/>\n<script type=\"application\/ld+json\" class=\"yoast-schema-graph\">{\"@context\":\"https:\/\/schema.org\",\"@graph\":[{\"@type\":\"WebPage\",\"@id\":\"https:\/\/entroidosdelorienteourensano.gal\/\",\"url\":\"https:\/\/entroidosdelorienteourensano.gal\/\",\"name\":\"Entroidos do Oriente Ourensan 2026\",\"isPartOf\":{\"@id\":\"https:\/\/entroidosdelorienteourensano.gal\/#website\"},\"primaryImageOfPage\":{\"@id\":\"https:\/\/entroidosdelorienteourensano.gal\/#primaryimage\"},\"image\":{\"@id\":\"https:\/\/entroidosdelorienteourensano.gal\/#primaryimage\"},\"thumbnailUrl\":\"https:\/\/entroidosdelorienteourensano.gal\/wp-content\/uploads\/2024\/12\/Entroido-1.png\",\"datePublished\":\"2026-01-28T19:12:06+00:00\",\"dateModified\":\"2026-01-28T19:12:10+00:00\",\"description\":\"Los Entroidos del oriente ourensano, Manzaneda, Vilari\u00f1o de Conso y Viana do Bolo, poseen el reconocimiento de fiesta de inter\u00e9s tur\u00edstico en Galicia\",\"breadcrumb\":{\"@id\":\"https:\/\/entroidosdelorienteourensano.gal\/#breadcrumb\"},\"inLanguage\":\"gl-ES\",\"potentialAction\":[{\"@type\":\"ReadAction\",\"target\":[\"https:\/\/entroidosdelorienteourensano.gal\/\"]}]},{\"@type\":\"ImageObject\",\"inLanguage\":\"gl-ES\",\"@id\":\"https:\/\/entroidosdelorienteourensano.gal\/#primaryimage\",\"url\":\"https:\/\/entroidosdelorienteourensano.gal\/wp-content\/uploads\/2024\/12\/Entroido-1.png\",\"contentUrl\":\"https:\/\/entroidosdelorienteourensano.gal\/wp-content\/uploads\/2024\/12\/Entroido-1.png\"},{\"@type\":\"BreadcrumbList\",\"@id\":\"https:\/\/entroidosdelorienteourensano.gal\/#breadcrumb\",\"itemListElement\":[{\"@type\":\"ListItem\",\"position\":1,\"name\":\"Portada\",\"item\":\"https:\/\/entroidosdelorienteourensano.gal\/\"},{\"@type\":\"ListItem\",\"position\":2,\"name\":\"Entroidos do Oriente Ourensan\"}]},{\"@type\":\"WebSite\",\"@id\":\"https:\/\/entroidosdelorienteourensano.gal\/#website\",\"url\":\"https:\/\/entroidosdelorienteourensano.gal\/\",\"name\":\"Entroidos del Oriente Ourensano\",\"description\":\"Vivir el Carnaval del Oriente Ourensano es un experiencia &uacute;nica. En Viana do Bolo, Manzaneda y Vilari&ntilde;o de Conso descubrir&aacute;s el aut&eacute;ntico esp&iacute;ritu del Entroido.\",\"publisher\":{\"@id\":\"https:\/\/entroidosdelorienteourensano.gal\/#organization\"},\"potentialAction\":[{\"@type\":\"SearchAction\",\"target\":{\"@type\":\"EntryPoint\",\"urlTemplate\":\"https:\/\/entroidosdelorienteourensano.gal\/?s={search_term_string}\"},\"query-input\":{\"@type\":\"PropertyValueSpecification\",\"valueRequired\":true,\"valueName\":\"search_term_string\"}}],\"inLanguage\":\"gl-ES\"},{\"@type\":\"Organization\",\"@id\":\"https:\/\/entroidosdelorienteourensano.gal\/#organization\",\"name\":\"Entroidos del Oriente Ourensano\",\"url\":\"https:\/\/entroidosdelorienteourensano.gal\/\",\"logo\":{\"@type\":\"ImageObject\",\"inLanguage\":\"gl-ES\",\"@id\":\"https:\/\/entroidosdelorienteourensano.gal\/#\/schema\/logo\/image\/\",\"url\":\"https:\/\/entroidosdelorienteourensano.gal\/wp-content\/uploads\/2024\/11\/Viana-boteiro.jpg\",\"contentUrl\":\"https:\/\/entroidosdelorienteourensano.gal\/wp-content\/uploads\/2024\/11\/Viana-boteiro.jpg\",\"width\":1920,\"height\":1441,\"caption\":\"Entroidos del Oriente Ourensano\"},\"image\":{\"@id\":\"https:\/\/entroidosdelorienteourensano.gal\/#\/schema\/logo\/image\/\"},\"sameAs\":[\"https:\/\/www.facebook.com\/profile.php?id=61569683189629\",\"https:\/\/x.com\/Entroidos_Or_Ou\",\"https:\/\/www.instagram.com\/Entroidos_Oriente_Ourensano\/\"]}]}<\/script>\n<!-- \/ Yoast SEO plugin. -->","yoast_head_json":{"title":"Entroidos do Oriente Ourensan 2026","description":"Los Entroidos del oriente ourensano, Manzaneda, Vilari\u00f1o de Conso y Viana do Bolo, poseen el reconocimiento de fiesta de inter\u00e9s tur\u00edstico en Galicia","robots":{"index":"index","follow":"follow","max-snippet":"max-snippet:-1","max-image-preview":"max-image-preview:large","max-video-preview":"max-video-preview:-1"},"canonical":"https:\/\/entroidosdelorienteourensano.gal\/gl\/","og_locale":"gl_ES","og_type":"article","og_title":"Entroidos do Oriente Ourensan 2026","og_description":"Los Entroidos del oriente ourensano, Manzaneda, Vilari\u00f1o de Conso y Viana do Bolo, poseen el reconocimiento de fiesta de inter\u00e9s tur\u00edstico en Galicia","og_url":"https:\/\/entroidosdelorienteourensano.gal\/gl\/","og_site_name":"Entroidos del Oriente Ourensano","article_publisher":"https:\/\/www.facebook.com\/profile.php?id=61569683189629","article_modified_time":"2026-01-28T19:12:10+00:00","og_image":[{"url":"https:\/\/entroidosdelorienteourensano.gal\/wp-content\/uploads\/2024\/12\/Entroido-1.png","type":"","width":"","height":""}],"twitter_card":"summary_large_image","twitter_site":"@Entroidos_Or_Ou","twitter_misc":{"Tempo de lectura":"20 minutos"},"schema":{"@context":"https:\/\/schema.org","@graph":[{"@type":"WebPage","@id":"https:\/\/entroidosdelorienteourensano.gal\/","url":"https:\/\/entroidosdelorienteourensano.gal\/","name":"Entroidos do Oriente Ourensan 2026","isPartOf":{"@id":"https:\/\/entroidosdelorienteourensano.gal\/#website"},"primaryImageOfPage":{"@id":"https:\/\/entroidosdelorienteourensano.gal\/#primaryimage"},"image":{"@id":"https:\/\/entroidosdelorienteourensano.gal\/#primaryimage"},"thumbnailUrl":"https:\/\/entroidosdelorienteourensano.gal\/wp-content\/uploads\/2024\/12\/Entroido-1.png","datePublished":"2026-01-28T19:12:06+00:00","dateModified":"2026-01-28T19:12:10+00:00","description":"Los Entroidos del oriente ourensano, Manzaneda, Vilari\u00f1o de Conso y Viana do Bolo, poseen el reconocimiento de fiesta de inter\u00e9s tur\u00edstico en Galicia","breadcrumb":{"@id":"https:\/\/entroidosdelorienteourensano.gal\/#breadcrumb"},"inLanguage":"gl-ES","potentialAction":[{"@type":"ReadAction","target":["https:\/\/entroidosdelorienteourensano.gal\/"]}]},{"@type":"ImageObject","inLanguage":"gl-ES","@id":"https:\/\/entroidosdelorienteourensano.gal\/#primaryimage","url":"https:\/\/entroidosdelorienteourensano.gal\/wp-content\/uploads\/2024\/12\/Entroido-1.png","contentUrl":"https:\/\/entroidosdelorienteourensano.gal\/wp-content\/uploads\/2024\/12\/Entroido-1.png"},{"@type":"BreadcrumbList","@id":"https:\/\/entroidosdelorienteourensano.gal\/#breadcrumb","itemListElement":[{"@type":"ListItem","position":1,"name":"Portada","item":"https:\/\/entroidosdelorienteourensano.gal\/"},{"@type":"ListItem","position":2,"name":"Entroidos do Oriente Ourensan"}]},{"@type":"WebSite","@id":"https:\/\/entroidosdelorienteourensano.gal\/#website","url":"https:\/\/entroidosdelorienteourensano.gal\/","name":"Entroidos del Oriente Ourensano","description":"Vivir el Carnaval del Oriente Ourensano es un experiencia &uacute;nica. En Viana do Bolo, Manzaneda y Vilari&ntilde;o de Conso descubrir&aacute;s el aut&eacute;ntico esp&iacute;ritu del Entroido.","publisher":{"@id":"https:\/\/entroidosdelorienteourensano.gal\/#organization"},"potentialAction":[{"@type":"SearchAction","target":{"@type":"EntryPoint","urlTemplate":"https:\/\/entroidosdelorienteourensano.gal\/?s={search_term_string}"},"query-input":{"@type":"PropertyValueSpecification","valueRequired":true,"valueName":"search_term_string"}}],"inLanguage":"gl-ES"},{"@type":"Organization","@id":"https:\/\/entroidosdelorienteourensano.gal\/#organization","name":"Entroidos del Oriente Ourensano","url":"https:\/\/entroidosdelorienteourensano.gal\/","logo":{"@type":"ImageObject","inLanguage":"gl-ES","@id":"https:\/\/entroidosdelorienteourensano.gal\/#\/schema\/logo\/image\/","url":"https:\/\/entroidosdelorienteourensano.gal\/wp-content\/uploads\/2024\/11\/Viana-boteiro.jpg","contentUrl":"https:\/\/entroidosdelorienteourensano.gal\/wp-content\/uploads\/2024\/11\/Viana-boteiro.jpg","width":1920,"height":1441,"caption":"Entroidos del Oriente Ourensano"},"image":{"@id":"https:\/\/entroidosdelorienteourensano.gal\/#\/schema\/logo\/image\/"},"sameAs":["https:\/\/www.facebook.com\/profile.php?id=61569683189629","https:\/\/x.com\/Entroidos_Or_Ou","https:\/\/www.instagram.com\/Entroidos_Oriente_Ourensano\/"]}]}},"_links":{"self":[{"href":"https:\/\/entroidosdelorienteourensano.gal\/gl\/wp-json\/wp\/v2\/pages\/8638","targetHints":{"allow":["GET"]}}],"collection":[{"href":"https:\/\/entroidosdelorienteourensano.gal\/gl\/wp-json\/wp\/v2\/pages"}],"about":[{"href":"https:\/\/entroidosdelorienteourensano.gal\/gl\/wp-json\/wp\/v2\/types\/page"}],"author":[{"embeddable":true,"href":"https:\/\/entroidosdelorienteourensano.gal\/gl\/wp-json\/wp\/v2\/users\/1"}],"replies":[{"embeddable":true,"href":"https:\/\/entroidosdelorienteourensano.gal\/gl\/wp-json\/wp\/v2\/comments?post=8638"}],"version-history":[{"count":404,"href":"https:\/\/entroidosdelorienteourensano.gal\/gl\/wp-json\/wp\/v2\/pages\/8638\/revisions"}],"predecessor-version":[{"id":18351,"href":"https:\/\/entroidosdelorienteourensano.gal\/gl\/wp-json\/wp\/v2\/pages\/8638\/revisions\/18351"}],"wp:attachment":[{"href":"https:\/\/entroidosdelorienteourensano.gal\/gl\/wp-json\/wp\/v2\/media?parent=8638"}],"curies":[{"name":"wp","href":"https:\/\/api.w.org\/{rel}","templated":true}]}}