{"id":3,"date":"2024-11-29T13:56:35","date_gmt":"2024-11-29T12:56:35","guid":{"rendered":"https:\/\/entroidosdelorienteourensano.gal\/?page_id=3"},"modified":"2025-02-21T13:42:20","modified_gmt":"2025-02-21T12:42:20","slug":"politica-privacidad","status":"publish","type":"page","link":"https:\/\/entroidosdelorienteourensano.gal\/gl\/politica-privacidad\/","title":{"rendered":"Pol\u00edtica de privacidade"},"content":{"rendered":"<div style=\"height:40px\" aria-hidden=\"true\" class=\"wp-block-spacer\"><\/div>\n\n\n\n<p>Este sitio web ten como finalidade ofrecer informaci\u00f3n e servizos p\u00fablicos dos concellos titulares. Non se recollen datos persoais dos usuarios a trav\u00e9s deste sitio web.<\/p>\n\n\n\n<p><\/p>\n\n\n\n<h3 class=\"wp-block-heading\">1. <strong>USO DE COOKIES<\/strong><\/h3>\n\n\n\n<p>Este sitio web s\u00f3 utiliza cookies t\u00e9cnicas necesarias para o seu funcionamento, que non permiten identificar ao usuario. Non se empregan cookies anal\u00edticas, publicitarias nin de terceiros sen o consentimento previo do usuario. Para m\u00e1is informaci\u00f3n, consulte a nosa Pol\u00edtica de Cookies.<\/p>\n\n\n\n<p><\/p>\n\n\n\n<h3 class=\"wp-block-heading\">2. <strong>LIGAZ\u00d3NS A SITIOS WEB DE TERCEIROS<\/strong><\/h3>\n\n\n\n<p>Este sitio web pode inclu\u00edr ligaz\u00f3ns a sitios web de terceiros cuxas pol\u00edticas de privacidade son alleas a esta. Non nos facemos responsables do tratamento de datos realizado neses sitios web.<\/p>\n\n\n\n<p><\/p>\n\n\n\n<h3 class=\"wp-block-heading\">3. <strong>MODIFICACI\u00d3N DA POL\u00cdTICA DE PRIVACIDADE<\/strong><\/h3>\n\n\n\n<p>Os concellos titulares res\u00e9rvanse o dereito a modificar a presente Pol\u00edtica de Privacidade para adaptala a cambios lexislativos ou de funcionamento do sitio web.<\/p>\n\n\n\n<div style=\"height:80px\" aria-hidden=\"true\" class=\"wp-block-spacer\"><\/div>\n\n\n\n<p><\/p>","protected":false},"excerpt":{"rendered":"<p>El presente sitio web tiene como finalidad ofrecer informaci\u00f3n y servicios p\u00fablicos de los ayuntamientos titulares. No se recopilan datos personales de los usuarios a trav\u00e9s de este sitio web. 1. USO DE COOKIES Este sitio web \u00fanicamente utiliza cookies t\u00e9cnicas necesarias para su funcionamiento, que no permiten identificar al usuario. No se emplean cookies [&hellip;]<\/p>","protected":false},"author":1,"featured_media":0,"parent":0,"menu_order":0,"comment_status":"closed","ping_status":"open","template":"","meta":{"iawp_total_views":9,"footnotes":""},"class_list":["post-3","page","type-page","status-publish","hentry"],"yoast_head":"<!-- This site is optimized with the Yoast SEO plugin v26.8 - https:\/\/yoast.com\/product\/yoast-seo-wordpress\/ -->\n<title>Pol\u00edtica de privacidad - Entroidos del Oriente Ourensano<\/title>\n<meta name=\"robots\" content=\"noindex, nofollow\" \/>\n<meta property=\"og:locale\" content=\"gl_ES\" \/>\n<meta property=\"og:type\" content=\"article\" \/>\n<meta property=\"og:title\" content=\"Pol\u00edtica de privacidad - Entroidos del Oriente Ourensano\" \/>\n<meta property=\"og:description\" content=\"El presente sitio web tiene como finalidad ofrecer informaci\u00f3n y servicios p\u00fablicos de los ayuntamientos titulares. No se recopilan datos personales de los usuarios a trav\u00e9s de este sitio web. 1. USO DE COOKIES Este sitio web \u00fanicamente utiliza cookies t\u00e9cnicas necesarias para su funcionamiento, que no permiten identificar al usuario. No se emplean cookies [&hellip;]\" \/>\n<meta property=\"og:url\" content=\"https:\/\/entroidosdelorienteourensano.gal\/gl\/politica-privacidad\/\" \/>\n<meta property=\"og:site_name\" content=\"Entroidos del Oriente Ourensano\" \/>\n<meta property=\"article:publisher\" content=\"https:\/\/www.facebook.com\/profile.php?id=61569683189629\" \/>\n<meta property=\"article:modified_time\" content=\"2025-02-21T12:42:20+00:00\" \/>\n<meta property=\"og:image\" content=\"https:\/\/entroidosdelorienteourensano.gal\/wp-content\/uploads\/2024\/12\/Galeria-Viana-1.jpg\" \/>\n\t<meta property=\"og:image:width\" content=\"1200\" \/>\n\t<meta property=\"og:image:height\" content=\"800\" \/>\n\t<meta property=\"og:image:type\" content=\"image\/jpeg\" \/>\n<meta name=\"twitter:card\" content=\"summary_large_image\" \/>\n<meta name=\"twitter:site\" content=\"@Entroidos_Or_Ou\" \/>\n<meta name=\"twitter:label1\" content=\"Tempo de lectura\" \/>\n\t<meta name=\"twitter:data1\" content=\"1 minuto\" \/>\n<script type=\"application\/ld+json\" class=\"yoast-schema-graph\">{\"@context\":\"https:\/\/schema.org\",\"@graph\":[{\"@type\":\"WebPage\",\"@id\":\"https:\/\/entroidosdelorienteourensano.gal\/politica-privacidad\/\",\"url\":\"https:\/\/entroidosdelorienteourensano.gal\/politica-privacidad\/\",\"name\":\"Pol\u00edtica de privacidad - Entroidos del Oriente Ourensano\",\"isPartOf\":{\"@id\":\"https:\/\/entroidosdelorienteourensano.gal\/#website\"},\"datePublished\":\"2024-11-29T12:56:35+00:00\",\"dateModified\":\"2025-02-21T12:42:20+00:00\",\"breadcrumb\":{\"@id\":\"https:\/\/entroidosdelorienteourensano.gal\/politica-privacidad\/#breadcrumb\"},\"inLanguage\":\"gl-ES\",\"potentialAction\":[{\"@type\":\"ReadAction\",\"target\":[\"https:\/\/entroidosdelorienteourensano.gal\/politica-privacidad\/\"]}]},{\"@type\":\"BreadcrumbList\",\"@id\":\"https:\/\/entroidosdelorienteourensano.gal\/politica-privacidad\/#breadcrumb\",\"itemListElement\":[{\"@type\":\"ListItem\",\"position\":1,\"name\":\"Portada\",\"item\":\"https:\/\/entroidosdelorienteourensano.gal\/\"},{\"@type\":\"ListItem\",\"position\":2,\"name\":\"Pol\u00edtica de privacidad\"}]},{\"@type\":\"WebSite\",\"@id\":\"https:\/\/entroidosdelorienteourensano.gal\/#website\",\"url\":\"https:\/\/entroidosdelorienteourensano.gal\/\",\"name\":\"Entroidos del Oriente Ourensano\",\"description\":\"Vivir el Carnaval del Oriente Ourensano es un experiencia &uacute;nica. En Viana do Bolo, Manzaneda y Vilari&ntilde;o de Conso descubrir&aacute;s el aut&eacute;ntico esp&iacute;ritu del Entroido.\",\"publisher\":{\"@id\":\"https:\/\/entroidosdelorienteourensano.gal\/#organization\"},\"potentialAction\":[{\"@type\":\"SearchAction\",\"target\":{\"@type\":\"EntryPoint\",\"urlTemplate\":\"https:\/\/entroidosdelorienteourensano.gal\/?s={search_term_string}\"},\"query-input\":{\"@type\":\"PropertyValueSpecification\",\"valueRequired\":true,\"valueName\":\"search_term_string\"}}],\"inLanguage\":\"gl-ES\"},{\"@type\":\"Organization\",\"@id\":\"https:\/\/entroidosdelorienteourensano.gal\/#organization\",\"name\":\"Entroidos del Oriente Ourensano\",\"url\":\"https:\/\/entroidosdelorienteourensano.gal\/\",\"logo\":{\"@type\":\"ImageObject\",\"inLanguage\":\"gl-ES\",\"@id\":\"https:\/\/entroidosdelorienteourensano.gal\/#\/schema\/logo\/image\/\",\"url\":\"https:\/\/entroidosdelorienteourensano.gal\/wp-content\/uploads\/2024\/11\/Viana-boteiro.jpg\",\"contentUrl\":\"https:\/\/entroidosdelorienteourensano.gal\/wp-content\/uploads\/2024\/11\/Viana-boteiro.jpg\",\"width\":1920,\"height\":1441,\"caption\":\"Entroidos del Oriente Ourensano\"},\"image\":{\"@id\":\"https:\/\/entroidosdelorienteourensano.gal\/#\/schema\/logo\/image\/\"},\"sameAs\":[\"https:\/\/www.facebook.com\/profile.php?id=61569683189629\",\"https:\/\/x.com\/Entroidos_Or_Ou\",\"https:\/\/www.instagram.com\/Entroidos_Oriente_Ourensano\/\"]}]}<\/script>\n<!-- \/ Yoast SEO plugin. -->","yoast_head_json":{"title":"Pol\u00edtica de privacidad - Entroidos del Oriente Ourensano","robots":{"index":"noindex","follow":"nofollow"},"og_locale":"gl_ES","og_type":"article","og_title":"Pol\u00edtica de privacidad - Entroidos del Oriente Ourensano","og_description":"El presente sitio web tiene como finalidad ofrecer informaci\u00f3n y servicios p\u00fablicos de los ayuntamientos titulares. No se recopilan datos personales de los usuarios a trav\u00e9s de este sitio web. 1. USO DE COOKIES Este sitio web \u00fanicamente utiliza cookies t\u00e9cnicas necesarias para su funcionamiento, que no permiten identificar al usuario. No se emplean cookies [&hellip;]","og_url":"https:\/\/entroidosdelorienteourensano.gal\/gl\/politica-privacidad\/","og_site_name":"Entroidos del Oriente Ourensano","article_publisher":"https:\/\/www.facebook.com\/profile.php?id=61569683189629","article_modified_time":"2025-02-21T12:42:20+00:00","og_image":[{"width":1200,"height":800,"url":"https:\/\/entroidosdelorienteourensano.gal\/wp-content\/uploads\/2024\/12\/Galeria-Viana-1.jpg","type":"image\/jpeg"}],"twitter_card":"summary_large_image","twitter_site":"@Entroidos_Or_Ou","twitter_misc":{"Tempo de lectura":"1 minuto"},"schema":{"@context":"https:\/\/schema.org","@graph":[{"@type":"WebPage","@id":"https:\/\/entroidosdelorienteourensano.gal\/politica-privacidad\/","url":"https:\/\/entroidosdelorienteourensano.gal\/politica-privacidad\/","name":"Pol\u00edtica de privacidad - Entroidos del Oriente Ourensano","isPartOf":{"@id":"https:\/\/entroidosdelorienteourensano.gal\/#website"},"datePublished":"2024-11-29T12:56:35+00:00","dateModified":"2025-02-21T12:42:20+00:00","breadcrumb":{"@id":"https:\/\/entroidosdelorienteourensano.gal\/politica-privacidad\/#breadcrumb"},"inLanguage":"gl-ES","potentialAction":[{"@type":"ReadAction","target":["https:\/\/entroidosdelorienteourensano.gal\/politica-privacidad\/"]}]},{"@type":"BreadcrumbList","@id":"https:\/\/entroidosdelorienteourensano.gal\/politica-privacidad\/#breadcrumb","itemListElement":[{"@type":"ListItem","position":1,"name":"Portada","item":"https:\/\/entroidosdelorienteourensano.gal\/"},{"@type":"ListItem","position":2,"name":"Pol\u00edtica de privacidad"}]},{"@type":"WebSite","@id":"https:\/\/entroidosdelorienteourensano.gal\/#website","url":"https:\/\/entroidosdelorienteourensano.gal\/","name":"Entroidos del Oriente Ourensano","description":"Vivir el Carnaval del Oriente Ourensano es un experiencia &uacute;nica. En Viana do Bolo, Manzaneda y Vilari&ntilde;o de Conso descubrir&aacute;s el aut&eacute;ntico esp&iacute;ritu del Entroido.","publisher":{"@id":"https:\/\/entroidosdelorienteourensano.gal\/#organization"},"potentialAction":[{"@type":"SearchAction","target":{"@type":"EntryPoint","urlTemplate":"https:\/\/entroidosdelorienteourensano.gal\/?s={search_term_string}"},"query-input":{"@type":"PropertyValueSpecification","valueRequired":true,"valueName":"search_term_string"}}],"inLanguage":"gl-ES"},{"@type":"Organization","@id":"https:\/\/entroidosdelorienteourensano.gal\/#organization","name":"Entroidos del Oriente Ourensano","url":"https:\/\/entroidosdelorienteourensano.gal\/","logo":{"@type":"ImageObject","inLanguage":"gl-ES","@id":"https:\/\/entroidosdelorienteourensano.gal\/#\/schema\/logo\/image\/","url":"https:\/\/entroidosdelorienteourensano.gal\/wp-content\/uploads\/2024\/11\/Viana-boteiro.jpg","contentUrl":"https:\/\/entroidosdelorienteourensano.gal\/wp-content\/uploads\/2024\/11\/Viana-boteiro.jpg","width":1920,"height":1441,"caption":"Entroidos del Oriente Ourensano"},"image":{"@id":"https:\/\/entroidosdelorienteourensano.gal\/#\/schema\/logo\/image\/"},"sameAs":["https:\/\/www.facebook.com\/profile.php?id=61569683189629","https:\/\/x.com\/Entroidos_Or_Ou","https:\/\/www.instagram.com\/Entroidos_Oriente_Ourensano\/"]}]}},"_links":{"self":[{"href":"https:\/\/entroidosdelorienteourensano.gal\/gl\/wp-json\/wp\/v2\/pages\/3","targetHints":{"allow":["GET"]}}],"collection":[{"href":"https:\/\/entroidosdelorienteourensano.gal\/gl\/wp-json\/wp\/v2\/pages"}],"about":[{"href":"https:\/\/entroidosdelorienteourensano.gal\/gl\/wp-json\/wp\/v2\/types\/page"}],"author":[{"embeddable":true,"href":"https:\/\/entroidosdelorienteourensano.gal\/gl\/wp-json\/wp\/v2\/users\/1"}],"replies":[{"embeddable":true,"href":"https:\/\/entroidosdelorienteourensano.gal\/gl\/wp-json\/wp\/v2\/comments?post=3"}],"version-history":[{"count":5,"href":"https:\/\/entroidosdelorienteourensano.gal\/gl\/wp-json\/wp\/v2\/pages\/3\/revisions"}],"predecessor-version":[{"id":18265,"href":"https:\/\/entroidosdelorienteourensano.gal\/gl\/wp-json\/wp\/v2\/pages\/3\/revisions\/18265"}],"wp:attachment":[{"href":"https:\/\/entroidosdelorienteourensano.gal\/gl\/wp-json\/wp\/v2\/media?parent=3"}],"curies":[{"name":"wp","href":"https:\/\/api.w.org\/{rel}","templated":true}]}}